{"id":727716,"date":"2025-08-27T20:27:06","date_gmt":"2025-08-27T17:27:06","guid":{"rendered":"https:\/\/roveyayinevi.com.tr\/index.php\/urun\/dunyada-osmanli-tarihyazimi-i\/"},"modified":"2026-04-16T02:35:24","modified_gmt":"2026-04-15T23:35:24","slug":"dunyada-osmanli-tarihyazimi-i","status":"publish","type":"product","link":"https:\/\/roveyayinevi.com.tr\/index.php\/urun\/dunyada-osmanli-tarihyazimi-i\/","title":{"rendered":"D\u00fcnyada Osmanl\u0131 Tarihyaz\u0131m\u0131 &#8211; I"},"content":{"rendered":"<p>\u00c7ok de\u011fil, y\u00fcz y\u0131l kadar \u00f6nce T\u00fcrkiye\u2019de tarih\u00e7iler Osmanl\u0131 tarihinin yaz\u0131lmad\u0131\u011f\u0131n\u0131 iddia ediyorlard\u0131. Daha do\u011frusu bu iddialar Osmanl\u0131 tarihinin \u00e7a\u011fda\u015f y\u00f6ntemlerle yaz\u0131lmad\u0131\u011f\u0131 \u00fczerineydi. Hen\u00fcz modern tarih d\u00fc\u015f\u00fcncesi ve ara\u015ft\u0131rmalar\u0131n\u0131n ba\u015f\u0131nda olan tarih\u00e7ili\u011fimiz i\u00e7in her iki iddian\u0131n da do\u011fruluk pay\u0131 vard\u0131. Oysa bu durum kendilerinden \u00f6ncekiler taraf\u0131ndan da fark edilmi\u015fti. Hanedan tarihi ve vakan\u00fcvislerin yazd\u0131klar\u0131n\u0131n d\u0131\u015f\u0131nda Osmanl\u0131 tarihi farkl\u0131 cepheleriyle ele al\u0131nmam\u0131\u015ft\u0131. Osmanl\u0131 tarihini geni\u015f kaynak kullanarak b\u00fct\u00fcn\u00fcyle ele alan ilk \u00f6rne\u011fi yabanc\u0131lar verdiler. Joseph von Hammer-Purstgall bunlar\u0131n ba\u015f\u0131nda gelmektedir.   D\u00fcnyada T\u00fcrk tarih\u00e7ili\u011fi ba\u015fl\u0131\u011f\u0131 alt\u0131nda Osmanl\u0131 tarihi ara\u015ft\u0131rmalar\u0131n\u0131n yan\u0131s\u0131ra T\u00fcrk tarihinin di\u011fer safhalar\u0131n\u0131 i\u00e7eren kayda de\u011fer yay\u0131nlar yap\u0131lm\u0131\u015ft\u0131r. Bu \u00e7al\u0131\u015fman\u0131n ilgi oda\u011f\u0131 do\u011frudan Osmanl\u0131 tarihyaz\u0131m\u0131 olarak se\u00e7ildi. Sorular\u0131m\u0131z Osmanl\u0131 ara\u015ft\u0131rmalar\u0131n\u0131n y\u00fcr\u00fct\u00fcld\u00fc\u011f\u00fc \u00fclkelerde Osmanl\u0131 tarihine ilginin ba\u015flamas\u0131, y\u00fckseli\u015fi, d\u00fc\u015f\u00fc\u015f\u00fc veya Osmanl\u0131 tarihinin bir par\u00e7as\u0131 olmas\u0131na ra\u011fmen baz\u0131 \u00fclkelerde yeterli ilgiyi neden g\u00f6rmedi\u011fi \u00fczerinde \u015fekillendi. Do\u011fu Avrupa, Balkanlar, Kafkaslar, Ortado\u011fu, Kuzey Afrika \u00fclkeleri Osmanl\u0131 Devleti ile i\u00e7 i\u00e7e ge\u00e7en tarihlerine ra\u011fmen bir\u00e7o\u011funun tarih ara\u015ft\u0131rmalar\u0131nda Osmanl\u0131 Tarihi kayda de\u011fer bir yere sahip de\u011fildir. Bu \u00e7al\u0131\u015fmada bunun nedenlerinin yan\u0131s\u0131ra d\u00fcnyadaki \u00e7e\u015fitli \u00fclkelerin Osmanl\u0131 Tarihini nas\u0131l bir perspektifte ald\u0131klar\u0131 ortaya konulacakt\u0131r. Bu ilk ciltte Rusya, Fransa, Almanya, Avusturya, Macaristan, Hollanda, \u0130talya, Yunanistan, \u0130sve\u00e7, Bulgaristan ve Arap \u00fclkeleri odak noktas\u0131 k\u0131l\u0131narak bu soru yan\u0131tlanmaya \u00e7al\u0131\u015f\u0131lm\u0131\u015ft\u0131r. <\/p>\n","protected":false},"excerpt":{"rendered":"<p>\u00c7ok de\u011fil, y\u00fcz y\u0131l kadar \u00f6nce T\u00fcrkiye\u2019de tarih\u00e7iler Osmanl\u0131 tarihinin yaz\u0131lmad\u0131\u011f\u0131n\u0131 iddia ediyorlard\u0131. Daha do\u011frusu bu iddialar Osmanl\u0131 tarihinin \u00e7a\u011fda\u015f y\u00f6ntemlerle yaz\u0131lmad\u0131\u011f\u0131 \u00fczerineydi. Hen\u00fcz modern tarih<span class=\"excerpt-hellip\"> [\u2026]<\/span><\/p>\n","protected":false},"featured_media":0,"template":"","meta":{"_monsterinsights_skip_tracking":false,"_monsterinsights_sitenote_active":false,"_monsterinsights_sitenote_note":"","_monsterinsights_sitenote_category":0},"product_brand":[],"product_cat":[13517,12304],"product_tag":[],"class_list":{"0":"post-727716","1":"product","2":"type-product","3":"status-publish","5":"product_cat-osmanli-tarihi","6":"product_cat-tarih","7":"pa_cilt-ciltsiz","8":"pa_tur-kitap","9":"pa_yayinevi-dogu-bati-yayinlari","10":"pa_yazar-dogu-bati-yayinlari-kolektif","12":"first","13":"instock","14":"sale","15":"shipping-taxable","16":"purchasable","17":"product-type-simple"},"_links":{"self":[{"href":"https:\/\/roveyayinevi.com.tr\/index.php\/wp-json\/wp\/v2\/product\/727716","targetHints":{"allow":["GET"]}}],"collection":[{"href":"https:\/\/roveyayinevi.com.tr\/index.php\/wp-json\/wp\/v2\/product"}],"about":[{"href":"https:\/\/roveyayinevi.com.tr\/index.php\/wp-json\/wp\/v2\/types\/product"}],"wp:attachment":[{"href":"https:\/\/roveyayinevi.com.tr\/index.php\/wp-json\/wp\/v2\/media?parent=727716"}],"wp:term":[{"taxonomy":"product_brand","embeddable":true,"href":"https:\/\/roveyayinevi.com.tr\/index.php\/wp-json\/wp\/v2\/product_brand?post=727716"},{"taxonomy":"product_cat","embeddable":true,"href":"https:\/\/roveyayinevi.com.tr\/index.php\/wp-json\/wp\/v2\/product_cat?post=727716"},{"taxonomy":"product_tag","embeddable":true,"href":"https:\/\/roveyayinevi.com.tr\/index.php\/wp-json\/wp\/v2\/product_tag?post=727716"}],"curies":[{"name":"wp","href":"https:\/\/api.w.org\/{rel}","templated":true}]}}