{"id":727586,"date":"2025-08-27T20:24:34","date_gmt":"2025-08-27T17:24:34","guid":{"rendered":"https:\/\/roveyayinevi.com.tr\/index.php\/urun\/martin-heidegger-varligin-patikalari\/"},"modified":"2026-04-16T02:35:22","modified_gmt":"2026-04-15T23:35:22","slug":"martin-heidegger-varligin-patikalari","status":"publish","type":"product","link":"https:\/\/roveyayinevi.com.tr\/index.php\/urun\/martin-heidegger-varligin-patikalari\/","title":{"rendered":"Martin Heidegger &#8211; Varl\u0131\u011f\u0131n Patikalar\u0131"},"content":{"rendered":"<p>Felsefe klasik anlam\u0131yla \u00e7oktan tamamlanm\u0131\u015f bir projedir. Dolay\u0131s\u0131yla felsefenin t\u00fcm\u00fcyle radikal bir ba\u015flang\u0131ca ihtiyac\u0131 vard\u0131r.  Heidegger\u2019e g\u00f6re felsefenin \u00f6z\u00fcnde meydana gelen bu yalpalama, temelde \u2018Varl\u0131\u011f\u0131n unutulu\u015fu\u2019yla ilgilidir. \u00d6yleyse yap\u0131lmas\u0131 gereken, hen\u00fcz ser\u00fcveninin ba\u015f\u0131nda Platon\u2019la birlikte \u2018unutulan\u2019 Varl\u0131\u011f\u0131 a\u00e7\u0131\u011fa \u00e7\u0131karmak ve onu \u2018d\u00fc\u015f\u00fcnme\u2019ye geri kazand\u0131rmakt\u0131r. Heidegger\u2019in deyi\u015fiyle \u201cD\u00fc\u015f\u00fcnme art\u0131k yeni bir patikaya girmelidir.\u201d Bu kitap, felsefenin ve d\u00fc\u015f\u00fcnmenin tek bir olana\u011fa mahk\u00fbm olmad\u0131\u011f\u0131n\u0131, her insanla birlikte farkl\u0131 ba\u015flang\u0131\u00e7lara sahip olabilece\u011fini g\u00f6sterme iste\u011findedir. Y\u00fcr\u00fcnebilecek yeni Varl\u0131k patikalar\u0131n\u0131 ayd\u0131nlatmak, her okuyucuda kendi ba\u015flang\u0131c\u0131n\u0131 ger\u00e7ekle\u015ftirme olana\u011f\u0131na katk\u0131 sunmak, kitab\u0131n en b\u00fcy\u00fck amac\u0131d\u0131r.<\/p>\n","protected":false},"excerpt":{"rendered":"<p>Felsefe klasik anlam\u0131yla \u00e7oktan tamamlanm\u0131\u015f bir projedir. Dolay\u0131s\u0131yla felsefenin t\u00fcm\u00fcyle radikal bir ba\u015flang\u0131ca ihtiyac\u0131 vard\u0131r. Heidegger\u2019e g\u00f6re felsefenin \u00f6z\u00fcnde meydana gelen bu yalpalama, temelde \u2018Varl\u0131\u011f\u0131n unutulu\u015fu\u2019yla<span class=\"excerpt-hellip\"> [\u2026]<\/span><\/p>\n","protected":false},"featured_media":0,"template":"","meta":{"_monsterinsights_skip_tracking":false,"_monsterinsights_sitenote_active":false,"_monsterinsights_sitenote_note":"","_monsterinsights_sitenote_category":0},"product_brand":[],"product_cat":[20351,12388],"product_tag":[],"class_list":{"0":"post-727586","1":"product","2":"type-product","3":"status-publish","5":"product_cat-dusunce","6":"product_cat-felsefe","7":"pa_cilt-ciltsiz","8":"pa_tur-kitap","9":"pa_yayinevi-fol-kitap","10":"pa_yazar-adnan-esenyel","12":"first","13":"instock","14":"sale","15":"shipping-taxable","16":"purchasable","17":"product-type-simple"},"_links":{"self":[{"href":"https:\/\/roveyayinevi.com.tr\/index.php\/wp-json\/wp\/v2\/product\/727586","targetHints":{"allow":["GET"]}}],"collection":[{"href":"https:\/\/roveyayinevi.com.tr\/index.php\/wp-json\/wp\/v2\/product"}],"about":[{"href":"https:\/\/roveyayinevi.com.tr\/index.php\/wp-json\/wp\/v2\/types\/product"}],"wp:attachment":[{"href":"https:\/\/roveyayinevi.com.tr\/index.php\/wp-json\/wp\/v2\/media?parent=727586"}],"wp:term":[{"taxonomy":"product_brand","embeddable":true,"href":"https:\/\/roveyayinevi.com.tr\/index.php\/wp-json\/wp\/v2\/product_brand?post=727586"},{"taxonomy":"product_cat","embeddable":true,"href":"https:\/\/roveyayinevi.com.tr\/index.php\/wp-json\/wp\/v2\/product_cat?post=727586"},{"taxonomy":"product_tag","embeddable":true,"href":"https:\/\/roveyayinevi.com.tr\/index.php\/wp-json\/wp\/v2\/product_tag?post=727586"}],"curies":[{"name":"wp","href":"https:\/\/api.w.org\/{rel}","templated":true}]}}