{"id":727571,"date":"2025-08-27T20:24:21","date_gmt":"2025-08-27T17:24:21","guid":{"rendered":"https:\/\/roveyayinevi.com.tr\/index.php\/urun\/ittihat-ve-terakki-isyankar-doganlar\/"},"modified":"2026-04-13T02:43:50","modified_gmt":"2026-04-12T23:43:50","slug":"ittihat-ve-terakki-isyankar-doganlar","status":"publish","type":"product","link":"https:\/\/roveyayinevi.com.tr\/index.php\/urun\/ittihat-ve-terakki-isyankar-doganlar\/","title":{"rendered":"\u0130ttihat ve Terakki \u0130syankar Do\u011fanlar"},"content":{"rendered":"<p>J\u00f6n T\u00fcrkler ve \u0130ttihat\u00e7\u0131lar kimlerdi? \u0130ttihat ve Terakki bir ihtilal \u00f6rg\u00fct\u00fc m\u00fcyd\u00fc? \u0130ttihat ve Terakki\u2019nin bir ideolojisi var m\u0131yd\u0131? \u0130ttihat\u00e7\u0131lar, T\u00fcrk\u00e7\u00fc m\u00fcyd\u00fc? Hangi geli\u015fmeler \u0130ttihat ve Terakki\u2019yi iktidara getirdi? Balkan Sava\u015f\u0131\u2019ndaki bozgun ve g\u00f6\u00e7 facias\u0131n\u0131n sebepleri nelerdi? 31 Mart ayaklanmas\u0131 \u0130ttihat ve Terakki\u2019ye tepki miydi? Balkan komitac\u0131l\u0131\u011f\u0131 nedir?  Te\u015fkilat-\u0131 Mahsusa yasal bir \u00f6rg\u00fct m\u00fcyd\u00fc? Yedi y\u0131lda; \u00fc\u00e7 sava\u015f, bir seri ihtilal,  darbe ve ayaklanma, toplumu nas\u0131l etkiledi? S\u0131n\u0131rs\u0131z cesaretleri ve m\u00fcthi\u015f atakl\u0131klar\u0131yla  bir d\u00f6neme m\u00fch\u00fcr vuran silah\u015forlar, birer ser\u00fcvenci mi,  yoksa delilik derecesinde vatanseverler miydi? J\u00f6n T\u00fcrk hareketinin \u00f6nc\u00fclerinden, yazar, \u015fair ve Osmanl\u0131 \u0130mparatorlu\u011fu\u2019nda, 19. y\u00fczy\u0131l\u0131n en \u00f6nemli devlet adamlar\u0131ndan birisi olan Ziya Pa\u015fa\u2019n\u0131n: \u201cKalk\u0131n ey fel\u00e2h-\u0131 vatan dediler, kalkt\u0131k. Herkes oturdu biz ayakta kald\u0131k&#8230;\u201d Dizeleri, kendilerinden sonra gelenler i\u00e7in de ge\u00e7erli mi? Cumhuriyeti iyi anlayabilmek i\u00e7in 1908-1918 d\u00f6nemine bakmak gerekiyor&#8230; <\/p>\n","protected":false},"excerpt":{"rendered":"<p>J\u00f6n T\u00fcrkler ve \u0130ttihat\u00e7\u0131lar kimlerdi? \u0130ttihat ve Terakki bir ihtilal \u00f6rg\u00fct\u00fc m\u00fcyd\u00fc? \u0130ttihat ve Terakki\u2019nin bir ideolojisi var m\u0131yd\u0131? \u0130ttihat\u00e7\u0131lar, T\u00fcrk\u00e7\u00fc m\u00fcyd\u00fc? Hangi geli\u015fmeler \u0130ttihat ve<span class=\"excerpt-hellip\"> [\u2026]<\/span><\/p>\n","protected":false},"featured_media":0,"template":"","meta":{"_monsterinsights_skip_tracking":false,"_monsterinsights_sitenote_active":false,"_monsterinsights_sitenote_note":"","_monsterinsights_sitenote_category":0},"product_brand":[],"product_cat":[13517,12304],"product_tag":[],"class_list":{"0":"post-727571","1":"product","2":"type-product","3":"status-publish","5":"product_cat-osmanli-tarihi","6":"product_cat-tarih","7":"pa_cilt-ciltsiz","8":"pa_tur-kitap","9":"pa_yayinevi-inkilap-kitabevi","10":"pa_yazar-osman-pamukoglu","12":"first","13":"instock","14":"sale","15":"shipping-taxable","16":"purchasable","17":"product-type-simple"},"_links":{"self":[{"href":"https:\/\/roveyayinevi.com.tr\/index.php\/wp-json\/wp\/v2\/product\/727571","targetHints":{"allow":["GET"]}}],"collection":[{"href":"https:\/\/roveyayinevi.com.tr\/index.php\/wp-json\/wp\/v2\/product"}],"about":[{"href":"https:\/\/roveyayinevi.com.tr\/index.php\/wp-json\/wp\/v2\/types\/product"}],"wp:attachment":[{"href":"https:\/\/roveyayinevi.com.tr\/index.php\/wp-json\/wp\/v2\/media?parent=727571"}],"wp:term":[{"taxonomy":"product_brand","embeddable":true,"href":"https:\/\/roveyayinevi.com.tr\/index.php\/wp-json\/wp\/v2\/product_brand?post=727571"},{"taxonomy":"product_cat","embeddable":true,"href":"https:\/\/roveyayinevi.com.tr\/index.php\/wp-json\/wp\/v2\/product_cat?post=727571"},{"taxonomy":"product_tag","embeddable":true,"href":"https:\/\/roveyayinevi.com.tr\/index.php\/wp-json\/wp\/v2\/product_tag?post=727571"}],"curies":[{"name":"wp","href":"https:\/\/api.w.org\/{rel}","templated":true}]}}