{"id":727510,"date":"2025-08-27T20:23:24","date_gmt":"2025-08-27T17:23:24","guid":{"rendered":"https:\/\/roveyayinevi.com.tr\/index.php\/urun\/anilar-2\/"},"modified":"2026-04-16T02:35:20","modified_gmt":"2026-04-15T23:35:20","slug":"anilar-2","status":"publish","type":"product","link":"https:\/\/roveyayinevi.com.tr\/index.php\/urun\/anilar-2\/","title":{"rendered":"An\u0131lar"},"content":{"rendered":"<p>\u0130zmir Milletvekili S\u00fcleyman Gen\u00e7, Grup&#8217;ta Yapt\u0131\u011f\u0131 konu\u015fmada, Ecevit&#8217;i ve parti y\u00f6netimini, Hitler&#8217;e kar\u015f\u0131 boyun e\u011fen rahibe benzeterek, &#8220;Hitler her g\u00fcn benlirce kom\u00fcnisti, Yahudi&#8217;yi, sendikac\u0131y\u0131 tutuklay\u0131p katlederken bu rahip (onlar\u0131n hi\u00e7birinden de\u011filim) diyerek sessiz kal\u0131yor ama sonunda yakas\u0131n\u0131 kurtaram\u0131yor, onu da g\u00f6t\u00fcr\u00fcyorlar. Tehlike \u00e7anlar\u0131, yaln\u0131z bizim d\u0131\u015f\u0131m\u0131zdaki solun kap\u0131s\u0131n\u0131 de\u011fil, bizim de kap\u0131m\u0131z\u0131 \u00e7al\u0131yor. Genel Ba\u015fkan, parti y\u00f6netimi niye susuyor? Sesini \u00e7\u0131karmak i\u00e7in, Alman rahip gibi, bizim de g\u00f6t\u00fcr\u00fclmemizi mi bekliyorsunuz? O zaman isteseniz de sesiniz \u00e7\u0131kmayacakt\u0131r.&#8221; dedi.<\/p>\n","protected":false},"excerpt":{"rendered":"<p>\u0130zmir Milletvekili S\u00fcleyman Gen\u00e7, Grup&#8217;ta Yapt\u0131\u011f\u0131 konu\u015fmada, Ecevit&#8217;i ve parti y\u00f6netimini, Hitler&#8217;e kar\u015f\u0131 boyun e\u011fen rahibe benzeterek, &#8220;Hitler her g\u00fcn benlirce kom\u00fcnisti, Yahudi&#8217;yi, sendikac\u0131y\u0131 tutuklay\u0131p katlederken<span class=\"excerpt-hellip\"> [\u2026]<\/span><\/p>\n","protected":false},"featured_media":0,"template":"","meta":{"_monsterinsights_skip_tracking":false,"_monsterinsights_sitenote_active":false,"_monsterinsights_sitenote_note":"","_monsterinsights_sitenote_category":0},"product_brand":[],"product_cat":[13701,12291],"product_tag":[],"class_list":{"0":"post-727510","1":"product","2":"type-product","3":"status-publish","5":"product_cat-ani-mektup-gunluk","6":"product_cat-edebiyat","7":"pa_cilt-ciltsiz","8":"pa_tur-kitap","9":"pa_yayinevi-alp-yayinevi","10":"pa_yazar-suleyman-genc","12":"first","13":"instock","14":"sale","15":"shipping-taxable","16":"purchasable","17":"product-type-simple"},"_links":{"self":[{"href":"https:\/\/roveyayinevi.com.tr\/index.php\/wp-json\/wp\/v2\/product\/727510","targetHints":{"allow":["GET"]}}],"collection":[{"href":"https:\/\/roveyayinevi.com.tr\/index.php\/wp-json\/wp\/v2\/product"}],"about":[{"href":"https:\/\/roveyayinevi.com.tr\/index.php\/wp-json\/wp\/v2\/types\/product"}],"wp:attachment":[{"href":"https:\/\/roveyayinevi.com.tr\/index.php\/wp-json\/wp\/v2\/media?parent=727510"}],"wp:term":[{"taxonomy":"product_brand","embeddable":true,"href":"https:\/\/roveyayinevi.com.tr\/index.php\/wp-json\/wp\/v2\/product_brand?post=727510"},{"taxonomy":"product_cat","embeddable":true,"href":"https:\/\/roveyayinevi.com.tr\/index.php\/wp-json\/wp\/v2\/product_cat?post=727510"},{"taxonomy":"product_tag","embeddable":true,"href":"https:\/\/roveyayinevi.com.tr\/index.php\/wp-json\/wp\/v2\/product_tag?post=727510"}],"curies":[{"name":"wp","href":"https:\/\/api.w.org\/{rel}","templated":true}]}}