{"id":727393,"date":"2025-08-27T20:21:25","date_gmt":"2025-08-27T17:21:25","guid":{"rendered":"https:\/\/roveyayinevi.com.tr\/index.php\/urun\/dijital-isgucu-platformlari-ve-istihdamin-gelecegi\/"},"modified":"2026-04-16T02:35:17","modified_gmt":"2026-04-15T23:35:17","slug":"dijital-isgucu-platformlari-ve-istihdamin-gelecegi","status":"publish","type":"product","link":"https:\/\/roveyayinevi.com.tr\/index.php\/urun\/dijital-isgucu-platformlari-ve-istihdamin-gelecegi\/","title":{"rendered":"Dijital \u0130\u015fg\u00fcc\u00fc Platformlar\u0131 ve \u0130stihdam\u0131n Gelece\u011fi"},"content":{"rendered":"<p>\u00c7evrimi\u00e7i dijital \u00e7al\u0131\u015fma platformlar\u0131n\u0131n ortaya \u00e7\u0131k\u0131\u015f\u0131, son on y\u0131lda \u00e7al\u0131\u015fma d\u00fcnyas\u0131n\u0131n en \u00f6nemli d\u00f6n\u00fc\u015f\u00fcmlerinden biri olmu\u015ftur. Bu rapor web tabanl\u0131 platformlara odaklanmaktad\u0131r; g\u00f6revler co\u011frafi olarak da\u011f\u0131lm\u0131\u015f olan b\u00fcy\u00fck, esnek bir i\u015fg\u00fcc\u00fcne (\u201ci\u015f toplulu\u011fu\u201d) yap\u0131lan a\u00e7\u0131k \u00e7a\u011fr\u0131 yoluyla i\u015fletmeler ve di\u011fer m\u00fc\u015fteriler taraf\u0131ndan d\u0131\u015f kaynakl\u0131 olarak tedarik edilebilir. Rapor, k\u00fcresel olarak faaliyet g\u00f6steren be\u015f b\u00fcy\u00fck mikro g\u00f6rev platformundaki \u00e7al\u0131\u015fma ko\u015fullar\u0131n\u0131n ilk kar\u015f\u0131la\u015ft\u0131rmal\u0131 analizlerinden birini sunmaktad\u0131r. D\u00fcnyadaki 75 \u00fclkede ya\u015fayan 3.500 i\u015f\u00e7iyi kapsayan bir ILO ara\u015ft\u0131rmas\u0131na ve di\u011fer nitel ara\u015ft\u0131rmalara dayanmaktad\u0131r. \u0130\u015f toplulu\u011fu i\u015f\u00e7ilerinin \u00f6zelliklerini, yapt\u0131klar\u0131 i\u015f t\u00fcr\u00fcn\u00fc ve bu \u00e7al\u0131\u015fmaya y\u00f6nelik motivasyonlar\u0131n\u0131 ve alg\u0131lar\u0131n\u0131 belgelemekte; K\u00fcresel Kuzey ve K\u00fcresel G\u00fcney\u2019deki i\u015f\u00e7iler aras\u0131ndaki ortak ve farkl\u0131 y\u00f6nleri bulgulamaktad\u0131r. Rapor, \u00fccret oranlar\u0131n\u0131, i\u015f uygunlu\u011funu, i\u015f yo\u011funlu\u011funu, reddedi\u015fler ve \u00f6deme yap\u0131lmamas\u0131n\u0131, \u00e7al\u0131\u015fanlar\u0131n m\u00fc\u015fteriler ve platform operat\u00f6rleriyle ileti\u015fimini, sosyal koruma kapsam\u0131n\u0131, gelecekteki kariyer geli\u015fimi i\u00e7in umutlar\u0131, i\u015f-aile-ya\u015fam dengesini ve \u00e7al\u0131\u015fanlar\u0131n beklentilerini i\u00e7eren mikro g\u00f6rev platformlar\u0131ndaki \u00e7al\u0131\u015fma ko\u015fullar\u0131n\u0131 analiz eder. Rapor, dijital \u00e7al\u0131\u015fma platformlar\u0131n\u0131n bir dizi f\u0131rsat sundu\u011fu, fakat baz\u0131 dezavantajlar\u0131n\u0131n da oldu\u011funu g\u00f6stermektedir. Bu ba\u011flamda, rapor, IG Metall taraf\u0131ndan ba\u015flat\u0131lan kitle kaynak davran\u0131\u015f kurallar\u0131 ve \u00e7al\u0131\u015fma ko\u015fullar\u0131n\u0131 iyile\u015ftirmek i\u00e7in Alman kitle kaynak platformlar\u0131 da d\u00e2hil olmak \u00fczere ortaya konan farkl\u0131 giri\u015fimleri g\u00f6zden ge\u00e7irmektedir. Rapor, dijital \u00e7al\u0131\u015fma platformlar\u0131nda iyi \u00e7al\u0131\u015fma ko\u015fullar\u0131 sa\u011flanmas\u0131 i\u00e7in 18 ilke \u00f6nermektedir.<\/p>\n","protected":false},"excerpt":{"rendered":"<p>\u00c7evrimi\u00e7i dijital \u00e7al\u0131\u015fma platformlar\u0131n\u0131n ortaya \u00e7\u0131k\u0131\u015f\u0131, son on y\u0131lda \u00e7al\u0131\u015fma d\u00fcnyas\u0131n\u0131n en \u00f6nemli d\u00f6n\u00fc\u015f\u00fcmlerinden biri olmu\u015ftur. Bu rapor web tabanl\u0131 platformlara odaklanmaktad\u0131r; g\u00f6revler co\u011frafi olarak da\u011f\u0131lm\u0131\u015f<span class=\"excerpt-hellip\"> [\u2026]<\/span><\/p>\n","protected":false},"featured_media":0,"template":"","meta":{"_monsterinsights_skip_tracking":false,"_monsterinsights_sitenote_active":false,"_monsterinsights_sitenote_note":"","_monsterinsights_sitenote_category":0},"product_brand":[],"product_cat":[13043,17647],"product_tag":[],"class_list":{"0":"post-727393","1":"product","2":"type-product","3":"status-publish","5":"product_cat-ekonomi","6":"product_cat-is-dunyasi","7":"pa_cilt-ciltsiz","8":"pa_tur-kitap","9":"pa_yayinevi-efil-yayinevi","10":"pa_yazar-efil-yayinevi-kolektif","12":"first","13":"instock","14":"sale","15":"shipping-taxable","16":"purchasable","17":"product-type-simple"},"_links":{"self":[{"href":"https:\/\/roveyayinevi.com.tr\/index.php\/wp-json\/wp\/v2\/product\/727393","targetHints":{"allow":["GET"]}}],"collection":[{"href":"https:\/\/roveyayinevi.com.tr\/index.php\/wp-json\/wp\/v2\/product"}],"about":[{"href":"https:\/\/roveyayinevi.com.tr\/index.php\/wp-json\/wp\/v2\/types\/product"}],"wp:attachment":[{"href":"https:\/\/roveyayinevi.com.tr\/index.php\/wp-json\/wp\/v2\/media?parent=727393"}],"wp:term":[{"taxonomy":"product_brand","embeddable":true,"href":"https:\/\/roveyayinevi.com.tr\/index.php\/wp-json\/wp\/v2\/product_brand?post=727393"},{"taxonomy":"product_cat","embeddable":true,"href":"https:\/\/roveyayinevi.com.tr\/index.php\/wp-json\/wp\/v2\/product_cat?post=727393"},{"taxonomy":"product_tag","embeddable":true,"href":"https:\/\/roveyayinevi.com.tr\/index.php\/wp-json\/wp\/v2\/product_tag?post=727393"}],"curies":[{"name":"wp","href":"https:\/\/api.w.org\/{rel}","templated":true}]}}