{"id":727363,"date":"2025-08-27T20:20:57","date_gmt":"2025-08-27T17:20:57","guid":{"rendered":"https:\/\/roveyayinevi.com.tr\/index.php\/urun\/bir-pencere-iki-manzara\/"},"modified":"2026-04-16T02:35:16","modified_gmt":"2026-04-15T23:35:16","slug":"bir-pencere-iki-manzara","status":"publish","type":"product","link":"https:\/\/roveyayinevi.com.tr\/index.php\/urun\/bir-pencere-iki-manzara\/","title":{"rendered":"Bir Pencere \u0130ki Manzara"},"content":{"rendered":"<p>Tanin gazetesinde Osmanl\u0131 Devleti\u2019nin i\u00e7 ve d\u0131\u015f politikas\u0131 hakk\u0131nda kaleme ald\u0131\u011f\u0131 geni\u015f yaz\u0131 k\u00fclliyat\u0131n\u0131 iki cilt h\u00e2linde ne\u015fretti\u011fimiz Babanzade \u0130smail Hakk\u0131\u2019n\u0131n bu yaz\u0131 faaliyetine d\u00fc\u015f\u00fclm\u00fc\u015f hacimli bir dipnot say\u0131labilecek Bir Pencere \u0130ki Manzara, son devrin \u00f6nemli ayd\u0131nlar\u0131ndan birinin g\u00f6z\u00fcnden imparatorlu\u011fun pek \u00e7ok belirleyici hadisenin ger\u00e7ekle\u015fti\u011fi \u00e7alkant\u0131l\u0131 bir e\u015fi\u011finin i\u00e7 ve d\u0131\u015f siyasi geli\u015fmelerine dair -s\u00f6z konusu k\u00fclliyat\u0131 merkeze alarak- semereli ve net bir de\u011ferlendirme sunmak \u00fczere ortaya konulmu\u015ftur. Alt\u0131 b\u00f6l\u00fcmden olu\u015fan \u00e7al\u0131\u015fman\u0131n, \u0130smail Hakk\u0131 Bey\u2019in hayat\u0131n\u0131 ele alan ilk b\u00f6l\u00fcm\u00fcnden sonra \u0130kinci Me\u015frutiyet\u2019in ilan\u0131ndan Bosna-Hersek\u2019in Avusturya\u2019y\u0131 ilhak\u0131na, Arnavutluk hadiselerinden Amerikan se\u00e7imlerine, \u0130spanya\u2019daki anar\u015fist eylemlerden Fas krizine, Trablusgarp ve Balkan Sava\u015flar\u0131ndan Mebusan ve Ayan meclislerinin Kanunuesasi \u00e7er\u00e7evesinde de\u011ferlendirildi\u011fi ve \u0130smail Hakk\u0131 Bey\u2019in anayasa hukuk\u00e7ulu\u011fu rol\u00fcn\u00fc \u00f6ne \u00e7\u0131karan yaz\u0131lar\u0131n\u0131n ele al\u0131nd\u0131\u011f\u0131 be\u015f geni\u015f b\u00f6l\u00fcm, Faysal Mayak\u2019\u0131n \u00e7al\u0131\u015fmas\u0131n\u0131n Tanin Yaz\u0131lar\u0131 k\u00fclliyat\u0131n\u0131n yararl\u0131 ve \u00f6nemli bir eki olarak okunmas\u0131n\u0131 gerektirecek niteliktedir. Tanin Yaz\u0131lar\u0131 ve Bir Pencere \u0130ki Manzara ile birlikte 1908-1913 y\u0131llar\u0131n\u0131n en detayl\u0131 de\u011ferlendirmeleri, hem bu y\u0131llar\u0131n \u00f6nemli bir \u00e7a\u011fda\u015f\u0131n\u0131n kaleminden hem de onu kavray\u0131\u015fl\u0131 bir \u015fekilde ele alan analitik bir monografinin \u0131\u015f\u0131\u011f\u0131nda tarih literat\u00fcr\u00fcm\u00fcze kazand\u0131r\u0131lm\u0131\u015f olmaktad\u0131r.<\/p>\n","protected":false},"excerpt":{"rendered":"<p>Tanin gazetesinde Osmanl\u0131 Devleti\u2019nin i\u00e7 ve d\u0131\u015f politikas\u0131 hakk\u0131nda kaleme ald\u0131\u011f\u0131 geni\u015f yaz\u0131 k\u00fclliyat\u0131n\u0131 iki cilt h\u00e2linde ne\u015fretti\u011fimiz Babanzade \u0130smail Hakk\u0131\u2019n\u0131n bu yaz\u0131 faaliyetine d\u00fc\u015f\u00fclm\u00fc\u015f hacimli<span class=\"excerpt-hellip\"> [\u2026]<\/span><\/p>\n","protected":false},"featured_media":0,"template":"","meta":{"_monsterinsights_skip_tracking":false,"_monsterinsights_sitenote_active":false,"_monsterinsights_sitenote_note":"","_monsterinsights_sitenote_category":0},"product_brand":[],"product_cat":[12573,12566],"product_tag":[],"class_list":{"0":"post-727363","1":"product","2":"type-product","3":"status-publish","5":"product_cat-akademik-kitaplar","6":"product_cat-egitim","7":"pa_cilt-ciltsiz","8":"pa_tur-kitap","9":"pa_yayinevi-otuken-nesriyat","10":"pa_yazar-faysal-mayak","12":"first","13":"instock","14":"sale","15":"shipping-taxable","16":"purchasable","17":"product-type-simple"},"_links":{"self":[{"href":"https:\/\/roveyayinevi.com.tr\/index.php\/wp-json\/wp\/v2\/product\/727363","targetHints":{"allow":["GET"]}}],"collection":[{"href":"https:\/\/roveyayinevi.com.tr\/index.php\/wp-json\/wp\/v2\/product"}],"about":[{"href":"https:\/\/roveyayinevi.com.tr\/index.php\/wp-json\/wp\/v2\/types\/product"}],"wp:attachment":[{"href":"https:\/\/roveyayinevi.com.tr\/index.php\/wp-json\/wp\/v2\/media?parent=727363"}],"wp:term":[{"taxonomy":"product_brand","embeddable":true,"href":"https:\/\/roveyayinevi.com.tr\/index.php\/wp-json\/wp\/v2\/product_brand?post=727363"},{"taxonomy":"product_cat","embeddable":true,"href":"https:\/\/roveyayinevi.com.tr\/index.php\/wp-json\/wp\/v2\/product_cat?post=727363"},{"taxonomy":"product_tag","embeddable":true,"href":"https:\/\/roveyayinevi.com.tr\/index.php\/wp-json\/wp\/v2\/product_tag?post=727363"}],"curies":[{"name":"wp","href":"https:\/\/api.w.org\/{rel}","templated":true}]}}