{"id":727361,"date":"2025-08-27T20:20:56","date_gmt":"2025-08-27T17:20:56","guid":{"rendered":"https:\/\/roveyayinevi.com.tr\/index.php\/urun\/dusunce-yapimiz-ve-demokrasi-uzerine-notlar\/"},"modified":"2026-04-16T02:35:16","modified_gmt":"2026-04-15T23:35:16","slug":"dusunce-yapimiz-ve-demokrasi-uzerine-notlar","status":"publish","type":"product","link":"https:\/\/roveyayinevi.com.tr\/index.php\/urun\/dusunce-yapimiz-ve-demokrasi-uzerine-notlar\/","title":{"rendered":"D\u00fc\u015f\u00fcnce Yapimiz Ve Demokrasi \u00dczerine Notlar"},"content":{"rendered":"<p>\u00c7a\u011fda\u015f T\u00fcrkiye\u2019de demokratik d\u00fc\u015f\u00fcncenin geli\u015fimini anlamak, bilimsel d\u00fc\u015f\u00fcnce, \u00f6zg\u00fcrl\u00fck, demokrasi, kitle k\u00fclt\u00fcr\u00fc ve benzeri bir\u00e7ok kavram\u0131n tarihsel yolculu\u011funu ele\u015ftirel bir perspektifle yeninden ele almay\u0131 gerekir. O\u011fuz Adan\u0131r g\u00fcn\u00fcm\u00fcz T\u00fcrkiye toplumunu ve siyasal hayat\u0131 belirleyen d\u00fc\u015f\u00fcnce yap\u0131lar\u0131, duygu evrenleri ve siyasal davran\u0131\u015flar\u0131n \u00fczerine yazd\u0131\u011f\u0131 g\u00fcncel makalelerden olu\u015fan bu kitap k\u00fcresel ve yerel siyaseti g\u00fcndelik ya\u015famla bir arada d\u00fc\u015f\u00fcnmenin \u00f6nemini vurgularken \u2018\u2019Toplumsal de\u011fi\u015fim i\u00e7in neyi nas\u0131l yapmal\u0131?\u2019\u2019 sorusuna b\u00fct\u00fcnc\u00fcl yan\u0131tlar sunuyor. <\/p>\n","protected":false},"excerpt":{"rendered":"<p>\u00c7a\u011fda\u015f T\u00fcrkiye\u2019de demokratik d\u00fc\u015f\u00fcncenin geli\u015fimini anlamak, bilimsel d\u00fc\u015f\u00fcnce, \u00f6zg\u00fcrl\u00fck, demokrasi, kitle k\u00fclt\u00fcr\u00fc ve benzeri bir\u00e7ok kavram\u0131n tarihsel yolculu\u011funu ele\u015ftirel bir perspektifle yeninden ele almay\u0131 gerekir. O\u011fuz<span class=\"excerpt-hellip\"> [\u2026]<\/span><\/p>\n","protected":false},"featured_media":0,"template":"","meta":{"_monsterinsights_skip_tracking":false,"_monsterinsights_sitenote_active":false,"_monsterinsights_sitenote_note":"","_monsterinsights_sitenote_category":0},"product_brand":[],"product_cat":[12337,14706],"product_tag":[],"class_list":{"0":"post-727361","1":"product","2":"type-product","3":"status-publish","5":"product_cat-politika-siyaset","6":"product_cat-siyaset-bilimi","7":"pa_cilt-ciltsiz","8":"pa_tur-kitap","9":"pa_yayinevi-cem-yayinevi","10":"pa_yazar-oguz-adanir","12":"first","13":"instock","14":"sale","15":"shipping-taxable","16":"purchasable","17":"product-type-simple"},"_links":{"self":[{"href":"https:\/\/roveyayinevi.com.tr\/index.php\/wp-json\/wp\/v2\/product\/727361","targetHints":{"allow":["GET"]}}],"collection":[{"href":"https:\/\/roveyayinevi.com.tr\/index.php\/wp-json\/wp\/v2\/product"}],"about":[{"href":"https:\/\/roveyayinevi.com.tr\/index.php\/wp-json\/wp\/v2\/types\/product"}],"wp:attachment":[{"href":"https:\/\/roveyayinevi.com.tr\/index.php\/wp-json\/wp\/v2\/media?parent=727361"}],"wp:term":[{"taxonomy":"product_brand","embeddable":true,"href":"https:\/\/roveyayinevi.com.tr\/index.php\/wp-json\/wp\/v2\/product_brand?post=727361"},{"taxonomy":"product_cat","embeddable":true,"href":"https:\/\/roveyayinevi.com.tr\/index.php\/wp-json\/wp\/v2\/product_cat?post=727361"},{"taxonomy":"product_tag","embeddable":true,"href":"https:\/\/roveyayinevi.com.tr\/index.php\/wp-json\/wp\/v2\/product_tag?post=727361"}],"curies":[{"name":"wp","href":"https:\/\/api.w.org\/{rel}","templated":true}]}}