{"id":727252,"date":"2025-08-27T20:19:15","date_gmt":"2025-08-27T17:19:15","guid":{"rendered":"https:\/\/roveyayinevi.com.tr\/index.php\/urun\/cocuklar-icin-nutuk-3\/"},"modified":"2026-04-16T02:35:14","modified_gmt":"2026-04-15T23:35:14","slug":"cocuklar-icin-nutuk-3","status":"publish","type":"product","link":"https:\/\/roveyayinevi.com.tr\/index.php\/urun\/cocuklar-icin-nutuk-3\/","title":{"rendered":"\u00c7ocuklar \u0130\u00e7in Nutuk"},"content":{"rendered":"<p>&#8220;K\u00fc\u00e7\u00fck han\u0131mlar, k\u00fc\u00e7\u00fck beyler! Sizler hepiniz gelece\u011fin bir g\u00fcl\u00fc, y\u0131ld\u0131z\u0131 ve ikbal \u0131\u015f\u0131\u011f\u0131s\u0131n\u0131z. Memleketi as\u0131l \u0131\u015f\u0131\u011fa bo\u011facak olan sizsiniz. Kendinizin ne kadar \u00f6nemli, de\u011ferli oldu\u011funuzu d\u00fc\u015f\u00fcnerek ona g\u00f6re \u00e7al\u0131\u015f\u0131n\u0131z. Sizlerden \u00e7ok \u015fey bekliyoruz.&#8221;   Sevgili \u00c7ocuklar, Nutuk, siz gelecek nesillerin tarihimizi \u00f6\u011frenip gelece\u011fe daha g\u00fc\u00e7l\u00fc ilerlemeniz i\u00e7in Ulu \u00d6nder Mustafa Kemal Atat\u00fcrk\u2019\u00fcn size b\u0131rakt\u0131\u011f\u0131, ge\u00e7mi\u015f ve gelece\u011fe \u0131\u015f\u0131k tutan e\u015fsiz eserdir. \u00dclkemizin ve milletimizin devaml\u0131l\u0131\u011f\u0131 sizlere emanettir&#8230;<\/p>\n","protected":false},"excerpt":{"rendered":"<p>&#8220;K\u00fc\u00e7\u00fck han\u0131mlar, k\u00fc\u00e7\u00fck beyler! Sizler hepiniz gelece\u011fin bir g\u00fcl\u00fc, y\u0131ld\u0131z\u0131 ve ikbal \u0131\u015f\u0131\u011f\u0131s\u0131n\u0131z. Memleketi as\u0131l \u0131\u015f\u0131\u011fa bo\u011facak olan sizsiniz. Kendinizin ne kadar \u00f6nemli, de\u011ferli oldu\u011funuzu d\u00fc\u015f\u00fcnerek<span class=\"excerpt-hellip\"> [\u2026]<\/span><\/p>\n","protected":false},"featured_media":0,"template":"","meta":{"_monsterinsights_skip_tracking":false,"_monsterinsights_sitenote_active":false,"_monsterinsights_sitenote_note":"","_monsterinsights_sitenote_category":0},"product_brand":[],"product_cat":[14009,12291],"product_tag":[],"class_list":{"0":"post-727252","1":"product","2":"type-product","3":"status-publish","5":"product_cat-biyografi-otobiyografi-edebiyat","6":"product_cat-edebiyat","7":"pa_cilt-ciltsiz","8":"pa_tur-kitap","9":"pa_yayinevi-dokuz-yayinlari","10":"pa_yazar-mustafa-kemal-ataturk","12":"first","13":"instock","14":"sale","15":"shipping-taxable","16":"purchasable","17":"product-type-simple"},"_links":{"self":[{"href":"https:\/\/roveyayinevi.com.tr\/index.php\/wp-json\/wp\/v2\/product\/727252","targetHints":{"allow":["GET"]}}],"collection":[{"href":"https:\/\/roveyayinevi.com.tr\/index.php\/wp-json\/wp\/v2\/product"}],"about":[{"href":"https:\/\/roveyayinevi.com.tr\/index.php\/wp-json\/wp\/v2\/types\/product"}],"wp:attachment":[{"href":"https:\/\/roveyayinevi.com.tr\/index.php\/wp-json\/wp\/v2\/media?parent=727252"}],"wp:term":[{"taxonomy":"product_brand","embeddable":true,"href":"https:\/\/roveyayinevi.com.tr\/index.php\/wp-json\/wp\/v2\/product_brand?post=727252"},{"taxonomy":"product_cat","embeddable":true,"href":"https:\/\/roveyayinevi.com.tr\/index.php\/wp-json\/wp\/v2\/product_cat?post=727252"},{"taxonomy":"product_tag","embeddable":true,"href":"https:\/\/roveyayinevi.com.tr\/index.php\/wp-json\/wp\/v2\/product_tag?post=727252"}],"curies":[{"name":"wp","href":"https:\/\/api.w.org\/{rel}","templated":true}]}}