{"id":727204,"date":"2025-08-27T20:18:25","date_gmt":"2025-08-27T17:18:25","guid":{"rendered":"https:\/\/roveyayinevi.com.tr\/index.php\/urun\/mustafa-suphi\/"},"modified":"2025-12-30T10:34:09","modified_gmt":"2025-12-30T07:34:09","slug":"mustafa-suphi","status":"publish","type":"product","link":"https:\/\/roveyayinevi.com.tr\/index.php\/urun\/mustafa-suphi\/","title":{"rendered":"Mustafa Suphi"},"content":{"rendered":"<p>T\u00fcrkiye Kom\u00fcnist Partisi\u2019nin kurucu lideri Mustafa Suphi\u2019nin bir \u201c\u015fanl\u0131 tarihin\u201d kurban-kahraman\u0131 olarak mitle\u015ftirilmesine kar\u015f\u0131l\u0131k, fikirlerinin ve izledi\u011fi politikan\u0131n belleklerden silindi\u011fine, ona y\u00f6nelik karalama ve karartma \u00e7abas\u0131n\u0131n etkilerinin g\u00fcn\u00fcm\u00fcze kadar uzand\u0131\u011f\u0131na dikkat \u00e7eken Ahmet Kardam, bu kitapta Suphi\u2019nin ger\u00e7ek portresini \u00e7izmeye \u00e7al\u0131\u015f\u0131yor. Mustafa Suphi\u2019nin 1915 \u00f6ncesindeki \u201cmilliyet\u00e7ili\u011finin\u201d ve \u201cT\u00fcrk\u00e7\u00fcl\u00fc\u011f\u00fcn\u00fcn\u201d nas\u0131l bir i\u00e7eri\u011fi vard\u0131? Sovyet Rusyas\u0131\u2019nda, 1918 1920 aras\u0131ndaki \u00fc\u00e7 y\u0131ll\u0131k m\u00fccadelesi s\u0131ras\u0131nda sadece \u201cpropagandif nitelikte\u201d yaz\u0131lar m\u0131 yazm\u0131\u015ft\u0131, sadece bir \u201chareket adam\u0131\u201d m\u0131yd\u0131, yoksa geli\u015ftirdi\u011fi kendine \u00f6zg\u00fc g\u00f6r\u00fc\u015fleri var m\u0131yd\u0131? Bol\u015fevik Partisi y\u00f6netiminden hangi konularda farkl\u0131 g\u00f6r\u00fc\u015fler savunuyordu? Kom\u00fcnist Enternasyonal onun \u00f6rg\u00fctledi\u011fi TKP\u2019nin kurulu\u015f kongresini neden ge\u00e7ersiz sayd\u0131? Ankara h\u00fck\u00fcmetine ve Mustafa Kemal\u2019e bak\u0131\u015f\u0131 nas\u0131ld\u0131? T\u00fcrkiye\u2019de sosyalist devrimi nas\u0131l tasavvur ediyordu? Somut olarak neler yapm\u0131\u015f, nas\u0131l eylemi\u015fti? Sadece T\u00fcrkiye solunun de\u011fil, T\u00fcrkiye tarihinin \u00f6nemli bir \u015fahsiyeti hakk\u0131nda, canl\u0131 ve d\u00fc\u015f\u00fcnd\u00fcr\u00fcc\u00fc bir politik-entelekt\u00fcel biyografi. <\/p>\n","protected":false},"excerpt":{"rendered":"<p>T\u00fcrkiye Kom\u00fcnist Partisi\u2019nin kurucu lideri Mustafa Suphi\u2019nin bir \u201c\u015fanl\u0131 tarihin\u201d kurban-kahraman\u0131 olarak mitle\u015ftirilmesine kar\u015f\u0131l\u0131k, fikirlerinin ve izledi\u011fi politikan\u0131n belleklerden silindi\u011fine, ona y\u00f6nelik karalama ve karartma \u00e7abas\u0131n\u0131n<span class=\"excerpt-hellip\"> [\u2026]<\/span><\/p>\n","protected":false},"featured_media":0,"template":"","meta":{"_monsterinsights_skip_tracking":false,"_monsterinsights_sitenote_active":false,"_monsterinsights_sitenote_note":"","_monsterinsights_sitenote_category":0},"product_brand":[],"product_cat":[14009,12291],"product_tag":[],"class_list":{"0":"post-727204","1":"product","2":"type-product","3":"status-publish","5":"product_cat-biyografi-otobiyografi-edebiyat","6":"product_cat-edebiyat","7":"pa_cilt-ciltsiz","8":"pa_tur-kitap","9":"pa_yayinevi-iletisim-yayinlari","10":"pa_yazar-ahmet-kardam","12":"first","13":"instock","14":"sale","15":"shipping-taxable","16":"purchasable","17":"product-type-simple"},"_links":{"self":[{"href":"https:\/\/roveyayinevi.com.tr\/index.php\/wp-json\/wp\/v2\/product\/727204","targetHints":{"allow":["GET"]}}],"collection":[{"href":"https:\/\/roveyayinevi.com.tr\/index.php\/wp-json\/wp\/v2\/product"}],"about":[{"href":"https:\/\/roveyayinevi.com.tr\/index.php\/wp-json\/wp\/v2\/types\/product"}],"wp:attachment":[{"href":"https:\/\/roveyayinevi.com.tr\/index.php\/wp-json\/wp\/v2\/media?parent=727204"}],"wp:term":[{"taxonomy":"product_brand","embeddable":true,"href":"https:\/\/roveyayinevi.com.tr\/index.php\/wp-json\/wp\/v2\/product_brand?post=727204"},{"taxonomy":"product_cat","embeddable":true,"href":"https:\/\/roveyayinevi.com.tr\/index.php\/wp-json\/wp\/v2\/product_cat?post=727204"},{"taxonomy":"product_tag","embeddable":true,"href":"https:\/\/roveyayinevi.com.tr\/index.php\/wp-json\/wp\/v2\/product_tag?post=727204"}],"curies":[{"name":"wp","href":"https:\/\/api.w.org\/{rel}","templated":true}]}}