{"id":727198,"date":"2025-08-27T20:18:21","date_gmt":"2025-08-27T17:18:21","guid":{"rendered":"https:\/\/roveyayinevi.com.tr\/index.php\/urun\/avrupa-sarki-bilmez\/"},"modified":"2026-04-16T02:34:54","modified_gmt":"2026-04-15T23:34:54","slug":"avrupa-sarki-bilmez","status":"publish","type":"product","link":"https:\/\/roveyayinevi.com.tr\/index.php\/urun\/avrupa-sarki-bilmez\/","title":{"rendered":"Avrupa \u015eark&#8217;\u0131 Bilmez"},"content":{"rendered":"<p>Bu \u00f6nemli \u00e7al\u0131\u015fma \u015earkiyat\u00e7\u0131l\u0131\u011fa \u015fimdiye kadar yakla\u015f\u0131lmam\u0131\u015f bir a\u00e7\u0131dan bak\u0131yor: Edward Said ve di\u011fer \u00e7a\u011fda\u015f d\u00fc\u015f\u00fcn\u00fcrlerin Bat\u0131\u2019n\u0131n Do\u011fu\u2019ya yakla\u015f\u0131m\u0131n\u0131 ele\u015ftiren g\u00f6r\u00fc\u015flerini ele al\u0131yor ve Osmanl\u0131-T\u00fcrk ayd\u0131nlar\u0131n\u0131n onlardan \u00e7ok daha \u00f6nce, 19. y\u00fczy\u0131l sonlar\u0131ndan itibaren bu konudaki tespitlerini ortaya koyuyor. Avrupa \u015eark\u2019\u0131 Bilmez, \u015earkiyat\u00e7\u0131l\u0131\u011fa \u201c\u015eark\u201d\u0131n kendisinin verdi\u011fi cevaplar konusundaki kaynak eksikli\u011fini tamamlayan de\u011ferli bir kitap.Rashid KhalidiModern Arap Ara\u015ft\u0131rmalar\u0131 Edward Said Profes\u00f6r\u00fcColumbia \u00dcniversitesi Tarih B\u00f6l\u00fcm\u00fcAvrupa \u015eark\u2019\u0131 Bilmez, Zeynep \u00c7elik\u2019in uzman bak\u0131\u015f\u0131 ve bilgi birikimiyle bir araya getirilmi\u015f, gelecek ku\u015faklara yol g\u00f6sterecek bir giri\u015f yaz\u0131s\u0131yla a\u00e7\u0131lan \u00e7ok \u00f6nemli bir kitap. \u00c7elik\u2019in yap\u0131t\u0131 ge\u00e7 d\u00f6nem Osmanl\u0131lar\u0131n ayaklar\u0131 yere basan, entelekt\u00fcel, kozmopolit bir d\u00fcnyas\u0131n\u0131n oldu\u011funu, hem \u201cmodernite projeleri\u201dne kat\u0131ld\u0131klar\u0131n\u0131 hem de Avrupal\u0131 bilim insanlar\u0131n\u0131n \u201c\u015eark\u201d konusundaki varsay\u0131mlar\u0131n\u0131 keskin bir ele\u015ftirel g\u00f6zle de\u011ferlendirdiklerini g\u00f6steriyor. B\u00f6ylece 19. y\u00fczy\u0131l\u0131n \u015earkiyat\u00e7\u0131 kuramc\u0131lar\u0131na kar\u015f\u0131 \u00e7\u0131kt\u0131\u011f\u0131 gibi, \u015eark\u2019\u0131n kuramsal kurtulu\u015funu Avrupa-Amerika entelekt\u00fcel d\u00fc\u015f\u00fcncesinin evrenine yerle\u015ftiren baz\u0131 21. y\u00fczy\u0131l d\u00fc\u015f\u00fcn\u00fcrlerinin g\u00f6r\u00fc\u015flerini de sars\u0131yor.Jerrilyn DoddsHarlequin Adair Dammann \u0130slam Ara\u015ft\u0131rmalar\u0131 Profes\u00f6r\u00fcSarah Lawrence CollegeAvrupa \u015eark\u2019\u0131 Bilmez, \u00f6fkeli Osmanl\u0131 ve T\u00fcrk ayd\u0131nlar\u0131n\u0131n \u015earkiyat ele\u015ftirilerini bir araya getiriyor ve Zeynep \u00c7elik kitap i\u00e7in se\u00e7ti\u011fi metinleri giri\u015f yaz\u0131s\u0131nda ustaca tan\u0131t\u0131yor. \u00c7elik\u2019in \u00e7al\u0131\u015fmalar\u0131, Osmanl\u0131 \u0130mparatorlu\u011fu ve Ortado\u011fu\u2019nun modernle\u015fmesini anlamak i\u00e7in \u015fart.Orhan PamukEdward Said\u2019in \u00e7\u0131\u011f\u0131r a\u00e7\u0131c\u0131 yap\u0131t\u0131n\u0131n \u015earkiyat\u00e7\u0131l\u0131\u011f\u0131 emperyalizmin anahtar tekniklerinden biri olarak tan\u0131mlamas\u0131ndan bu yana, yerel direni\u015fin ifadelerini ele alan fazla \u00e7al\u0131\u015fma yap\u0131lmad\u0131. Zeynep \u00c7elik\u2019in kapsay\u0131c\u0131 giri\u015f yaz\u0131s\u0131na e\u015flik eden al\u0131nt\u0131lar \u015earkiyat\u00e7\u0131l\u0131k ele\u015ftirilerine ek olarak imparatorluk ve milliyet\u00e7ilik d\u00fc\u015flerini seslendiriyor. Bu metinler, ge\u00e7 d\u00f6nem Osmanl\u0131 \u0130mparatorlu\u011fu ve erken d\u00f6nem T\u00fcrkiye Cumhuriyeti\u2019nde Bat\u0131\u2019n\u0131n k\u00fclt\u00fcrel egemenli\u011fine kar\u015f\u0131 entelekt\u00fcel tart\u0131\u015fmalar\u0131n ne kadar zengin ve canl\u0131 oldu\u011funu sergileyen b\u00fcy\u00fcleyici bir okuma sunuyor. Avrupa \u015eark\u2019\u0131 Bilmez, \u015earkiyat\u00e7\u0131l\u0131k \u00e7al\u0131\u015fmalar\u0131na katk\u0131da bulunacak ve bu alandaki ara\u015ft\u0131rmac\u0131lar ve e\u011fitimciler i\u00e7in \u00f6nemli bir kaynak kitap olacak.Selim KuruYak\u0131n Do\u011fu Dilleri ve Uygarl\u0131klar\u0131 Do\u00e7enti ve B\u00f6l\u00fcm Ba\u015fkan\u0131Washington \u00dcniversitesi<\/p>\n","protected":false},"excerpt":{"rendered":"<p>Bu \u00f6nemli \u00e7al\u0131\u015fma \u015earkiyat\u00e7\u0131l\u0131\u011fa \u015fimdiye kadar yakla\u015f\u0131lmam\u0131\u015f bir a\u00e7\u0131dan bak\u0131yor: Edward Said ve di\u011fer \u00e7a\u011fda\u015f d\u00fc\u015f\u00fcn\u00fcrlerin Bat\u0131\u2019n\u0131n Do\u011fu\u2019ya yakla\u015f\u0131m\u0131n\u0131 ele\u015ftiren g\u00f6r\u00fc\u015flerini ele al\u0131yor ve Osmanl\u0131-T\u00fcrk ayd\u0131nlar\u0131n\u0131n<span class=\"excerpt-hellip\"> [\u2026]<\/span><\/p>\n","protected":false},"featured_media":0,"template":"","meta":{"_monsterinsights_skip_tracking":false,"_monsterinsights_sitenote_active":false,"_monsterinsights_sitenote_note":"","_monsterinsights_sitenote_category":0},"product_brand":[],"product_cat":[12370,12304],"product_tag":[],"class_list":{"0":"post-727198","1":"product","2":"type-product","3":"status-publish","5":"product_cat-arastirma-inceleme","6":"product_cat-tarih","7":"pa_cilt-ciltsiz","8":"pa_tur-kitap","9":"pa_yayinevi-koc-universitesi-yayinlari","10":"pa_yazar-zeynep-celik","12":"first","13":"instock","14":"sale","15":"shipping-taxable","16":"purchasable","17":"product-type-simple"},"_links":{"self":[{"href":"https:\/\/roveyayinevi.com.tr\/index.php\/wp-json\/wp\/v2\/product\/727198","targetHints":{"allow":["GET"]}}],"collection":[{"href":"https:\/\/roveyayinevi.com.tr\/index.php\/wp-json\/wp\/v2\/product"}],"about":[{"href":"https:\/\/roveyayinevi.com.tr\/index.php\/wp-json\/wp\/v2\/types\/product"}],"wp:attachment":[{"href":"https:\/\/roveyayinevi.com.tr\/index.php\/wp-json\/wp\/v2\/media?parent=727198"}],"wp:term":[{"taxonomy":"product_brand","embeddable":true,"href":"https:\/\/roveyayinevi.com.tr\/index.php\/wp-json\/wp\/v2\/product_brand?post=727198"},{"taxonomy":"product_cat","embeddable":true,"href":"https:\/\/roveyayinevi.com.tr\/index.php\/wp-json\/wp\/v2\/product_cat?post=727198"},{"taxonomy":"product_tag","embeddable":true,"href":"https:\/\/roveyayinevi.com.tr\/index.php\/wp-json\/wp\/v2\/product_tag?post=727198"}],"curies":[{"name":"wp","href":"https:\/\/api.w.org\/{rel}","templated":true}]}}