{"id":727035,"date":"2025-08-27T20:16:15","date_gmt":"2025-08-27T17:16:15","guid":{"rendered":"https:\/\/roveyayinevi.com.tr\/index.php\/urun\/esref\/"},"modified":"2026-04-16T02:34:51","modified_gmt":"2026-04-15T23:34:51","slug":"esref","status":"publish","type":"product","link":"https:\/\/roveyayinevi.com.tr\/index.php\/urun\/esref\/","title":{"rendered":"E\u015fref"},"content":{"rendered":"<p>Ku\u015f\u00e7uba\u015f\u0131\u2019n\u0131n Alternatif Biyografisi, gayrinizami harp tarihimizin en me\u015fhur ismini en insani \u00f6zellikleriyle ortaya koyan s\u0131rad\u0131\u015f\u0131 bir kitap\u2026 Ad\u0131 tarihe Te\u015fkilat-\u0131 Mahsusa\u2019n\u0131n kurucusu ve ilk ba\u015fkan\u0131 olarak ge\u00e7en E\u015fref Ku\u015f\u00e7uba\u015f\u0131 ger\u00e7ekte kimdi? \u00d6mr\u00fcn\u00fc gayrinizami harp ve istihbarat faaliyetleriyle ge\u00e7iren bir kahraman m\u0131? Yoksa Milli M\u00fccadele s\u0131ras\u0131nda Yunan saflar\u0131na ge\u00e7erek y\u0131llar boyunca T\u00fcrkiye Cumhuriyeti\u2019ne kar\u015f\u0131 sava\u015fan bir vatan haini mi? Gayrinizami harp ve istihbarat tarihi uzman\u0131 Polat Safi, bu sorulara E\u015fref Ku\u015f\u00e7uba\u015f\u0131\u2019n\u0131n \u00e7o\u011fu g\u00fcn y\u00fcz\u00fcne yeni \u00e7\u0131km\u0131\u015f olan \u015fahsi evrak\u0131na dayanarak haz\u0131rlad\u0131\u011f\u0131 alternatif biyografiyle yan\u0131t veriyor: E\u015eREF, yak\u0131n tarihimizin, hakk\u0131nda \u00e7ok \u015fey yaz\u0131l\u0131p \u00e7izilmesine kar\u015f\u0131n asl\u0131nda h\u00e2l\u00e2 bir muamma olan bu tart\u0131\u015fmal\u0131 fig\u00fcr\u00fcne dair ezberleri bozuyor ve ona \u00f6nce bir insan, sonra tarihi bir ki\u015filik olarak yeniden ayna tutuyor. Bu kitap ayn\u0131 zamanda yak\u0131n tarihimizi ilgilendiren bir\u00e7ok karanl\u0131k noktay\u0131 da ayd\u0131nlat\u0131yor: E\u015fref, Arabistan Devrimci Komitesi ad\u0131nda bir \u00f6rg\u00fct kurdu mu? \u00c7ok yak\u0131n oldu\u011funu iddia etti\u011fi Mustafa Kemal Atat\u00fcrk, Enver Pa\u015fa ve \u00c7erkes Ethem\u2019le nas\u0131l bir ili\u015fkisi vard\u0131? Garbi Trakya H\u00fck\u00fcmeti ve Te\u015fkilat-\u0131 Mahsusa\u2019n\u0131n ba\u015fkanl\u0131\u011f\u0131n\u0131 yapt\u0131 m\u0131? Mehmet Akif Ersoy, \u201c\u00c7anakkale Destan\u0131\u201dn\u0131 onunla birlikte gitti\u011fi Necid g\u00f6revi s\u0131ras\u0131nda m\u0131 yazd\u0131? E\u015fref, Yakup Cemil hadisesinde nas\u0131l bir rol oynad\u0131? Milli M\u00fccadele aleyhindeki ayaklanmalarda pay\u0131 oldu mu? Neden Yunan taraf\u0131na ge\u00e7ti? Atat\u00fcrk\u2019e suikast giri\u015fimindeki rol\u00fc neydi? ve daha nicesi\u2026 <\/p>\n","protected":false},"excerpt":{"rendered":"<p>Ku\u015f\u00e7uba\u015f\u0131\u2019n\u0131n Alternatif Biyografisi, gayrinizami harp tarihimizin en me\u015fhur ismini en insani \u00f6zellikleriyle ortaya koyan s\u0131rad\u0131\u015f\u0131 bir kitap\u2026 Ad\u0131 tarihe Te\u015fkilat-\u0131 Mahsusa\u2019n\u0131n kurucusu ve ilk ba\u015fkan\u0131 olarak<span class=\"excerpt-hellip\"> [\u2026]<\/span><\/p>\n","protected":false},"featured_media":0,"template":"","meta":{"_monsterinsights_skip_tracking":false,"_monsterinsights_sitenote_active":false,"_monsterinsights_sitenote_note":"","_monsterinsights_sitenote_category":0},"product_brand":[],"product_cat":[13946,12304],"product_tag":[],"class_list":{"0":"post-727035","1":"product","2":"type-product","3":"status-publish","5":"product_cat-biyografi-otobiyografi","6":"product_cat-tarih","7":"pa_cilt-ciltsiz","8":"pa_tur-kitap","9":"pa_yayinevi-kronik-kitap","10":"pa_yazar-polat-safi","12":"first","13":"instock","14":"sale","15":"shipping-taxable","16":"purchasable","17":"product-type-simple"},"_links":{"self":[{"href":"https:\/\/roveyayinevi.com.tr\/index.php\/wp-json\/wp\/v2\/product\/727035","targetHints":{"allow":["GET"]}}],"collection":[{"href":"https:\/\/roveyayinevi.com.tr\/index.php\/wp-json\/wp\/v2\/product"}],"about":[{"href":"https:\/\/roveyayinevi.com.tr\/index.php\/wp-json\/wp\/v2\/types\/product"}],"wp:attachment":[{"href":"https:\/\/roveyayinevi.com.tr\/index.php\/wp-json\/wp\/v2\/media?parent=727035"}],"wp:term":[{"taxonomy":"product_brand","embeddable":true,"href":"https:\/\/roveyayinevi.com.tr\/index.php\/wp-json\/wp\/v2\/product_brand?post=727035"},{"taxonomy":"product_cat","embeddable":true,"href":"https:\/\/roveyayinevi.com.tr\/index.php\/wp-json\/wp\/v2\/product_cat?post=727035"},{"taxonomy":"product_tag","embeddable":true,"href":"https:\/\/roveyayinevi.com.tr\/index.php\/wp-json\/wp\/v2\/product_tag?post=727035"}],"curies":[{"name":"wp","href":"https:\/\/api.w.org\/{rel}","templated":true}]}}