{"id":726931,"date":"2025-08-27T20:14:12","date_gmt":"2025-08-27T17:14:12","guid":{"rendered":"https:\/\/roveyayinevi.com.tr\/index.php\/urun\/1-koy-4-adam-65-darbe\/"},"modified":"2026-04-16T02:34:48","modified_gmt":"2026-04-15T23:34:48","slug":"1-koy-4-adam-65-darbe","status":"publish","type":"product","link":"https:\/\/roveyayinevi.com.tr\/index.php\/urun\/1-koy-4-adam-65-darbe\/","title":{"rendered":"1 K\u00f6y 4 Adam 6,5 Darbe"},"content":{"rendered":"<p>Harbiye\u2019de \u201c\u0130n\u00f6n\u00fc m\u00fc, Atat\u00fcrk m\u00fc\u201d \u00e7eki\u015fmesi&#8230; \u201cHarbiyeli Aldanmaz\u201d \u00e7elengini Taksim\u2019e b\u0131rakan ve Ergenekon\u2019dan yarg\u0131lanan general kimdi? Ordu i\u00e7indeki hangi subaylar Mahir \u00c7ayan\u2019\u0131 destekliyordu? Erenk\u00f6y\u2019deki kontrgerilla karargah\u0131nda neler ya\u015fand\u0131? Fet*ullah G\u00fclen ile Ab*dullah \u00d6ca*lan\u2019\u0131n yollar\u0131 nerede kesi\u015fti? Haydar Ba\u015f birlikte hapis yatt\u0131\u011f\u0131 solcular i\u00e7in ne dedi? Y\u0131lmaz G\u00fcney ile ayn\u0131 ko\u011fu\u015fta kalanlar neler anlatt\u0131? Babas\u0131 150\u2019liklerden olan 27 May\u0131s\u2019\u0131n etkili generali kim? CIA ajan\u0131, Mihri Belli\u2019ye ne s\u00f6yledi? Kozmik Oda\u2019da aranan neydi? Mustafa \u00d6nsel, d\u00f6rt ki\u015fi \u00fczerinden T\u00fcrkiye\u2019nin kurulu\u015fundan bug\u00fcne geli\u015fen \u00e7arp\u0131c\u0131 olaylar\u0131 kaleme ald\u0131&#8230;<\/p>\n","protected":false},"excerpt":{"rendered":"<p>Harbiye\u2019de \u201c\u0130n\u00f6n\u00fc m\u00fc, Atat\u00fcrk m\u00fc\u201d \u00e7eki\u015fmesi&#8230; \u201cHarbiyeli Aldanmaz\u201d \u00e7elengini Taksim\u2019e b\u0131rakan ve Ergenekon\u2019dan yarg\u0131lanan general kimdi? Ordu i\u00e7indeki hangi subaylar Mahir \u00c7ayan\u2019\u0131 destekliyordu? Erenk\u00f6y\u2019deki kontrgerilla karargah\u0131nda<span class=\"excerpt-hellip\"> [\u2026]<\/span><\/p>\n","protected":false},"featured_media":0,"template":"","meta":{"_monsterinsights_skip_tracking":false,"_monsterinsights_sitenote_active":false,"_monsterinsights_sitenote_note":"","_monsterinsights_sitenote_category":0},"product_brand":[],"product_cat":[13590,12337],"product_tag":[],"class_list":{"0":"post-726931","1":"product","2":"type-product","3":"status-publish","5":"product_cat-arastirma-inceleme-politika-siyaset","6":"product_cat-politika-siyaset","7":"pa_cilt-ciltsiz","8":"pa_tur-kitap","9":"pa_yayinevi-kirmizi-kedi-yayinevi","10":"pa_yazar-mustafa-onsel","12":"first","13":"instock","14":"sale","15":"shipping-taxable","16":"purchasable","17":"product-type-simple"},"_links":{"self":[{"href":"https:\/\/roveyayinevi.com.tr\/index.php\/wp-json\/wp\/v2\/product\/726931","targetHints":{"allow":["GET"]}}],"collection":[{"href":"https:\/\/roveyayinevi.com.tr\/index.php\/wp-json\/wp\/v2\/product"}],"about":[{"href":"https:\/\/roveyayinevi.com.tr\/index.php\/wp-json\/wp\/v2\/types\/product"}],"wp:attachment":[{"href":"https:\/\/roveyayinevi.com.tr\/index.php\/wp-json\/wp\/v2\/media?parent=726931"}],"wp:term":[{"taxonomy":"product_brand","embeddable":true,"href":"https:\/\/roveyayinevi.com.tr\/index.php\/wp-json\/wp\/v2\/product_brand?post=726931"},{"taxonomy":"product_cat","embeddable":true,"href":"https:\/\/roveyayinevi.com.tr\/index.php\/wp-json\/wp\/v2\/product_cat?post=726931"},{"taxonomy":"product_tag","embeddable":true,"href":"https:\/\/roveyayinevi.com.tr\/index.php\/wp-json\/wp\/v2\/product_tag?post=726931"}],"curies":[{"name":"wp","href":"https:\/\/api.w.org\/{rel}","templated":true}]}}