{"id":726881,"date":"2025-08-27T20:13:30","date_gmt":"2025-08-27T17:13:30","guid":{"rendered":"https:\/\/roveyayinevi.com.tr\/index.php\/urun\/montro-bogazlar-konferansi-ciltli\/"},"modified":"2026-04-16T02:34:47","modified_gmt":"2026-04-15T23:34:47","slug":"montro-bogazlar-konferansi-ciltli","status":"publish","type":"product","link":"https:\/\/roveyayinevi.com.tr\/index.php\/urun\/montro-bogazlar-konferansi-ciltli\/","title":{"rendered":"Montr\u00f6 Bo\u011fazlar Konferans\u0131 (Ciltli)"},"content":{"rendered":"<p>Yak\u0131n Tarihten Temel Kaynaklar Ve Belgeler: Gazi Mustafa Kemal Atat\u00fcrk ve arkada\u015flar\u0131, kurtulu\u015f sava\u015f\u0131 sonucunda \u0130tilaf devletlerinin i\u015fgalinden ve emperyalist g\u00fc\u00e7lerin boyunduru\u011fundan kurtard\u0131klar\u0131 topraklarda kurduklar\u0131 ba\u011f\u0131ms\u0131z devleti 1923 lozan antla\u015fmas\u0131 ile b\u00fct\u00fcn d\u00fcnyaya kabul ettirdiler. Ancak t\u00fcm \u00e7abalar\u0131na kar\u015f\u0131n B\u00fcy\u00fck G\u00fc\u00e7leri, Bo\u011fazlar \u00fczerindeki egemenliklerinden vazge\u00e7iremediler. Bunun i\u00e7in 1936 Montr\u00f6 Bo\u011fazlar S\u00f6zle\u015fmesi\u2019ni beklemeleri gerekti. Aradan ge\u00e7en bu on \u00fc\u00e7 y\u0131ll\u0131k s\u00fcrenin b\u00fct\u00fcn d\u00fcnyaya g\u00f6sterdi\u011fi bir \u015fey vard\u0131: Yeni T\u00fcrkiye Cumhuriyeti, yapt\u0131\u011f\u0131 \u00e7a\u011fda\u015fla\u015fma at\u0131l\u0131mlar\u0131yla uluslararas\u0131 camian\u0131n sayg\u0131n ve s\u00f6z\u00fc dinlenir bir \u00fcyesi haline gelmi\u015fti. Art\u0131k Bo\u011fazlar \u00fczerinde kontrol sahibi olmak istiyordu. Bunun i\u00e7in Milletler Cemiyeti\u2019ne nota vererek bir konferans toplanmas\u0131n\u0131 talep etti. Montr\u00f6\u2019de toplanan konferansta T\u00fcrkiye, kararl\u0131 tutumu sayesinde istedi\u011fini alarak Bo\u011fazlar\u2019da egemenli\u011fini kurdu. Aradan ge\u00e7en ony\u0131llar i\u00e7inde esasta bir de\u011fi\u015fikli\u011fe u\u011framadan devam eden Montr\u00f6 Bo\u011fazlar S\u00f6zle\u015fmesi\u2019nden ald\u0131\u011f\u0131 yetkilerle donanm\u0131\u015f olan T\u00fcrkiye, 2. D\u00fcnya Sava\u015f\u0131 ve So\u011fuk Sava\u015f gibi d\u00fcnyan\u0131n ge\u00e7irdi\u011fi en zorlu d\u00f6nemlerde, hem Bo\u011fazlar\u2019daki egemenli\u011fini tart\u0131\u015fmas\u0131z bi\u00e7imde s\u00fcrd\u00fcrmeyi, hem de bu kadar stratejik bir su yolunun has\u0131m devletler aras\u0131nda \u00e7at\u0131\u015fmalara yol a\u00e7mamas\u0131n\u0131 sa\u011flamay\u0131 ba\u015fard\u0131.M\u00fclkiye\u2019nin efsane hocalar\u0131ndan Seha L. Meray, B\u00fcy\u00fckel\u00e7i Osman Olcay ile birlikte Montr\u00f6 Bo\u011fazlar S\u00f6zle\u015fmesi\u2019ni ve bu s\u00f6zle\u015fmeyi ortaya \u00e7\u0131karan Montr\u00f6 Bo\u011fazlar Konferans\u0131\u2019n\u0131 ar\u0131 bir T\u00fcrk\u00e7eye \u00e7evirerek k\u0131rk\u0131nc\u0131 y\u0131l\u0131nda kitapla\u015ft\u0131rm\u0131\u015ft\u0131. Elinizdeki kitap, o \u00e7eviridir. T\u00fcrkiye\u2019nin en yetkin uluslararas\u0131 hukuk uzmanlar\u0131 aras\u0131nda yer alan R\u0131za T\u00fcrmen, Montr\u00f6 S\u00f6zle\u015fmesi\u2019nin \u00f6nemini, bu yeni bask\u0131 i\u00e7in son derece yal\u0131n bir anlat\u0131mla kaleme ald\u0131\u011f\u0131 \u00d6ns\u00f6z\u2019de de\u011ferlendirdi.<\/p>\n","protected":false},"excerpt":{"rendered":"<p>Yak\u0131n Tarihten Temel Kaynaklar Ve Belgeler: Gazi Mustafa Kemal Atat\u00fcrk ve arkada\u015flar\u0131, kurtulu\u015f sava\u015f\u0131 sonucunda \u0130tilaf devletlerinin i\u015fgalinden ve emperyalist g\u00fc\u00e7lerin boyunduru\u011fundan kurtard\u0131klar\u0131 topraklarda kurduklar\u0131 ba\u011f\u0131ms\u0131z<span class=\"excerpt-hellip\"> [\u2026]<\/span><\/p>\n","protected":false},"featured_media":0,"template":"","meta":{"_monsterinsights_skip_tracking":false,"_monsterinsights_sitenote_active":false,"_monsterinsights_sitenote_note":"","_monsterinsights_sitenote_category":0},"product_brand":[],"product_cat":[12312,12304],"product_tag":[],"class_list":{"0":"post-726881","1":"product","2":"type-product","3":"status-publish","5":"product_cat-diger","6":"product_cat-tarih","7":"pa_cilt-ciltli","8":"pa_tur-kitap","9":"pa_yayinevi-is-bankasi-kultur-yayinlari","10":"pa_yazar-seha-l-meray-osman-olcay","12":"first","13":"instock","14":"sale","15":"shipping-taxable","16":"purchasable","17":"product-type-simple"},"_links":{"self":[{"href":"https:\/\/roveyayinevi.com.tr\/index.php\/wp-json\/wp\/v2\/product\/726881","targetHints":{"allow":["GET"]}}],"collection":[{"href":"https:\/\/roveyayinevi.com.tr\/index.php\/wp-json\/wp\/v2\/product"}],"about":[{"href":"https:\/\/roveyayinevi.com.tr\/index.php\/wp-json\/wp\/v2\/types\/product"}],"wp:attachment":[{"href":"https:\/\/roveyayinevi.com.tr\/index.php\/wp-json\/wp\/v2\/media?parent=726881"}],"wp:term":[{"taxonomy":"product_brand","embeddable":true,"href":"https:\/\/roveyayinevi.com.tr\/index.php\/wp-json\/wp\/v2\/product_brand?post=726881"},{"taxonomy":"product_cat","embeddable":true,"href":"https:\/\/roveyayinevi.com.tr\/index.php\/wp-json\/wp\/v2\/product_cat?post=726881"},{"taxonomy":"product_tag","embeddable":true,"href":"https:\/\/roveyayinevi.com.tr\/index.php\/wp-json\/wp\/v2\/product_tag?post=726881"}],"curies":[{"name":"wp","href":"https:\/\/api.w.org\/{rel}","templated":true}]}}