{"id":726868,"date":"2025-08-27T20:13:20","date_gmt":"2025-08-27T17:13:20","guid":{"rendered":"https:\/\/roveyayinevi.com.tr\/index.php\/urun\/mustafa-kemal-ataturk-doneminin-oteki-tarihi-ii\/"},"modified":"2026-02-03T02:49:52","modified_gmt":"2026-02-02T23:49:52","slug":"mustafa-kemal-ataturk-doneminin-oteki-tarihi-ii","status":"publish","type":"product","link":"https:\/\/roveyayinevi.com.tr\/index.php\/urun\/mustafa-kemal-ataturk-doneminin-oteki-tarihi-ii\/","title":{"rendered":"Mustafa Kemal Atat\u00fcrk D\u00f6nemi&#8217;nin \u00d6teki Tarihi &#8211; II"},"content":{"rendered":"<p>Mustafa Kemal Atat\u00fcrk D\u00f6nemi\u2019nin \u00d6teki Tarihi ad\u0131yla \u00fc\u00e7 ciltten olu\u015facak \u00e7al\u0131\u015fman\u0131n ilk cildi olan \u201cDevrim Kanunlar\u0131\u201d ve Muhalefetin Tasfiyesi (1923-1927) adl\u0131 birinci kitap, 1926 yaz\u0131ndaki \u0130zmir Suikast\u0131 Davas\u0131 arac\u0131l\u0131\u011f\u0131yla son muhaliflerini de tasfiye eden Mustafa Kemal\u2019in 15-24 Ekim 1927 tarihinde toplanan CHF Kongresi\u2019nde ge\u00e7mi\u015f d\u00f6nemin kendi penceresinden bir muhasebesini yapmas\u0131yla sona ermi\u015fti. Bu tarihten itibaren Mustafa Kemal\u2019in liderli\u011fini yapt\u0131\u011f\u0131 kadrolar Bat\u0131l\u0131 anlamda modern \u201cT\u00fcrk ulus devleti\u201dnin in\u015fas\u0131na y\u00f6nelmi\u015flerdi. Ulus Devlete Ulus \u0130n\u015fas\u0131 (1928-1933) alt ba\u015fl\u0131\u011f\u0131 ta\u015f\u0131yan ikinci kitap ise devam eden s\u00fcreci kapsaml\u0131 bir \u015fekilde ele al\u0131yor. Toplam \u00fc\u00e7 ciltten olu\u015facak bu \u00e7al\u0131\u015fman\u0131n bu ikinci cildinde, 1928 Harf \u0130nk\u0131lab\u0131 ile ba\u015flay\u0131p Cumhuriyet\u2019in 10. Y\u0131l kutlamalar\u0131na kadarki d\u00f6nemi ele alan Ay\u015fe H\u00fcr,  T\u00fcrk Ocaklar\u0131, \u201cVatanda\u015f T\u00fcrk\u00e7e Konu\u015f!\u201d kampanyalar\u0131,  Vagon-Li ve Razgrad Olaylar\u0131, ezan\u0131n T\u00fcrk\u00e7ele\u015ftirilmesi, g\u00fczellik yar\u0131\u015fmalar\u0131, heykel, m\u00fczik, mimarl\u0131k, T\u00fcrk Tarih Tezi arac\u0131l\u0131\u011f\u0131yla k\u00fclt\u00fcr\u00fcn, \u00fcniversite reformuyla akademinin \u201cmillile\u015ftirilme\u201d \u00e7abalar\u0131n\u0131n, A\u011fr\u0131 \u0130syan\u0131, 98 g\u00fcnl\u00fck Serbest F\u0131rka denemesi, Menemen Olay\u0131 gibi pek \u00e7ok \u00f6nemli olay\u0131n ve 1930\u2019larda T\u00fcrkiye\u2019nin ABD ve SSCB ile ili\u015fkilerinin resmi tarih\u00e7iler taraf\u0131ndan anlat\u0131lmayan \u201c\u00f6teki\u201d hikayesini anlat\u0131yor. \u0130\u00e7indekiler   150 Y\u0131ll\u0131k Mesele: 1928 Harf \u0130nk\u0131lab\u0131   \u201cVatanda\u015f T\u00fcrk\u00e7e Konu\u015f!\u201d Zorbal\u0131\u011f\u0131    Sene 1928: Bursa\u2019da Bir Tenassur Olay\u0131         \u0130ttihat\u00e7\u0131lardan Kemalistlere: T\u00fcrk Ocaklar\u0131    Nerede O Asri Cumhuriyet Balolar\u0131?    Bir Millet ki Heykel Yapmaz! T\u00fcrkiye\u2019nin \u0130lk G\u00fczellik Krali\u00e7eleri         Resmi Tarihin \u201cS\u00f6zde\u201d K\u00fcrt Ayaklanmalar\u0131   Sene 1930: A\u011fr\u0131 Da\u011f\u0131\u2019nda Bir K\u00fcrt Cumhuriyeti       98 G\u00fcnl\u00fck \u201cDemokrasi M\u00fcsameresi:\u201d Serbest F\u0131rka          23 Aral\u0131k 1930 Menemen Olay\u0131 Sene 1932: Ankara\u2019da Bir Suudi Prensi           \u0130lk \u0130nsandan T\u00fcrk Irk\u0131na: T\u00fcrk Tarih Tezi         T\u00fcrk\u00e7e Ezan, Bursa Olay\u0131 ve \u201cBursa Nutku\u201d   D\u00e2r\u00fclf\u00fcnun\u2019dan \u00dcniversiteye Ge\u00e7i\u015f     K\u00e2z\u0131m Karabekir\u2019in Nutuk Ele\u015ftirisi ve Yak\u0131lan Kitab\u0131          <\/p>\n","protected":false},"excerpt":{"rendered":"<p>Mustafa Kemal Atat\u00fcrk D\u00f6nemi\u2019nin \u00d6teki Tarihi ad\u0131yla \u00fc\u00e7 ciltten olu\u015facak \u00e7al\u0131\u015fman\u0131n ilk cildi olan \u201cDevrim Kanunlar\u0131\u201d ve Muhalefetin Tasfiyesi (1923-1927) adl\u0131 birinci kitap, 1926 yaz\u0131ndaki \u0130zmir<span class=\"excerpt-hellip\"> [\u2026]<\/span><\/p>\n","protected":false},"featured_media":0,"template":"","meta":{"_monsterinsights_skip_tracking":false,"_monsterinsights_sitenote_active":false,"_monsterinsights_sitenote_note":"","_monsterinsights_sitenote_category":0},"product_brand":[],"product_cat":[12530,12304],"product_tag":[],"class_list":{"0":"post-726868","1":"product","2":"type-product","3":"status-publish","5":"product_cat-mustafa-kemal-ataturk","6":"product_cat-tarih","7":"pa_cilt-ciltsiz","8":"pa_tur-kitap","9":"pa_yayinevi-literatur-yayinevi","10":"pa_yazar-ayse-hur","12":"first","13":"instock","14":"sale","15":"shipping-taxable","16":"purchasable","17":"product-type-simple"},"_links":{"self":[{"href":"https:\/\/roveyayinevi.com.tr\/index.php\/wp-json\/wp\/v2\/product\/726868","targetHints":{"allow":["GET"]}}],"collection":[{"href":"https:\/\/roveyayinevi.com.tr\/index.php\/wp-json\/wp\/v2\/product"}],"about":[{"href":"https:\/\/roveyayinevi.com.tr\/index.php\/wp-json\/wp\/v2\/types\/product"}],"wp:attachment":[{"href":"https:\/\/roveyayinevi.com.tr\/index.php\/wp-json\/wp\/v2\/media?parent=726868"}],"wp:term":[{"taxonomy":"product_brand","embeddable":true,"href":"https:\/\/roveyayinevi.com.tr\/index.php\/wp-json\/wp\/v2\/product_brand?post=726868"},{"taxonomy":"product_cat","embeddable":true,"href":"https:\/\/roveyayinevi.com.tr\/index.php\/wp-json\/wp\/v2\/product_cat?post=726868"},{"taxonomy":"product_tag","embeddable":true,"href":"https:\/\/roveyayinevi.com.tr\/index.php\/wp-json\/wp\/v2\/product_tag?post=726868"}],"curies":[{"name":"wp","href":"https:\/\/api.w.org\/{rel}","templated":true}]}}