{"id":726833,"date":"2025-08-27T20:12:47","date_gmt":"2025-08-27T17:12:47","guid":{"rendered":"https:\/\/roveyayinevi.com.tr\/index.php\/urun\/almarpanin-gizemi-ciltli\/"},"modified":"2026-04-16T02:34:45","modified_gmt":"2026-04-15T23:34:45","slug":"almarpanin-gizemi-ciltli","status":"publish","type":"product","link":"https:\/\/roveyayinevi.com.tr\/index.php\/urun\/almarpanin-gizemi-ciltli\/","title":{"rendered":"Almarpa&#8217;n\u0131n Gizemi (Ciltli)"},"content":{"rendered":"<p>Efsaneler canlan\u0131yor\u2026Tarih\u00ee de\u011ferlerimize ve k\u00fclt\u00fcrel miras\u0131m\u0131za duyarl\u0131l\u0131\u011f\u0131 artt\u0131ran yap\u0131tlar\u0131yla tan\u0131nan yazar Koray Avc\u0131 \u00c7akman&#8217;\u0131n \u00f6d\u00fcll\u00fc roman\u0131 Almarpa&#8217;n\u0131n Gizemi, yepyeni kapak ve sayfa tasar\u0131m\u0131, \u00f6zel cildi ve g\u00f6zden ge\u00e7irilmi\u015f metniyle &#8220;Tudem Modern Klasikler&#8221; koleksiyonu i\u00e7inde yeniden okurlarla bulu\u015fuyor.Ege ve Akdeniz&#8217;in kesi\u015fti\u011fi K\u00f6yce\u011fiz il\u00e7esindeki esrarengiz bir maceray\u0131 sayfalar\u0131na ta\u015f\u0131yan bu s\u00fcr\u00fckleyici roman, efsane ve s\u00f6ylencelerden beslenen yarat\u0131c\u0131 kurgusu ile s\u00f6zl\u00fc anlat\u0131 gelene\u011fimizi gelecek nesillere ta\u015f\u0131ma gayretindeki hik\u00e2ye anlat\u0131c\u0131lar\u0131na da selam g\u00f6nderiyor.  Hayvanlar\u0131n, ormanlar\u0131n ve bitki \u00f6rt\u00fcs\u00fcn\u00fcn korunmas\u0131, do\u011fal kaynaklar\u0131n bilin\u00e7li kullan\u0131lmas\u0131, tarih\u00ee kent dokusuna sahip \u00e7\u0131k\u0131lmas\u0131 ve gelecek nesillere aktar\u0131lmas\u0131 gibi \u00f6nemli konulara de\u011finerek fark\u0131ndal\u0131k yaratan yazar, yery\u00fcz\u00fcnde ya\u015fayan b\u00fct\u00fcn insanlar\u0131n \u00e7evreye ve do\u011faya sayg\u0131 duymalar\u0131 gerekti\u011fini hat\u0131rlat\u0131yor. Ailesiyle birlikte b\u00fcy\u00fck\u015fehirden K\u00f6yce\u011fiz&#8217;e ta\u015f\u0131nan Kaan, yeni arkada\u015flar\u0131 sayesinde, &#8220;Ku\u015f\u00e7u&#8221; olarak da bilinen ilgin\u00e7 bir adamla tan\u0131\u015f\u0131r. Omzuna t\u00fcneyen papa\u011fan\u0131yla s\u0131ra d\u0131\u015f\u0131 oldu\u011fu kadar, renkli bir karaktere de benzeyen Ku\u015f\u00e7u, \u00e7ocuklar\u0131 s\u0131k s\u0131k teknesiyle gezintiye \u00e7\u0131kararak onlara daha \u00f6nce hi\u00e7 dinlemedikleri efsaneler ve \u00f6yk\u00fcler anlat\u0131r. Merakl\u0131 hubara ku\u015funun, mavi gagal\u0131 pelikan\u0131n ad\u0131n\u0131 ilk kez Ku\u015f\u00e7u&#8217;dan duyan \u00e7ocuklar; yelkovan ku\u015flar\u0131n\u0131n hik\u00e2yesini, Ayakl\u0131 G\u00f6l&#8217;\u00fcn s\u0131rr\u0131n\u0131 ve Mart\u0131 Efsanesi&#8217;ni de yine onun a\u011fz\u0131ndan dinler. Fakat bilgili ve k\u00fclt\u00fcrl\u00fc ki\u015fili\u011fine g\u00f6lge d\u00fc\u015f\u00fcren baz\u0131 tekinsiz davran\u0131\u015flar\u0131 y\u00fcz\u00fcnden d\u00f6rt kafadar\u0131 ku\u015fku girdab\u0131na \u00e7eken Ku\u015f\u00e7u&#8217;nun gizemli hareketlerinin sebebi nedir? Ku\u015f\u00e7u&#8217;yu bir abi yak\u0131nl\u0131\u011f\u0131yla seven ama hislerinin uyand\u0131rd\u0131\u011f\u0131 meraka da kay\u0131ts\u0131z kalamayan arkada\u015flar, \u00e7ok ge\u00e7meden kendilerini heyecan verici bir ser\u00fcvenin ortas\u0131nda bulur. Okurlar\u0131n\u0131, ya\u015fad\u0131klar\u0131 \u00e7evreyi daha yak\u0131ndan g\u00f6zlemlemeye ve ke\u015ffetmeye y\u00f6nlendiren Almarpa&#8217;n\u0131n Gizemi, anlatt\u0131\u011f\u0131 efsane ve s\u00f6ylenceler ile tarihine ve k\u00fclt\u00fcr\u00fcne sahip \u00e7\u0131kan bilin\u00e7li nesiller yeti\u015fmesine katk\u0131 sunuyor. &#8220;Koray Avc\u0131 \u00c7akman, Almarpa&#8217;n\u0131n Gizemi&#8217;nde anlatt\u0131\u011f\u0131 pek \u00e7ok konuyla \u00e7ocuklara d\u00fcnyaya ba\u015fka bir g\u00f6zle bakman\u0131n \u00f6nemini g\u00f6steriyor.&#8221; <\/p>\n","protected":false},"excerpt":{"rendered":"<p>Efsaneler canlan\u0131yor\u2026Tarih\u00ee de\u011ferlerimize ve k\u00fclt\u00fcrel miras\u0131m\u0131za duyarl\u0131l\u0131\u011f\u0131 artt\u0131ran yap\u0131tlar\u0131yla tan\u0131nan yazar Koray Avc\u0131 \u00c7akman&#8217;\u0131n \u00f6d\u00fcll\u00fc roman\u0131 Almarpa&#8217;n\u0131n Gizemi, yepyeni kapak ve sayfa tasar\u0131m\u0131, \u00f6zel cildi ve<span class=\"excerpt-hellip\"> [\u2026]<\/span><\/p>\n","protected":false},"featured_media":0,"template":"","meta":{"_monsterinsights_skip_tracking":false,"_monsterinsights_sitenote_active":false,"_monsterinsights_sitenote_note":"","_monsterinsights_sitenote_category":0},"product_brand":[],"product_cat":[12274,20117],"product_tag":[],"class_list":{"0":"post-726833","1":"product","2":"type-product","3":"status-publish","5":"product_cat-cocuk-ve-genclik-kitaplari","6":"product_cat-turk-klasikleri","7":"pa_cilt-ciltli","8":"pa_tur-kitap","9":"pa_yayinevi-tudem-yayinlari","10":"pa_yazar-koray-avci-cakman","12":"first","13":"instock","14":"sale","15":"shipping-taxable","16":"purchasable","17":"product-type-simple"},"_links":{"self":[{"href":"https:\/\/roveyayinevi.com.tr\/index.php\/wp-json\/wp\/v2\/product\/726833","targetHints":{"allow":["GET"]}}],"collection":[{"href":"https:\/\/roveyayinevi.com.tr\/index.php\/wp-json\/wp\/v2\/product"}],"about":[{"href":"https:\/\/roveyayinevi.com.tr\/index.php\/wp-json\/wp\/v2\/types\/product"}],"wp:attachment":[{"href":"https:\/\/roveyayinevi.com.tr\/index.php\/wp-json\/wp\/v2\/media?parent=726833"}],"wp:term":[{"taxonomy":"product_brand","embeddable":true,"href":"https:\/\/roveyayinevi.com.tr\/index.php\/wp-json\/wp\/v2\/product_brand?post=726833"},{"taxonomy":"product_cat","embeddable":true,"href":"https:\/\/roveyayinevi.com.tr\/index.php\/wp-json\/wp\/v2\/product_cat?post=726833"},{"taxonomy":"product_tag","embeddable":true,"href":"https:\/\/roveyayinevi.com.tr\/index.php\/wp-json\/wp\/v2\/product_tag?post=726833"}],"curies":[{"name":"wp","href":"https:\/\/api.w.org\/{rel}","templated":true}]}}