{"id":726822,"date":"2025-08-27T20:12:32","date_gmt":"2025-08-27T17:12:32","guid":{"rendered":"https:\/\/roveyayinevi.com.tr\/index.php\/urun\/ozgurlugun-sesi\/"},"modified":"2026-01-29T03:03:05","modified_gmt":"2026-01-29T00:03:05","slug":"ozgurlugun-sesi","status":"publish","type":"product","link":"https:\/\/roveyayinevi.com.tr\/index.php\/urun\/ozgurlugun-sesi\/","title":{"rendered":"\u00d6zg\u00fcrl\u00fc\u011f\u00fcn Sesi"},"content":{"rendered":"<p>\u201cBu kitab\u0131 ortaya \u00e7\u0131karan s\u00fcre\u00e7 2015 y\u0131l\u0131nda G\u00f6r\u00fclm\u00fc\u015ft\u00fcr Kolektifi\u2019nin d\u00fczenledi\u011fi \u201cSizin h\u00e2l\u00e2 bir mektup arkada\u015f\u0131n\u0131z yok mu?\u201d kampanyas\u0131yla ba\u015flad\u0131. G\u00f6r\u00fclm\u00fc\u015ft\u00fcr\u2019den yazar Adil Okay, Redfoto\u011fraf grubundan \u00d6zcan Yaman\u2019la bir araya gelerek i\u00e7eri ile d\u0131\u015far\u0131y\u0131 bulu\u015fturan foto\u011fraf temelli bir proje geli\u015ftirdiler. Bu \u00e7al\u0131\u015fman\u0131n amac\u0131 i\u00e7eridekilere moral vermekten \u00e7ok, d\u0131\u015far\u0131s\u0131 ve i\u00e7erisi aras\u0131ndaki politik s\u00fcreklili\u011fi g\u00f6stermek. \u0130\u00e7eridekilerin h\u00fcrriyet m\u00fccadelesinin d\u0131\u015far\u0131dakilere g\u00fcndelik hayatlar\u0131nda ya\u015fad\u0131klar\u0131 \u201cdenetimli serbestli\u011fi\u201d hat\u0131rlatm\u0131\u015f olmas\u0131. Bir not d\u00fc\u015fmek isterim. \u015eimdiye kadar sanat alan\u0131nda bu kadar \u00e7ok gezilen bir sergi g\u00f6rmedim. \u0130nan\u0131lmaz bir izleyici ilgisi var. Bu ilgi, konunun ne kadar \u00e7ok insan\u0131n hayat\u0131na dokundu\u011funu kan\u0131tl\u0131yor. \u0130nsanlar bir duygu yo\u011funlu\u011fu ile sanki s\u00f6zc\u00fcklerin aras\u0131nda yak\u0131nlar\u0131n\u0131 arar gibi geziyorlar sergiyi. Serginin (kitab\u0131n) etkisinin bir \u00e7e\u015fit kavu\u015fma hissi oldu\u011funu d\u00fc\u015f\u00fcn\u00fcyorum&#8230;\u201d Ezgi Bak\u00e7ay (Kar\u015f\u0131 Sanat) G\u00f6r\u00fclm\u00fc\u015ft\u00fcr Kolektifi ile redfoto\u011fraf Grubu aylar s\u00fcren zorlu bir s\u00fcreci geride b\u0131rakarak bizlere \u00f6zg\u00fcr d\u00fc\u015f\/\u00fcnce sesini ula\u015ft\u0131r\u0131yor. Biliyorsunuz, cezaevi demiyoruz\u2026 \u00e7\u00fcnk\u00fc ceza, su\u00e7luya verilir. TCK\u2019de bile gerek\u00e7e bulunamad\u0131\u011f\u0131 i\u00e7in tutsak edilenler i\u00e7eride y\u0131llar\u0131n\u0131 ge\u00e7iriyor. Onlar\u0131 ya\u015fama ba\u011flayan tek g\u00fc\u00e7leri var: \u00d6zg\u00fcr D\u00fc\u015f(\u00fcnce)leri. Hapishanelere t\u0131k\u0131lan gencecik insanlar d\u00fc\u015flerini b\u00fcy\u00fct\u00fcyorlar azim ve sab\u0131rla. Umutlar\u0131n\u0131 \u00fczm\u00fcyorlar. Bir g\u00fcn ba\u015flar\u0131n\u0131 kesintisiz masmavi g\u00f6ky\u00fcz\u00fcne \u00e7evirip birlikte a\u011f\u0131z dolusu g\u00fcleceklerine inan\u0131yorlar. 50 foto\u011fraf 50 d\u00fc\u015f\u00fc ta\u015f\u0131yor. 50 d\u00fc\u015f 50 foto\u011frafta ya\u015f\u0131yor. Siz de bu kitab\u0131n sayfalar\u0131 aras\u0131nda gezinerek o \u00f6zg\u00fcr d\u00fcnya d\u00fc\u015f\u00fcn\u00fc hayata ge\u00e7irebilirsiniz. Kolay de\u011fil d\u00fc\u015fleri kaleme almak, kolay de\u011fil o d\u00fc\u015fleri g\u00f6r\u00fcnt\u00fclemek. Kolay de\u011fil d\u00fc\u015fler i\u00e7in d\u00f6rt duvar aras\u0131na konulmak. Onlar\u0131n ba\u015fard\u0131\u011f\u0131 zoru siz de sergi salonunda g\u00f6rebilirsiniz. \u201cPolitik tutsaklarla dayan\u0131\u015fmay\u0131 hedefleyen G\u00f6r\u00fclm\u00fc\u015ft\u00fcr Kolektifi ve toplumsal sorunlar\u0131 foto\u011fraf arac\u0131l\u0131\u011f\u0131yla belgeleme iddias\u0131n\u0131 s\u00fcrd\u00fcren Redfoto\u011fraf Grubu\u2019nun haz\u0131rlad\u0131\u011f\u0131 \u00d6zg\u00fcrl\u00fc\u011f\u00fcn Sesi projesini \u00f6nemsedim, \u00fczerine yazmak, onun bilinirli\u011fine katk\u0131 sa\u011flamak, gerekli g\u00f6rd\u00fc\u011f\u00fcm yerlerde \u2013gelecek sergilerin esenli\u011fi ve kalitesi i\u00e7in\u2013 \u00f6nerilerde bulunmak ve hepsinden \u00f6nemlisi izleyiciyi bu sergi (kitap) arac\u0131l\u0131\u011f\u0131yla \u201cduvar\u0131n ard\u0131ndaki d\u0131\u015far\u0131yla\u201d ya\u015famaya devam eden i\u00e7erdekiler \u00fczerine biraz olsun d\u00fc\u015f\u00fcnd\u00fcrmek istedim. Bekledi\u011fimin aksine me\u015fakkatli fikirlere gark edilen, vahameti kendisini ketleyen ben oldum: \u201c\u00d6zg\u00fcrl\u00fck (\u2026) kendi zerd\u00fc\u015ftlerini yakan ate\u015fgahlarda yanan kendin olmakt\u0131r.\u201d Oktay Orhun (susma 24) <\/p>\n","protected":false},"excerpt":{"rendered":"<p>\u201cBu kitab\u0131 ortaya \u00e7\u0131karan s\u00fcre\u00e7 2015 y\u0131l\u0131nda G\u00f6r\u00fclm\u00fc\u015ft\u00fcr Kolektifi\u2019nin d\u00fczenledi\u011fi \u201cSizin h\u00e2l\u00e2 bir mektup arkada\u015f\u0131n\u0131z yok mu?\u201d kampanyas\u0131yla ba\u015flad\u0131. G\u00f6r\u00fclm\u00fc\u015ft\u00fcr\u2019den yazar Adil Okay, Redfoto\u011fraf grubundan \u00d6zcan<span class=\"excerpt-hellip\"> [\u2026]<\/span><\/p>\n","protected":false},"featured_media":0,"template":"","meta":{"_monsterinsights_skip_tracking":false,"_monsterinsights_sitenote_active":false,"_monsterinsights_sitenote_note":"","_monsterinsights_sitenote_category":0},"product_brand":[],"product_cat":[44608,12408],"product_tag":[],"class_list":{"0":"post-726822","1":"product","2":"type-product","3":"status-publish","5":"product_cat-diger-sanat","6":"product_cat-sanat","7":"pa_cilt-ciltsiz","8":"pa_tur-kitap","9":"pa_yayinevi-utopya-yayinevi","10":"pa_yazar-utopya-yayinevi-kolektif","12":"first","13":"instock","14":"sale","15":"shipping-taxable","16":"purchasable","17":"product-type-simple"},"_links":{"self":[{"href":"https:\/\/roveyayinevi.com.tr\/index.php\/wp-json\/wp\/v2\/product\/726822","targetHints":{"allow":["GET"]}}],"collection":[{"href":"https:\/\/roveyayinevi.com.tr\/index.php\/wp-json\/wp\/v2\/product"}],"about":[{"href":"https:\/\/roveyayinevi.com.tr\/index.php\/wp-json\/wp\/v2\/types\/product"}],"wp:attachment":[{"href":"https:\/\/roveyayinevi.com.tr\/index.php\/wp-json\/wp\/v2\/media?parent=726822"}],"wp:term":[{"taxonomy":"product_brand","embeddable":true,"href":"https:\/\/roveyayinevi.com.tr\/index.php\/wp-json\/wp\/v2\/product_brand?post=726822"},{"taxonomy":"product_cat","embeddable":true,"href":"https:\/\/roveyayinevi.com.tr\/index.php\/wp-json\/wp\/v2\/product_cat?post=726822"},{"taxonomy":"product_tag","embeddable":true,"href":"https:\/\/roveyayinevi.com.tr\/index.php\/wp-json\/wp\/v2\/product_tag?post=726822"}],"curies":[{"name":"wp","href":"https:\/\/api.w.org\/{rel}","templated":true}]}}