{"id":726773,"date":"2025-08-27T20:11:48","date_gmt":"2025-08-27T17:11:48","guid":{"rendered":"https:\/\/roveyayinevi.com.tr\/index.php\/urun\/zor-zamanlarda-iyi-ekonomi\/"},"modified":"2026-03-21T02:40:51","modified_gmt":"2026-03-20T23:40:51","slug":"zor-zamanlarda-iyi-ekonomi","status":"publish","type":"product","link":"https:\/\/roveyayinevi.com.tr\/index.php\/urun\/zor-zamanlarda-iyi-ekonomi\/","title":{"rendered":"Zor Zamanlarda \u0130yi Ekonomi"},"content":{"rendered":"<p>Ekonomi ad\u0131na \u00e7ok say\u0131da k\u00f6t\u00fc fikir ve politikan\u0131n a\u011f\u0131zdan a\u011f\u0131za dola\u015ft\u0131\u011f\u0131 bu \u00e7alkant\u0131l\u0131 zamanlarda, sa\u011fduyu ve \u2019iyi ekonomi\u201aye her zamankinden \u00e7ok daha \u015fiddetle ihtiya\u00e7 var. \u00d6nde gelen iki iktisat\u00e7\u0131n\u0131n yazd\u0131\u011f\u0131 bu geni\u015f kapsaml\u0131 ve ilgi \u00e7ekici kitap, ger\u00e7ekleri ortaya koyuyor ve sadece g\u00f6\u00e7, ticaret, otomasyon ve b\u00fcy\u00fcme hakk\u0131nda de\u011fil, \u00e7evre ve siyasi s\u00f6ylem hakk\u0131nda da ekonominin makul fikirlerinden \u00f6\u011frenece\u011fimiz \u00e7ok \u015fey oldu\u011funu g\u00f6steriyor. Mutlaka okunmal\u0131. Daron Acemo\u011flu Uluslar\u0131n D\u00fc\u015f\u00fc\u015f\u00fc ve Dar Koridor\u2019un yazar\u0131 Zor zamanlarda ya\u015f\u0131yoruz: artan g\u00f6\u00e7, toplumsal e\u015fitsizlik, i\u015fsizlik, yava\u015flayan b\u00fcy\u00fcme, iklim de\u011fi\u015fikli\u011fi&#8230; 2019 y\u0131l\u0131nda Nobel Ekonomi \u00d6d\u00fcl\u00fc\u2019ne lay\u0131k g\u00f6r\u00fclen Banerjee ve Duflo, g\u00fcn\u00fcm\u00fcz\u00fcn yak\u0131c\u0131 meselelerine ekonominin verece\u011fi cevaplar\u0131n pe\u015fine d\u00fc\u015f\u00fcyor.  <\/p>\n","protected":false},"excerpt":{"rendered":"<p>Ekonomi ad\u0131na \u00e7ok say\u0131da k\u00f6t\u00fc fikir ve politikan\u0131n a\u011f\u0131zdan a\u011f\u0131za dola\u015ft\u0131\u011f\u0131 bu \u00e7alkant\u0131l\u0131 zamanlarda, sa\u011fduyu ve \u2019iyi ekonomi\u201aye her zamankinden \u00e7ok daha \u015fiddetle ihtiya\u00e7 var. \u00d6nde<span class=\"excerpt-hellip\"> [\u2026]<\/span><\/p>\n","protected":false},"featured_media":0,"template":"","meta":{"_monsterinsights_skip_tracking":false,"_monsterinsights_sitenote_active":false,"_monsterinsights_sitenote_note":"","_monsterinsights_sitenote_category":0},"product_brand":[],"product_cat":[14841,13043],"product_tag":[],"class_list":{"0":"post-726773","1":"product","2":"type-product","3":"status-publish","5":"product_cat-arastirma-inceleme-kuram","6":"product_cat-ekonomi","7":"pa_cilt-ciltsiz","8":"pa_tur-kitap","9":"pa_yayinevi-dogan-kitap","10":"pa_yazar-abhijit-v-banerjee-esther-duflo","12":"first","13":"instock","14":"sale","15":"shipping-taxable","16":"purchasable","17":"product-type-simple"},"_links":{"self":[{"href":"https:\/\/roveyayinevi.com.tr\/index.php\/wp-json\/wp\/v2\/product\/726773","targetHints":{"allow":["GET"]}}],"collection":[{"href":"https:\/\/roveyayinevi.com.tr\/index.php\/wp-json\/wp\/v2\/product"}],"about":[{"href":"https:\/\/roveyayinevi.com.tr\/index.php\/wp-json\/wp\/v2\/types\/product"}],"wp:attachment":[{"href":"https:\/\/roveyayinevi.com.tr\/index.php\/wp-json\/wp\/v2\/media?parent=726773"}],"wp:term":[{"taxonomy":"product_brand","embeddable":true,"href":"https:\/\/roveyayinevi.com.tr\/index.php\/wp-json\/wp\/v2\/product_brand?post=726773"},{"taxonomy":"product_cat","embeddable":true,"href":"https:\/\/roveyayinevi.com.tr\/index.php\/wp-json\/wp\/v2\/product_cat?post=726773"},{"taxonomy":"product_tag","embeddable":true,"href":"https:\/\/roveyayinevi.com.tr\/index.php\/wp-json\/wp\/v2\/product_tag?post=726773"}],"curies":[{"name":"wp","href":"https:\/\/api.w.org\/{rel}","templated":true}]}}