{"id":726656,"date":"2025-08-27T20:10:06","date_gmt":"2025-08-27T17:10:06","guid":{"rendered":"https:\/\/roveyayinevi.com.tr\/index.php\/urun\/askeri-tarih-nedir\/"},"modified":"2026-04-16T02:34:42","modified_gmt":"2026-04-15T23:34:42","slug":"askeri-tarih-nedir","status":"publish","type":"product","link":"https:\/\/roveyayinevi.com.tr\/index.php\/urun\/askeri-tarih-nedir\/","title":{"rendered":"Askeri Tarih Nedir?"},"content":{"rendered":"<p>Tarihin kendisi kadar tarih yapmak hakk\u0131nda bir kitap Askeri Tarih Nedir? \u201cKim, neden \u00e7al\u0131\u015f\u0131r\u201d sorular\u0131ndan hareketle askeri tarihi bir t\u00fcr \u201csava\u015f destek\u00e7ili\u011fiyle\u201d e\u015fanlaml\u0131 g\u00f6ren bak\u0131\u015f a\u00e7\u0131lar\u0131na kar\u015f\u0131 g\u00fc\u00e7l\u00fc bir polemik. Morillo ve Pavkovic \u0130lyada gibi en eski tarih anlat\u0131lar\u0131nda sakl\u0131 askeri tarihten \u201caskeri devrim\u201d gibi g\u00fcncel tart\u0131\u015fmalara kadar uzanarak, b\u00fcy\u00fck kahramanl\u0131klara dayal\u0131 eski muharebe anlat\u0131lar\u0131n\u0131n kar\u015f\u0131s\u0131na cephe gerisinin g\u00fcndelik ya\u015fam\u0131n\u0131, lojisti\u011fi, kad\u0131nlar\u0131n sava\u015ftaki rol\u00fcn\u00fc ve askerlerin an\u0131lar\u0131n\u0131 \u00e7\u0131kar\u0131yor. Tarihyaz\u0131m\u0131n\u0131n \u00e7o\u011ful yap\u0131s\u0131na ve disiplin i\u00e7i tart\u0131\u015fmalara geni\u015f yer ay\u0131ran inceleme, emekli askerlerden iktisat\u00e7\u0131lara kadar askeri tarih \u00e7al\u0131\u015fmalar\u0131 y\u00fcr\u00fcten ki\u015fi ve kurulu\u015flar\u0131, e\u011fitimden medyaya kadar bir dizi tema dahilinde bir b\u00fct\u00fcn olarak alan\u0131n kurumsal yap\u0131s\u0131yla birlikte mercek alt\u0131na al\u0131yor. G\u00fcn\u00fcm\u00fczde sava\u015f\u0131n s\u0131n\u0131rlar\u0131n\u0131 belirsizle\u015ftiren \u00e7at\u0131\u015fmalar\u0131n yayg\u0131nl\u0131\u011f\u0131 kar\u015f\u0131s\u0131nda sadece muharebelere odaklanan tarihin s\u0131n\u0131rl\u0131l\u0131klar\u0131 ortadayken elinizdeki kitap, sava\u015f\u0131n Clausewitz\u2019ten beri a\u015fina oldu\u011fumuz siyaset ile girift ili\u015fkisinin yan\u0131 s\u0131ra iktisat, sosyoloji gibi disiplinlerle melezle\u015fme s\u00fcrecini de derli toplu bir \u015fekilde tart\u0131\u015f\u0131yor. Sava\u015f olgusunu daha geni\u015f bir \u00e7er\u00e7eveye yerle\u015ftirirken toplumsal cinsiyet, \u00e7evre, donanma tarihi, k\u00fcresel tarih gibi alanlar\u0131n getirdi\u011fi yeni bak\u0131\u015f a\u00e7\u0131lar\u0131n\u0131 da hesaba kat\u0131yor. Kavramsal haznesi gitgide geni\u015fleyen askeri tarih hakk\u0131nda \u015fimdiden alan\u0131n klasiklerinden biri olarak kabul edilen Askeri Tarih Nedir?, alana ilgi duyanlar i\u00e7in \u00f6nemli bir rehber niteli\u011finde. Bu kitab\u0131n amac\u0131 yeni ba\u015flayanlar i\u00e7in bir yol haritas\u0131 sa\u011flamakt\u0131r: \u00d6\u011frencileri askeri tarihin tarihiyle, onun mevcut bi\u00e7imleriyle, uygulay\u0131c\u0131lar\u0131yla, izleyicileriyle ve ihtilaflar\u0131yla, ayr\u0131ca kilit kavramlar\u0131 ve y\u00f6nelimleriyle tan\u0131\u015ft\u0131rmakt\u0131r. K\u0131sacas\u0131, bu kitap \u201cAskeri Tarih Nedir?\u201d sorusunu yan\u0131tlamaya giri\u015fiyor. <\/p>\n","protected":false},"excerpt":{"rendered":"<p>Tarihin kendisi kadar tarih yapmak hakk\u0131nda bir kitap Askeri Tarih Nedir? \u201cKim, neden \u00e7al\u0131\u015f\u0131r\u201d sorular\u0131ndan hareketle askeri tarihi bir t\u00fcr \u201csava\u015f destek\u00e7ili\u011fiyle\u201d e\u015fanlaml\u0131 g\u00f6ren bak\u0131\u015f a\u00e7\u0131lar\u0131na<span class=\"excerpt-hellip\"> [\u2026]<\/span><\/p>\n","protected":false},"featured_media":0,"template":"","meta":{"_monsterinsights_skip_tracking":false,"_monsterinsights_sitenote_active":false,"_monsterinsights_sitenote_note":"","_monsterinsights_sitenote_category":0},"product_brand":[],"product_cat":[12370,12304],"product_tag":[],"class_list":{"0":"post-726656","1":"product","2":"type-product","3":"status-publish","5":"product_cat-arastirma-inceleme","6":"product_cat-tarih","7":"pa_cilt-ciltsiz","8":"pa_tur-kitap","9":"pa_yayinevi-islik-yayinlari","10":"pa_yazar-stephen-morillo-michael-f-pavkovic","12":"first","13":"instock","14":"sale","15":"shipping-taxable","16":"purchasable","17":"product-type-simple"},"_links":{"self":[{"href":"https:\/\/roveyayinevi.com.tr\/index.php\/wp-json\/wp\/v2\/product\/726656","targetHints":{"allow":["GET"]}}],"collection":[{"href":"https:\/\/roveyayinevi.com.tr\/index.php\/wp-json\/wp\/v2\/product"}],"about":[{"href":"https:\/\/roveyayinevi.com.tr\/index.php\/wp-json\/wp\/v2\/types\/product"}],"wp:attachment":[{"href":"https:\/\/roveyayinevi.com.tr\/index.php\/wp-json\/wp\/v2\/media?parent=726656"}],"wp:term":[{"taxonomy":"product_brand","embeddable":true,"href":"https:\/\/roveyayinevi.com.tr\/index.php\/wp-json\/wp\/v2\/product_brand?post=726656"},{"taxonomy":"product_cat","embeddable":true,"href":"https:\/\/roveyayinevi.com.tr\/index.php\/wp-json\/wp\/v2\/product_cat?post=726656"},{"taxonomy":"product_tag","embeddable":true,"href":"https:\/\/roveyayinevi.com.tr\/index.php\/wp-json\/wp\/v2\/product_tag?post=726656"}],"curies":[{"name":"wp","href":"https:\/\/api.w.org\/{rel}","templated":true}]}}