{"id":726626,"date":"2025-08-27T20:09:31","date_gmt":"2025-08-27T17:09:31","guid":{"rendered":"https:\/\/roveyayinevi.com.tr\/index.php\/urun\/turk-tarihinde-memluk-asirlari\/"},"modified":"2026-04-16T02:34:41","modified_gmt":"2026-04-15T23:34:41","slug":"turk-tarihinde-memluk-asirlari","status":"publish","type":"product","link":"https:\/\/roveyayinevi.com.tr\/index.php\/urun\/turk-tarihinde-memluk-asirlari\/","title":{"rendered":"T\u00fcrk Tarihinde Memluk As\u0131rlar\u0131"},"content":{"rendered":"<p>T\u00fcrk tarihinde Meml\u00fbk as\u0131rlar\u0131, T\u00fcrklerin d\u00fcnya h\u00e2kimiyetinin ayak seslerinin duyuldu\u011fu \u00e7a\u011fd\u0131r&#8230;T\u00fcrk k\u00fclt\u00fcr\u00fc bu \u00e7a\u011flar boyunca \u00f6z\u00fcndeki tohumlar\u0131 farkl\u0131 co\u011frafyalara sa\u00e7t\u0131, buralarda muhtelif renklerde \u00e7o\u011fald\u0131. M\u0131s\u0131r\u2019\u0131 siyas\u00ee, iktisad\u00ee ve k\u00fclt\u00fcrel bak\u0131mdan \u0130sl\u00e2m \u00e2leminin en meden\u00ee ve en m\u00fcreffeh bir \u00fclkesi haline getiren T\u00fcrkler, ayn\u0131 zamanda mill\u00ee tarihlerinin en m\u00fcstesna devirlerinden birini de bu co\u011frafyada ya\u015fad\u0131lar. Bir Arap tarih\u00e7inin tabiriyle T\u00fcrkler M\u0131s\u0131r\u2019\u0131n tuzu oldular.T\u00fcrk tarihinin en ehemmiyetli ve renkli d\u00f6nemlerinden birini temsil eden Meml\u00fbkler, Ha\u00e7l\u0131 Seferleri ve Mo\u011fol sald\u0131r\u0131lar\u0131n\u0131n a\u011f\u0131r bask\u0131s\u0131 alt\u0131nda bulunan bug\u00fcnk\u00fc Orta Do\u011fu\u2019nun merkez co\u011frafyas\u0131nda i\u00e7 kar\u0131\u015f\u0131kl\u0131klar\u0131 a\u015farak, kurduklar\u0131 muntazam devlet mekanizmas\u0131 ve g\u00fc\u00e7l\u00fc asker\u00ee sistemle i\u00e7 ve d\u0131\u015f sald\u0131r\u0131larla ba\u015f etmeyi ba\u015fard\u0131klar\u0131 gibi T\u00fcrk k\u00fclt\u00fcr\u00fcn\u00fcn bu co\u011frafyadaki \u00f6l\u00fcms\u00fcz eserlerinin v\u00fccuda gelmesini de sa\u011flad\u0131lar.Meml\u00fbklerin temsil etti\u011fi bu yap\u0131, \u0130sl\u00e2m medeniyetinin merkez\u00ee kurumlar\u0131n\u0131n, T\u00fcrkistan merkezli bir siyasetin, Sel\u00e7uklular devrinde ya\u015fad\u0131\u011f\u0131 d\u00f6n\u00fc\u015f\u00fcm\u00fcn M\u0131s\u0131r-Suriye merkezinde devam\u0131 niteli\u011findedir. Osmanl\u0131larla bayrakla\u015fan bir s\u00fcre\u00e7te \u0130sl\u00e2m\u2019\u0131n temsilini ve T\u00fcrk k\u00fclt\u00fcr\u00fcn\u00fcn yay\u0131lmas\u0131n\u0131 devam ettiren Meml\u00fbkler, bu \u00e7abalar\u0131n\u0131n sonucunda yerle\u015ftikleri co\u011frafyan\u0131n kudretli, de\u011ferli ve \u00f6nemli bir par\u00e7as\u0131 olarak tarihe m\u00e2l oldular.Alandaki say\u0131l\u0131 uzmanlardan Prof. Dr. Altan \u00c7etin, bu eserinde, Meml\u00fbklerin asker\u00ee ve idari te\u015fkilatlar\u0131ndan k\u00fclt\u00fcrel ya\u015famlar\u0131na kadar ayr\u0131nt\u0131l\u0131 bilgiler sunuyor. Okuyucular\u0131n yo\u011fun ilgisini \u00e7ekecek bu eser, literat\u00fcrdeki eksiklikleri kapatarak t\u00fcm tarih okurlar\u0131n\u0131n ba\u015fvuraca\u011f\u0131 temel kaynaklardan biri olacak\u2026<\/p>\n","protected":false},"excerpt":{"rendered":"<p>T\u00fcrk tarihinde Meml\u00fbk as\u0131rlar\u0131, T\u00fcrklerin d\u00fcnya h\u00e2kimiyetinin ayak seslerinin duyuldu\u011fu \u00e7a\u011fd\u0131r&#8230;T\u00fcrk k\u00fclt\u00fcr\u00fc bu \u00e7a\u011flar boyunca \u00f6z\u00fcndeki tohumlar\u0131 farkl\u0131 co\u011frafyalara sa\u00e7t\u0131, buralarda muhtelif renklerde \u00e7o\u011fald\u0131. M\u0131s\u0131r\u2019\u0131 siyas\u00ee,<span class=\"excerpt-hellip\"> [\u2026]<\/span><\/p>\n","protected":false},"featured_media":0,"template":"","meta":{"_monsterinsights_skip_tracking":false,"_monsterinsights_sitenote_active":false,"_monsterinsights_sitenote_note":"","_monsterinsights_sitenote_category":0},"product_brand":[],"product_cat":[12304,13650],"product_tag":[],"class_list":{"0":"post-726626","1":"product","2":"type-product","3":"status-publish","5":"product_cat-tarih","6":"product_cat-turk-tarihi-arastirmalari","7":"pa_cilt-ciltsiz","8":"pa_tur-kitap","9":"pa_yayinevi-timas-yayinlari","10":"pa_yazar-altan-cetin","12":"first","13":"instock","14":"sale","15":"shipping-taxable","16":"purchasable","17":"product-type-simple"},"_links":{"self":[{"href":"https:\/\/roveyayinevi.com.tr\/index.php\/wp-json\/wp\/v2\/product\/726626","targetHints":{"allow":["GET"]}}],"collection":[{"href":"https:\/\/roveyayinevi.com.tr\/index.php\/wp-json\/wp\/v2\/product"}],"about":[{"href":"https:\/\/roveyayinevi.com.tr\/index.php\/wp-json\/wp\/v2\/types\/product"}],"wp:attachment":[{"href":"https:\/\/roveyayinevi.com.tr\/index.php\/wp-json\/wp\/v2\/media?parent=726626"}],"wp:term":[{"taxonomy":"product_brand","embeddable":true,"href":"https:\/\/roveyayinevi.com.tr\/index.php\/wp-json\/wp\/v2\/product_brand?post=726626"},{"taxonomy":"product_cat","embeddable":true,"href":"https:\/\/roveyayinevi.com.tr\/index.php\/wp-json\/wp\/v2\/product_cat?post=726626"},{"taxonomy":"product_tag","embeddable":true,"href":"https:\/\/roveyayinevi.com.tr\/index.php\/wp-json\/wp\/v2\/product_tag?post=726626"}],"curies":[{"name":"wp","href":"https:\/\/api.w.org\/{rel}","templated":true}]}}