{"id":726591,"date":"2025-08-27T20:09:02","date_gmt":"2025-08-27T17:09:02","guid":{"rendered":"https:\/\/roveyayinevi.com.tr\/index.php\/urun\/buyuk-selcuklular-2\/"},"modified":"2026-04-16T02:34:11","modified_gmt":"2026-04-15T23:34:11","slug":"buyuk-selcuklular-2","status":"publish","type":"product","link":"https:\/\/roveyayinevi.com.tr\/index.php\/urun\/buyuk-selcuklular-2\/","title":{"rendered":"B\u00fcy\u00fck Sel\u00e7uklular"},"content":{"rendered":"<p>Her anlamda Osmanl\u0131 Devleti\u2019nin temellerinin at\u0131ld\u0131\u011f\u0131 bir d\u00f6nemin h\u00fck\u00fcmranlar\u0131 olan Sel\u00e7uklular, tarihin hangi sahnesinde kalm\u0131\u015ft\u0131r? En az Osmanl\u0131lar kadar bu co\u011frafyada ya\u015fayan T\u00fcrklerin atas\u0131 olup, T\u00fcrklerin \u0130sl\u00e2mla\u015fma s\u00fcrecini y\u00f6nettiklerinden dolay\u0131 \u00f6zellikle M\u00fcsl\u00fcman T\u00fcrk kimli\u011finin ba\u015flang\u0131\u00e7 noktas\u0131nda yer alan Sel\u00e7uklular hakk\u0131nda neden yeterli bilgi ve bilince sahip de\u011filiz? Osmanl\u0131lardan \u00f6nce Aral G\u00f6l\u00fc k\u0131y\u0131lar\u0131ndan \u00e7\u0131k\u0131p da k\u0131sa s\u00fcre i\u00e7erisinde b\u00fct\u00fcn Ortado\u011fu\u2019yu egemenlikleri alt\u0131na almay\u0131 ba\u015faran Sel\u00e7uklular kimdir? Nereden gelmi\u015f, hangi co\u011frafyada h\u00e2kim olmu\u015f, nas\u0131l ba\u015far\u0131l\u0131 olmu\u015flard\u0131r? M\u00fcsl\u00fcman olu\u015flar\u0131, devletleri, siyasal kavray\u0131\u015flar\u0131, din anlay\u0131\u015flar\u0131 ve Osmanl\u0131 ho\u015fg\u00f6r\u00fcs\u00fcne de kaynakl\u0131k edecek olan idari ho\u015fg\u00f6r\u00fcleri&#8230;Osmanl\u0131 siyasal iktidar\u0131nda da g\u00fc\u00e7l\u00fc ve merkez\u00ee bir konumu bulunan vezirlik kurumunun Sel\u00e7uklu\u2019daki temelleri nas\u0131l at\u0131ld\u0131?Sel\u00e7uklular\u0131n Anadolu\u2019daki fetih faaliyetlerine Bizansl\u0131lar\u0131n tepkisi neydi?Tarih sahnesine \u00e7\u0131kt\u0131klar\u0131 d\u00f6nemde b\u00f6lgenin siyasi haritas\u0131 nas\u0131ld\u0131?\u0130sl\u00e2miyet\u2019in \u00f6zellikle T\u00fcrkler aras\u0131nda yay\u0131lma s\u00fcrecinde ba\u015fat bir rol \u00fcstlenen Sel\u00e7uklular\u0131n k\u0131sa s\u00fcrede b\u00fct\u00fcn Ortado\u011fu\u2019ya yay\u0131lmas\u0131 \u0130sl\u00e2m d\u00fcnyas\u0131nda ilk etapta muayyen bir \u201cistila\u201d korkusu yaratm\u0131\u015f m\u0131yd\u0131?Osmanl\u0131lar d\u00f6neminden bildi\u011fimiz taht m\u00fccadeleleri, karde\u015f kavgalar\u0131, saray entrikalar\u0131 ve iktidar h\u0131rslar\u0131 Sel\u00e7uklular d\u00f6neminde nas\u0131l kay\u0131t alt\u0131na al\u0131nm\u0131\u015ft\u0131?Anla\u015f\u0131lmay\u0131 ve ara\u015ft\u0131r\u0131lmay\u0131 bekleyen bir alan olmas\u0131 itibariyle dikkatleri zaten \u00fczerine \u00e7eken Sel\u00e7uklular, Ege \u00dcniversitesi \u00f6\u011fretim \u00fcyelerinden Prof. Dr. Mehmet Ersan ve Do\u00e7. Dr. Mustafa Alican taraf\u0131ndan g\u00fcn\u00fcm\u00fcze ta\u015f\u0131nd\u0131; B\u00fcy\u00fck Sel\u00e7uklular\/Sel\u00e7uklular\u0131 Yeniden Ke\u015ffetmek&#8230;Her okurun anlayabilece\u011fi bir \u00fcslupla, soru-cevap \u015feklinde kaleme al\u0131nan ve alan\u0131nda ilk olan bu eser, tarihe merakl\u0131 t\u00fcm okurlara Sel\u00e7uklular\u0131 anlatacak&#8230;<\/p>\n","protected":false},"excerpt":{"rendered":"<p>Her anlamda Osmanl\u0131 Devleti\u2019nin temellerinin at\u0131ld\u0131\u011f\u0131 bir d\u00f6nemin h\u00fck\u00fcmranlar\u0131 olan Sel\u00e7uklular, tarihin hangi sahnesinde kalm\u0131\u015ft\u0131r? En az Osmanl\u0131lar kadar bu co\u011frafyada ya\u015fayan T\u00fcrklerin atas\u0131 olup, T\u00fcrklerin<span class=\"excerpt-hellip\"> [\u2026]<\/span><\/p>\n","protected":false},"featured_media":0,"template":"","meta":{"_monsterinsights_skip_tracking":false,"_monsterinsights_sitenote_active":false,"_monsterinsights_sitenote_note":"","_monsterinsights_sitenote_category":0},"product_brand":[],"product_cat":[12370,12304],"product_tag":[],"class_list":{"0":"post-726591","1":"product","2":"type-product","3":"status-publish","5":"product_cat-arastirma-inceleme","6":"product_cat-tarih","7":"pa_cilt-ciltsiz","8":"pa_tur-kitap","9":"pa_yayinevi-timas-yayinlari","10":"pa_yazar-mehmet-ersan-mustafa-alican","12":"first","13":"instock","14":"sale","15":"shipping-taxable","16":"purchasable","17":"product-type-simple"},"_links":{"self":[{"href":"https:\/\/roveyayinevi.com.tr\/index.php\/wp-json\/wp\/v2\/product\/726591","targetHints":{"allow":["GET"]}}],"collection":[{"href":"https:\/\/roveyayinevi.com.tr\/index.php\/wp-json\/wp\/v2\/product"}],"about":[{"href":"https:\/\/roveyayinevi.com.tr\/index.php\/wp-json\/wp\/v2\/types\/product"}],"wp:attachment":[{"href":"https:\/\/roveyayinevi.com.tr\/index.php\/wp-json\/wp\/v2\/media?parent=726591"}],"wp:term":[{"taxonomy":"product_brand","embeddable":true,"href":"https:\/\/roveyayinevi.com.tr\/index.php\/wp-json\/wp\/v2\/product_brand?post=726591"},{"taxonomy":"product_cat","embeddable":true,"href":"https:\/\/roveyayinevi.com.tr\/index.php\/wp-json\/wp\/v2\/product_cat?post=726591"},{"taxonomy":"product_tag","embeddable":true,"href":"https:\/\/roveyayinevi.com.tr\/index.php\/wp-json\/wp\/v2\/product_tag?post=726591"}],"curies":[{"name":"wp","href":"https:\/\/api.w.org\/{rel}","templated":true}]}}