{"id":726590,"date":"2025-08-27T20:09:01","date_gmt":"2025-08-27T17:09:01","guid":{"rendered":"https:\/\/roveyayinevi.com.tr\/index.php\/urun\/poetik-ve-politik-bir-kulturel-calismalar-ansiklopedisi\/"},"modified":"2026-04-16T02:34:11","modified_gmt":"2026-04-15T23:34:11","slug":"poetik-ve-politik-bir-kulturel-calismalar-ansiklopedisi","status":"publish","type":"product","link":"https:\/\/roveyayinevi.com.tr\/index.php\/urun\/poetik-ve-politik-bir-kulturel-calismalar-ansiklopedisi\/","title":{"rendered":"Poetik ve Politik: Bir K\u00fclt\u00fcrel \u00c7al\u0131\u015fmalar Ansiklopedisi"},"content":{"rendered":"<p>Besim F. Dellalo\u011flu, yeni kitab\u0131 Poetik ve Politik\u2019te okuru \u2018uzun bir devrim\u2019e davet edip zihinsel bir yolculu\u011fa \u00e7\u0131kar\u0131yor. \u00dcnl\u00fc sosyolog, \u0130stanbul-Sakarya-Lizbon-Strasbourg hatt\u0131nda \u015fekillenen \u2018k\u00fclt\u00fcrel \u00e7al\u0131\u015fmalar ansiklopedisi\u2019nde, kavramlar \u00fczerine arkeolojik kaz\u0131lar yap\u0131yor ve bu kaz\u0131lardan g\u00fcn\u00fcm\u00fcz T\u00fcrkiye\u2019sine dair \u00f6nemli sonu\u00e7lar \u00e7\u0131kar\u0131yor.\u201cAvrupa tecr\u00fcbesinde M\u00fcfredat, Maarif\u2019ten \u00f6nce olu\u015fmu\u015ftur. Bu ayn\u0131 zamanda \u015fu anlama gelir: Bat\u0131\u2019da M\u00fcfredat, ulus-devletten \u00f6ncedir. [\u2026] R\u00f6nesans\u2019tan beri geli\u015fen k\u00fclt\u00fcrel kamusal alan M\u00fcfredat\u2019\u0131n olu\u015ftu\u011fu yerdir. Dolay\u0131s\u0131yla Avrupa ulus-devletleri yurtta\u015f prototiplerini i\u015fte bu kamusal alandan dev\u015firmi\u015f ve zorunlu e\u011fitimle toplumsalla\u015ft\u0131rm\u0131\u015flard\u0131r. Ancak \u00f6rne\u011fin T\u00fcrkiye gibi modernle\u015fme toplumlar\u0131nda ise Maarif g\u00fcndeme geldi\u011finde kamusalla\u015fm\u0131\u015f bir M\u00fcfredat h\u00e2lihaz\u0131rda mevcut de\u011fildir. Kamusalla\u015fm\u0131\u015f bir M\u00fcfredat\u2019\u0131n eksikli\u011fi ise Maarif ile Antropolojik K\u00fclt\u00fcr aras\u0131ndaki s\u00fcreklili\u011fin yeterince sa\u011flanamamas\u0131na neden olmu\u015ftur. Evet, T\u00fcrkiye\u2019de Maarif ile Antropolojik K\u00fclt\u00fcr aras\u0131ndaki mesafe \u00e7ok fazlad\u0131r. Hatta o kadar fazlad\u0131r ki, bug\u00fcn T\u00fcrkiye\u2019de ya\u015fanan K\u00fclt\u00fcr Sava\u015flar\u0131\u2019n\u0131n gerilim ekseni tam da buraya konumlanmaktad\u0131r. Yani T\u00fcrkiye\u2019deki K\u00fclt\u00fcr Sava\u015flar\u0131\u2019n\u0131n \u00f6nemli bir boyutu Antropolojik K\u00fclt\u00fcr ile Maarif aras\u0131ndad\u0131r. \u0130slamc\u0131lar, yerliciler, muhafazak\u00e2rlar \u0131srarla Antropolojik K\u00fclt\u00fcr\u2019\u00fc savunurken, laikler, sek\u00fclerler, solcular Maarif\u2019i savunmaktad\u0131rlar.\u201d\u00dclkemizin kendine \u00f6zg\u00fc d\u00fc\u015f\u00fcnce insanlar\u0131ndan Besim F. Dellalo\u011flu, Poetik ve Politik\u2019te R\u00f6nesans\u2019tan medreseye, matbaadan medeniyete \u015fekil veren kavramlara yeni pencereler a\u00e7\u0131yor, tabula rasa\u2019lar\u0131 yeniden tan\u0131ml\u0131yor.<\/p>\n","protected":false},"excerpt":{"rendered":"<p>Besim F. Dellalo\u011flu, yeni kitab\u0131 Poetik ve Politik\u2019te okuru \u2018uzun bir devrim\u2019e davet edip zihinsel bir yolculu\u011fa \u00e7\u0131kar\u0131yor. \u00dcnl\u00fc sosyolog, \u0130stanbul-Sakarya-Lizbon-Strasbourg hatt\u0131nda \u015fekillenen \u2018k\u00fclt\u00fcrel \u00e7al\u0131\u015fmalar ansiklopedisi\u2019nde,<span class=\"excerpt-hellip\"> [\u2026]<\/span><\/p>\n","protected":false},"featured_media":0,"template":"","meta":{"_monsterinsights_skip_tracking":false,"_monsterinsights_sitenote_active":false,"_monsterinsights_sitenote_note":"","_monsterinsights_sitenote_category":0},"product_brand":[],"product_cat":[13633,12324],"product_tag":[],"class_list":{"0":"post-726590","1":"product","2":"type-product","3":"status-publish","5":"product_cat-kultur-ve-bilim","6":"product_cat-sosyoloji","7":"pa_cilt-ciltsiz","8":"pa_tur-kitap","9":"pa_yayinevi-timas-yayinlari","10":"pa_yazar-besim-f-dellaloglu","12":"first","13":"instock","14":"sale","15":"shipping-taxable","16":"purchasable","17":"product-type-simple"},"_links":{"self":[{"href":"https:\/\/roveyayinevi.com.tr\/index.php\/wp-json\/wp\/v2\/product\/726590","targetHints":{"allow":["GET"]}}],"collection":[{"href":"https:\/\/roveyayinevi.com.tr\/index.php\/wp-json\/wp\/v2\/product"}],"about":[{"href":"https:\/\/roveyayinevi.com.tr\/index.php\/wp-json\/wp\/v2\/types\/product"}],"wp:attachment":[{"href":"https:\/\/roveyayinevi.com.tr\/index.php\/wp-json\/wp\/v2\/media?parent=726590"}],"wp:term":[{"taxonomy":"product_brand","embeddable":true,"href":"https:\/\/roveyayinevi.com.tr\/index.php\/wp-json\/wp\/v2\/product_brand?post=726590"},{"taxonomy":"product_cat","embeddable":true,"href":"https:\/\/roveyayinevi.com.tr\/index.php\/wp-json\/wp\/v2\/product_cat?post=726590"},{"taxonomy":"product_tag","embeddable":true,"href":"https:\/\/roveyayinevi.com.tr\/index.php\/wp-json\/wp\/v2\/product_tag?post=726590"}],"curies":[{"name":"wp","href":"https:\/\/api.w.org\/{rel}","templated":true}]}}