{"id":726418,"date":"2025-08-27T20:05:41","date_gmt":"2025-08-27T17:05:41","guid":{"rendered":"https:\/\/roveyayinevi.com.tr\/index.php\/urun\/bir-darbeci-subayin-hatiralari\/"},"modified":"2026-04-16T02:34:07","modified_gmt":"2026-04-15T23:34:07","slug":"bir-darbeci-subayin-hatiralari","status":"publish","type":"product","link":"https:\/\/roveyayinevi.com.tr\/index.php\/urun\/bir-darbeci-subayin-hatiralari\/","title":{"rendered":"Bir Darbeci Subay\u0131n Hat\u0131ralar\u0131"},"content":{"rendered":"<p>Darbe y\u0131llar\u0131n\u0131Birinci elden okumak\u2026\u201c27 May\u0131s 1960 darbesi ve sonras\u0131nda askerlerin ba\u015flar\u0131na gelenleri mutlaka anlatmal\u0131yd\u0131m\u2026 Darbelere kat\u0131lan subaylar, Harbiyeli \u00f6\u011frenciler ve onlar\u0131n de\u011ferli e\u015fleri ile \u00e7ocuklar\u0131n\u0131n \u0131srarlar\u0131 \u00fczerine bu d\u00f6nemi yazmal\u0131yd\u0131m\u2026\u201dBahtiyar YaltaGen\u00e7 T\u00fcrkiye Cumhuriyeti\u2019nin tarihi bir bak\u0131ma darbeler ve muht\u0131ralar tarihidir. \u00d6zellikle tek parti iktidar\u0131n\u0131n 1950 y\u0131l\u0131nda sona ermesinden itibaren pek \u00e7ok darbe s\u00fcreci ya\u015fanm\u0131\u015ft\u0131r. Cumhuriyetimizin bu tansiyonu y\u00fcksek zamanlar\u0131na \u0131\u015f\u0131k tutmak i\u00e7in son derece kritik olan asker-sivil ili\u015fkisini de yeniden g\u00fcndeme ta\u015f\u0131mak ve ilk elden belgelerle, hat\u0131ralarla masaya yat\u0131rmak gerekiyor.Bahtiyar Yalta; A\u011fustos 1950\u2019de g\u00f6n\u00fcll\u00fc olarak Kore Sava\u015f\u0131\u2019na kat\u0131lm\u0131\u015f, yurda d\u00f6ner d\u00f6nmez kat\u0131ld\u0131\u011f\u0131 Cumhurba\u015fkanl\u0131\u011f\u0131 Muhaf\u0131z Alay\u0131 ba\u015fta olmak \u00fczere T\u00fcrk Silahl\u0131 Kuvvetleri\u2019ne pek \u00e7ok alanda hizmet etmi\u015f, A\u011fustos 1960\u2019ta Kara Harp Okulu II. \u00d6\u011frenci Taburu komutan\u0131 olarak g\u00f6revlendirilmi\u015f, 22 \u015eubat 1962 olay\u0131 ile 24 \u015eubat 1962\u2019de kurmay k\u0131demli binba\u015f\u0131 olarak emekli edilmi\u015ftir. 21 May\u0131s 1963\u2019teki ihtilal giri\u015fimine kat\u0131ld\u0131\u011f\u0131 i\u00e7in d\u00f6rt seneye yak\u0131n cezaevinde kalm\u0131\u015ft\u0131r. Demokrat Parti\u2019ye kar\u015f\u0131 y\u00fcr\u00fct\u00fclen gizli yap\u0131lanmalarda \u00f6nemli rol oynayan ve bir d\u00f6neme damgas\u0131n\u0131 vuran Talat Aydemir\u2019in mesai arkada\u015flar\u0131ndan biri olmas\u0131n\u0131n yan\u0131 s\u0131ra pek \u00e7ok konuda fikirlerine ba\u015fvurulmu\u015f ve kendisine kritik g\u00f6revler verilmi\u015ftir.22 \u015eubat 1962 ve 21 May\u0131s 1963 tarihlerinde ya\u015fanan iki darbe giri\u015fiminde olaylar\u0131n merkezinde yer almas\u0131 nedeniyle Bahtiyar Yalta\u2019n\u0131n hat\u0131ralar\u0131 b\u00fcy\u00fck bir \u00f6nem arz etmektedir. Her iki s\u00fcre\u00e7te de etkin rol oynayan ki\u015filerle yapt\u0131\u011f\u0131 g\u00f6r\u00fc\u015fmeleri aktarmas\u0131 bu hat\u0131ralar\u0131 daha da de\u011ferli k\u0131lmaktad\u0131r. Yalta\u2019n\u0131n an\u0131lar\u0131 engin bir haf\u0131zan\u0131n T\u00fcrk tarihine arma\u011fan\u0131d\u0131r.<\/p>\n","protected":false},"excerpt":{"rendered":"<p>Darbe y\u0131llar\u0131n\u0131Birinci elden okumak\u2026\u201c27 May\u0131s 1960 darbesi ve sonras\u0131nda askerlerin ba\u015flar\u0131na gelenleri mutlaka anlatmal\u0131yd\u0131m\u2026 Darbelere kat\u0131lan subaylar, Harbiyeli \u00f6\u011frenciler ve onlar\u0131n de\u011ferli e\u015fleri ile \u00e7ocuklar\u0131n\u0131n \u0131srarlar\u0131<span class=\"excerpt-hellip\"> [\u2026]<\/span><\/p>\n","protected":false},"featured_media":0,"template":"","meta":{"_monsterinsights_skip_tracking":false,"_monsterinsights_sitenote_active":false,"_monsterinsights_sitenote_note":"","_monsterinsights_sitenote_category":0},"product_brand":[],"product_cat":[12370,12304],"product_tag":[],"class_list":{"0":"post-726418","1":"product","2":"type-product","3":"status-publish","5":"product_cat-arastirma-inceleme","6":"product_cat-tarih","7":"pa_cilt-ciltsiz","8":"pa_tur-kitap","9":"pa_yayinevi-kronik-kitap","10":"pa_yazar-bahtiyar-yalta","12":"first","13":"instock","14":"sale","15":"shipping-taxable","16":"purchasable","17":"product-type-simple"},"_links":{"self":[{"href":"https:\/\/roveyayinevi.com.tr\/index.php\/wp-json\/wp\/v2\/product\/726418","targetHints":{"allow":["GET"]}}],"collection":[{"href":"https:\/\/roveyayinevi.com.tr\/index.php\/wp-json\/wp\/v2\/product"}],"about":[{"href":"https:\/\/roveyayinevi.com.tr\/index.php\/wp-json\/wp\/v2\/types\/product"}],"wp:attachment":[{"href":"https:\/\/roveyayinevi.com.tr\/index.php\/wp-json\/wp\/v2\/media?parent=726418"}],"wp:term":[{"taxonomy":"product_brand","embeddable":true,"href":"https:\/\/roveyayinevi.com.tr\/index.php\/wp-json\/wp\/v2\/product_brand?post=726418"},{"taxonomy":"product_cat","embeddable":true,"href":"https:\/\/roveyayinevi.com.tr\/index.php\/wp-json\/wp\/v2\/product_cat?post=726418"},{"taxonomy":"product_tag","embeddable":true,"href":"https:\/\/roveyayinevi.com.tr\/index.php\/wp-json\/wp\/v2\/product_tag?post=726418"}],"curies":[{"name":"wp","href":"https:\/\/api.w.org\/{rel}","templated":true}]}}