{"id":726313,"date":"2025-08-27T20:04:17","date_gmt":"2025-08-27T17:04:17","guid":{"rendered":"https:\/\/roveyayinevi.com.tr\/index.php\/urun\/fikri-hur-vicdani-hur\/"},"modified":"2026-04-16T02:34:04","modified_gmt":"2026-04-15T23:34:04","slug":"fikri-hur-vicdani-hur","status":"publish","type":"product","link":"https:\/\/roveyayinevi.com.tr\/index.php\/urun\/fikri-hur-vicdani-hur\/","title":{"rendered":"Fikri H\u00fcr Vicdan\u0131 H\u00fcr"},"content":{"rendered":"<p>\u00dclkedeki ilk medya operasyonlar\u0131ndan mevcut iktidar\u0131n y\u0131llar i\u00e7indeki  d\u00f6n\u00fc\u015f\u00fcm\u00fcne; y\u00fcksek tansiyonlu se\u00e7im gecelerinden The Marmara olay\u0131na; yeterince anla\u015f\u0131lamam\u0131\u015f bir Atat\u00fcrk\u2019ten  Ayasofya\u2019n\u0131n ibadete a\u00e7\u0131lmas\u0131na, \u201cAdam Kazand\u0131\u201d olay\u0131ndan iktidar ve muhalefet adaylar\u0131n\u0131n y\u0131llar sonra bir araya geldi\u011fi ilk a\u00e7\u0131koturuma; Fatih Portakal\u2019\u0131n emekliye ayr\u0131lma karar\u0131ndan medya, iktidar, kad\u0131n cinayetleri, yoksulluk ve Z ku\u015fa\u011f\u0131n\u0131n iktidar alg\u0131s\u0131na dek uzanan ve T\u00fcrkiye\u2019nin son yirmi y\u0131l\u0131na damgas\u0131n\u0131 vuran olaylar \u0130smail K\u00fc\u00e7\u00fckkaya\u2019n\u0131n kaleminden okuyucusuna yans\u0131yor.   Fikri H\u00fcr Vicdan\u0131 H\u00fcr sadece kamuya kar\u015f\u0131 sorumluluk duyan ve haberi de\u011fer kabul eden bir gazetecinin, \u0130smail K\u00fc\u00e7\u00fckkaya\u2019n\u0131n toplumsal haf\u0131zaya d\u00fc\u015ft\u00fc\u011f\u00fc bir not\u2026     \u201cGen\u00e7 ya\u015flar\u0131ndan itibaren tan\u0131d\u0131\u011f\u0131m K\u00fc\u00e7\u00fckkaya\u2019n\u0131n devaml\u0131 \u00f6\u011frenmeye ve kendini geli\u015ftirmeye \u00e7al\u0131\u015fmas\u0131 bizde 60\u2019l\u0131 y\u0131llardan itibaren kaybolan gazetecileri hat\u0131rlat\u0131r bana ve onu bug\u00fcn\u00fcn gazetecilerinden farkl\u0131 k\u0131lar. \u0130smail K\u00fc\u00e7\u00fckkaya otosans\u00fcr de dahil sans\u00fcr\u00fcn her t\u00fcr\u00fcnden \u015fiddetle ka\u00e7\u0131nan bir gazetecidir.  Haberleri, yeni bir olay\u0131 g\u00f6r\u00fcp de nakleden bir \u00e7ocu\u011fun heyecan\u0131 i\u00e7inde verir, yorumlar\u0131n\u0131 yapar. T\u00fcm sevimlili\u011fiyle, son derece ciddi bir yorumcu ve gazetecidir.\u201d   \u0130lber Ortayl\u0131 <\/p>\n","protected":false},"excerpt":{"rendered":"<p>\u00dclkedeki ilk medya operasyonlar\u0131ndan mevcut iktidar\u0131n y\u0131llar i\u00e7indeki d\u00f6n\u00fc\u015f\u00fcm\u00fcne; y\u00fcksek tansiyonlu se\u00e7im gecelerinden The Marmara olay\u0131na; yeterince anla\u015f\u0131lamam\u0131\u015f bir Atat\u00fcrk\u2019ten Ayasofya\u2019n\u0131n ibadete a\u00e7\u0131lmas\u0131na, \u201cAdam Kazand\u0131\u201d olay\u0131ndan<span class=\"excerpt-hellip\"> [\u2026]<\/span><\/p>\n","protected":false},"featured_media":0,"template":"","meta":{"_monsterinsights_skip_tracking":false,"_monsterinsights_sitenote_active":false,"_monsterinsights_sitenote_note":"","_monsterinsights_sitenote_category":0},"product_brand":[],"product_cat":[31194,12337],"product_tag":[],"class_list":{"0":"post-726313","1":"product","2":"type-product","3":"status-publish","5":"product_cat-guncel-siyaset","6":"product_cat-politika-siyaset","7":"pa_cilt-ciltsiz","8":"pa_tur-kitap","9":"pa_yayinevi-nemesis-kitap","10":"pa_yazar-ismail-kucukkaya","12":"first","13":"instock","14":"sale","15":"shipping-taxable","16":"purchasable","17":"product-type-simple"},"_links":{"self":[{"href":"https:\/\/roveyayinevi.com.tr\/index.php\/wp-json\/wp\/v2\/product\/726313","targetHints":{"allow":["GET"]}}],"collection":[{"href":"https:\/\/roveyayinevi.com.tr\/index.php\/wp-json\/wp\/v2\/product"}],"about":[{"href":"https:\/\/roveyayinevi.com.tr\/index.php\/wp-json\/wp\/v2\/types\/product"}],"wp:attachment":[{"href":"https:\/\/roveyayinevi.com.tr\/index.php\/wp-json\/wp\/v2\/media?parent=726313"}],"wp:term":[{"taxonomy":"product_brand","embeddable":true,"href":"https:\/\/roveyayinevi.com.tr\/index.php\/wp-json\/wp\/v2\/product_brand?post=726313"},{"taxonomy":"product_cat","embeddable":true,"href":"https:\/\/roveyayinevi.com.tr\/index.php\/wp-json\/wp\/v2\/product_cat?post=726313"},{"taxonomy":"product_tag","embeddable":true,"href":"https:\/\/roveyayinevi.com.tr\/index.php\/wp-json\/wp\/v2\/product_tag?post=726313"}],"curies":[{"name":"wp","href":"https:\/\/api.w.org\/{rel}","templated":true}]}}