{"id":726281,"date":"2025-08-27T20:03:50","date_gmt":"2025-08-27T17:03:50","guid":{"rendered":"https:\/\/roveyayinevi.com.tr\/index.php\/urun\/folklor-ve-sinema\/"},"modified":"2026-04-16T02:34:04","modified_gmt":"2026-04-15T23:34:04","slug":"folklor-ve-sinema","status":"publish","type":"product","link":"https:\/\/roveyayinevi.com.tr\/index.php\/urun\/folklor-ve-sinema\/","title":{"rendered":"Folklor ve Sinema"},"content":{"rendered":"<p>20. y\u00fczy\u0131l\u0131n anlat\u0131s\u0131 sinemad\u0131r. \u00c7ok k\u0131sa bir zaman i\u00e7inde h\u00fckm\u00fcn\u00fc t\u00fcm k\u0131talara yaym\u0131\u015f, anlat\u0131 t\u00fcr\u00fcn\u00fcn eski ve sayg\u0131n \u00fcr\u00fcnlerini bile kendisine ram etmi\u015ftir. \u0130nsan\u0131n anlat\u0131y\u0131 \u201cg\u00f6rmek\u201d i\u015ftiyak\u0131, her direnci k\u0131rm\u0131\u015f, \u201ctalep\u201d kendisini herkese dayatm\u0131\u015ft\u0131r. \u00dcstelik bu s\u00fcre\u00e7te ba\u015flang\u0131\u00e7ta salt e\u011flence olan bir sekt\u00f6r, evrimi i\u00e7inde \u201cYedinci Sanat\u201dl\u0131\u011fa terfi etmi\u015ftir. \u00c7\u00fcnk\u00fc sinema, her anlat\u0131 gibi, \u00f6yle ya da b\u00f6yle insanl\u0131k durumuyla yak\u0131ndan ili\u015fkilidir. \u0130nsan ve onun t\u00fcm ba\u011f\u0131nt\u0131lar\u0131, her zaman sineman\u0131n merkezinde olmu\u015ftur. \u0130ster \u00fc\u00e7\u00fcnc\u00fc s\u0131n\u0131f bir korku filmi isterse bir sinema klasi\u011fi olsun her ikisinde de insana ait bir \u201c\u00f6z\u201d vard\u0131r. Bu \u00f6z, sinemay\u0131 vazge\u00e7ilmez k\u0131lmaktad\u0131r. Bu noktada insana dokunan bir sanat\u0131n gelene\u011fi bo\u015flamas\u0131 d\u00fc\u015f\u00fcn\u00fclemez. \u00c7ok erken devirlerden itibaren sinemada geleneksel hayat\u0131n \u00e7e\u015fitli sahnelerinin \u00f6yle ya da b\u00f6yle arz\u0131endam etti\u011fi g\u00f6r\u00fclmektedir. T\u00fcrk sinemas\u0131 da bu ger\u00e7e\u011fin d\u0131\u015f\u0131nda kalmam\u0131\u015ft\u0131r. Hi\u00e7 ummad\u0131\u011f\u0131n\u0131z bir filmin fonunda bile ger\u00e7ek hayat\u0131n akt\u0131\u011f\u0131n\u0131 g\u00f6r\u00fcrs\u00fcn\u00fcz ki bu T\u00fcrk sinemas\u0131n\u0131 hayat\u0131n gizli bir \u015fahidi k\u0131lmaktad\u0131r. \u00d6te yandan 1940\u2019l\u0131 y\u0131llardan itibaren giderek artan geleneksel \u00f6gelerin i\u015flendi\u011fi filmler, devirden devire de\u011fi\u015fen bir g\u00f6zle yans\u0131t\u0131lsa da her zaman \u00f6nemini korumu\u015ftur.Ahmet \u00d6zg\u00fcr G\u00fcven\u00e7\u2019in kitab\u0131 bize halkbilimi g\u00f6zl\u00fc\u011f\u00fcyle filmlere nas\u0131l bak\u0131labilece\u011finin bir modelini sunuyor. G\u00f6r\u00fcnt\u00fc, ses ve metin merkezli \u00fc\u00e7l\u00fc bir ara\u015ft\u0131rma modeli \u00f6neren kitaba, bu sebeple, bir y\u00f6ntem denemesi dememiz de m\u00fcmk\u00fcnd\u00fcr. B\u00f6ylece bu \u00f6zg\u00fcn \u00e7al\u0131\u015fma, bir film incelemesi katalo\u011fu olman\u0131n \u00e7ok uza\u011f\u0131nda ve filmleri merkeze koyup birtak\u0131m unsurlar\u0131 mercek alt\u0131na alan bir yakla\u015f\u0131m\u0131 yok. Bunun yerine G\u00fcven\u00e7, sineman\u0131n folklorun bir kayna\u011f\u0131 olabilece\u011fi tezini vukufla ele al\u0131yor.Folklorcu endi\u015felerini beyaz perdede g\u00f6rmeyi merak ediyorsan\u0131z, bir bilet de siz al\u0131n ve tema\u015fa ba\u015flas\u0131n<\/p>\n","protected":false},"excerpt":{"rendered":"<p>20. y\u00fczy\u0131l\u0131n anlat\u0131s\u0131 sinemad\u0131r. \u00c7ok k\u0131sa bir zaman i\u00e7inde h\u00fckm\u00fcn\u00fc t\u00fcm k\u0131talara yaym\u0131\u015f, anlat\u0131 t\u00fcr\u00fcn\u00fcn eski ve sayg\u0131n \u00fcr\u00fcnlerini bile kendisine ram etmi\u015ftir. \u0130nsan\u0131n anlat\u0131y\u0131 \u201cg\u00f6rmek\u201d<span class=\"excerpt-hellip\"> [\u2026]<\/span><\/p>\n","protected":false},"featured_media":0,"template":"","meta":{"_monsterinsights_skip_tracking":false,"_monsterinsights_sitenote_active":false,"_monsterinsights_sitenote_note":"","_monsterinsights_sitenote_category":0},"product_brand":[],"product_cat":[12573,12566],"product_tag":[],"class_list":{"0":"post-726281","1":"product","2":"type-product","3":"status-publish","5":"product_cat-akademik-kitaplar","6":"product_cat-egitim","7":"pa_cilt-ciltsiz","8":"pa_tur-kitap","9":"pa_yayinevi-otuken-nesriyat","10":"pa_yazar-ahmet-ozgur-guvenc","12":"first","13":"instock","14":"sale","15":"shipping-taxable","16":"purchasable","17":"product-type-simple"},"_links":{"self":[{"href":"https:\/\/roveyayinevi.com.tr\/index.php\/wp-json\/wp\/v2\/product\/726281","targetHints":{"allow":["GET"]}}],"collection":[{"href":"https:\/\/roveyayinevi.com.tr\/index.php\/wp-json\/wp\/v2\/product"}],"about":[{"href":"https:\/\/roveyayinevi.com.tr\/index.php\/wp-json\/wp\/v2\/types\/product"}],"wp:attachment":[{"href":"https:\/\/roveyayinevi.com.tr\/index.php\/wp-json\/wp\/v2\/media?parent=726281"}],"wp:term":[{"taxonomy":"product_brand","embeddable":true,"href":"https:\/\/roveyayinevi.com.tr\/index.php\/wp-json\/wp\/v2\/product_brand?post=726281"},{"taxonomy":"product_cat","embeddable":true,"href":"https:\/\/roveyayinevi.com.tr\/index.php\/wp-json\/wp\/v2\/product_cat?post=726281"},{"taxonomy":"product_tag","embeddable":true,"href":"https:\/\/roveyayinevi.com.tr\/index.php\/wp-json\/wp\/v2\/product_tag?post=726281"}],"curies":[{"name":"wp","href":"https:\/\/api.w.org\/{rel}","templated":true}]}}