{"id":726279,"date":"2025-08-27T20:03:48","date_gmt":"2025-08-27T17:03:48","guid":{"rendered":"https:\/\/roveyayinevi.com.tr\/index.php\/urun\/cumhuriyetin-izinde\/"},"modified":"2026-04-16T02:34:04","modified_gmt":"2026-04-15T23:34:04","slug":"cumhuriyetin-izinde","status":"publish","type":"product","link":"https:\/\/roveyayinevi.com.tr\/index.php\/urun\/cumhuriyetin-izinde\/","title":{"rendered":"Cumhuriyetin \u0130zinde"},"content":{"rendered":"<p>Hep beraber el ele, cumhuriyetin izinde&#8230;&#8221;Cumhuriyet, bir y\u00f6netim \u015fekli olarak nas\u0131l ortaya \u00e7\u0131km\u0131\u015ft\u0131r?&#8221; sorusuna yan\u0131t arayan Koray Avc\u0131 \u00c7akman ve Toprak I\u015f\u0131k&#8217;\u0131 tek y\u00fcrekte bulu\u015fturan Cumhuriyetin \u0130zinde, Antik Roma&#8217;dan \u00e7a\u011fda\u015f T\u00fcrkiye Cumhuriyeti&#8217;nin kurulu\u015funa uzanan s\u00fcre\u00e7te, toplumlar\u0131n &#8221;daha iyi bir y\u00f6netim&#8221; aray\u0131\u015f\u0131n\u0131n izini s\u00fcr\u00fcyor.Tarih\u00ee bilgileri payla\u015f\u0131rken kurgusuna ekledi\u011fi efsane ve fabllarla \u00f6zg\u00fcn bir anlat\u0131m sergileyen bu ufuk a\u00e7\u0131c\u0131 kitap, okurlar\u0131na y\u00f6neltti\u011fi ucu a\u00e7\u0131k sorularla, sorgulama ve ara\u015ft\u0131rma iste\u011fi uyand\u0131r\u0131yor.Cumhuriyetin \u0130zinde, Anadolu topraklar\u0131n\u0131n cumhuriyetle bulu\u015fma hik\u00e2yesini hak etti\u011fi de\u011fere yara\u015f\u0131r bi\u00e7imde ele al\u0131rken; T\u00fcrkiye Cumhuriyeti&#8217;ni bize arma\u011fan edenleri bir kez daha sayg\u0131, minnet ve \u015f\u00fckran duygular\u0131yla anmam\u0131za vesile oluyor. Bir y\u00f6netim bi\u00e7imi olarak cumhuriyetin k\u00f6klerine inip ad\u0131m ad\u0131m seyir defterini tutan Koray Avc\u0131 \u00c7akman ve Toprak I\u015f\u0131k, k\u00e2h tarihe iz b\u0131rakanlar\u0131n k\u00e2h masallar\u0131n b\u00fcy\u00fcl\u00fc d\u00fcnyas\u0131nda arz\u0131endam edenlerin yolunu \u0131\u015f\u0131t\u0131yor. Antik Roma&#8217;dan demir al\u0131p; Eski Yunan&#8217;a d\u00fcmen k\u0131r\u0131yor. Magna Carta&#8217;n\u0131n \u00f6nemini anlatmak i\u00e7in \u0130ngiltere&#8217;ye yelken a\u00e7\u0131yor; k\u00f6leli\u011fi g\u00f6z ard\u0131 edenlerin imzalad\u0131\u011f\u0131 \u00f6zg\u00fcrl\u00fck bildirgesinin ard\u0131nda yatanlar\u0131 g\u00f6stermek \u00fczere Amerika&#8217;ya uzan\u0131yor. Frans\u0131z Devrimi&#8217;nin getirdi\u011fi de\u011fi\u015fim r\u00fczg\u00e2rlar\u0131n\u0131 ard\u0131na alarak, bir d\u00fcnya liderinin do\u011fu\u015funa ve T\u00fcrkiye Cumhuriyeti&#8217;nin kurulu\u015funa tan\u0131kl\u0131k ettiriyor&#8230;Cumhuriyetin \u0130zinde bilimi, sanat\u0131 ve felsefeyi tarihsel olgularla harmanlayarak ya\u015fad\u0131\u011f\u0131m\u0131z \u00e7a\u011f\u0131n siyasi yap\u0131s\u0131n\u0131 ve d\u00fc\u015f\u00fcncesini daha iyi kavramam\u0131za ve evrensel bir bak\u0131\u015f a\u00e7\u0131s\u0131 geli\u015ftirmemize rehberlik ediyor.Co\u015fkulu anlat\u0131m\u0131yla okurunun merak\u0131n\u0131 diri tutmay\u0131 ba\u015faran kitap, i\u00e7erdi\u011fi bilgileri edebiyat\u0131n \u00e7e\u015fitli t\u00fcrlerinden faydalanarak aktarmas\u0131yla bu alanda \u00e7ocuklar i\u00e7in kaleme al\u0131nm\u0131\u015f t\u00fcm \u00e7al\u0131\u015fmalardan farkl\u0131la\u015f\u0131yor.<\/p>\n","protected":false},"excerpt":{"rendered":"<p>Hep beraber el ele, cumhuriyetin izinde&#8230;&#8221;Cumhuriyet, bir y\u00f6netim \u015fekli olarak nas\u0131l ortaya \u00e7\u0131km\u0131\u015ft\u0131r?&#8221; sorusuna yan\u0131t arayan Koray Avc\u0131 \u00c7akman ve Toprak I\u015f\u0131k&#8217;\u0131 tek y\u00fcrekte bulu\u015fturan Cumhuriyetin<span class=\"excerpt-hellip\"> [\u2026]<\/span><\/p>\n","protected":false},"featured_media":0,"template":"","meta":{"_monsterinsights_skip_tracking":false,"_monsterinsights_sitenote_active":false,"_monsterinsights_sitenote_note":"","_monsterinsights_sitenote_category":0},"product_brand":[],"product_cat":[12274],"product_tag":[],"class_list":{"0":"post-726279","1":"product","2":"type-product","3":"status-publish","5":"product_cat-cocuk-ve-genclik-kitaplari","6":"pa_cilt-ciltsiz","7":"pa_tur-kitap","8":"pa_yayinevi-tudem-yayinlari","9":"pa_yazar-koray-avci-cakman-toprak-isik","11":"first","12":"instock","13":"sale","14":"shipping-taxable","15":"purchasable","16":"product-type-simple"},"_links":{"self":[{"href":"https:\/\/roveyayinevi.com.tr\/index.php\/wp-json\/wp\/v2\/product\/726279","targetHints":{"allow":["GET"]}}],"collection":[{"href":"https:\/\/roveyayinevi.com.tr\/index.php\/wp-json\/wp\/v2\/product"}],"about":[{"href":"https:\/\/roveyayinevi.com.tr\/index.php\/wp-json\/wp\/v2\/types\/product"}],"wp:attachment":[{"href":"https:\/\/roveyayinevi.com.tr\/index.php\/wp-json\/wp\/v2\/media?parent=726279"}],"wp:term":[{"taxonomy":"product_brand","embeddable":true,"href":"https:\/\/roveyayinevi.com.tr\/index.php\/wp-json\/wp\/v2\/product_brand?post=726279"},{"taxonomy":"product_cat","embeddable":true,"href":"https:\/\/roveyayinevi.com.tr\/index.php\/wp-json\/wp\/v2\/product_cat?post=726279"},{"taxonomy":"product_tag","embeddable":true,"href":"https:\/\/roveyayinevi.com.tr\/index.php\/wp-json\/wp\/v2\/product_tag?post=726279"}],"curies":[{"name":"wp","href":"https:\/\/api.w.org\/{rel}","templated":true}]}}