{"id":726161,"date":"2025-08-27T20:02:02","date_gmt":"2025-08-27T17:02:02","guid":{"rendered":"https:\/\/roveyayinevi.com.tr\/index.php\/urun\/gunesi-uyandiralim-ciltli\/"},"modified":"2026-04-16T02:34:01","modified_gmt":"2026-04-15T23:34:01","slug":"gunesi-uyandiralim-ciltli","status":"publish","type":"product","link":"https:\/\/roveyayinevi.com.tr\/index.php\/urun\/gunesi-uyandiralim-ciltli\/","title":{"rendered":"G\u00fcne\u015fi Uyand\u0131ral\u0131m (Ciltli )"},"content":{"rendered":"<p>Zez\u00e9\u2019nin maceralar\u0131 G\u00fcne\u015fi Uyand\u0131ral\u0131m ile devam ediyor. \u00c7ocukluk dostu \u015feker portakal\u0131 fidan\u0131 yerine  \u00e7ok sevdi\u011fi kurba\u011fas\u0131 ona yolda\u015fl\u0131k ediyor art\u0131k. Zengin ve kat\u0131 bir ailenin evlatl\u0131\u011f\u0131 olan Zez\u00e9 sevdiklerinden uzak ama h\u00e2l\u00e2 birka\u00e7 dostu var: a\u015f\u00e7\u0131 Dadada, \u00f6\u011fretmeni Fayolle, ona yol arkada\u015f\u0131 olan kurba\u011fa ve babas\u0131 gibi g\u00f6rd\u00fc\u011f\u00fc Frans\u0131z \u015fark\u0131c\u0131 Maurice Chevalier. G\u00fcne\u015fi Uyand\u0131ral\u0131m, i\u00e7ine d\u00fc\u015ft\u00fc\u011f\u00fc d\u00fcnyaya hi\u00e7bir zaman s\u0131\u011famam\u0131\u015f Zez\u00e9\u2019nin t\u00fcm yaln\u0131z \u00e7ocuklar\u0131n y\u00fcreklerine seslendi\u011fi h\u00fcz\u00fcnl\u00fc ama reng\u00e2renk bir ser\u00fcven<\/p>\n","protected":false},"excerpt":{"rendered":"<p>Zez\u00e9\u2019nin maceralar\u0131 G\u00fcne\u015fi Uyand\u0131ral\u0131m ile devam ediyor. \u00c7ocukluk dostu \u015feker portakal\u0131 fidan\u0131 yerine \u00e7ok sevdi\u011fi kurba\u011fas\u0131 ona yolda\u015fl\u0131k ediyor art\u0131k. Zengin ve kat\u0131 bir ailenin evlatl\u0131\u011f\u0131<span class=\"excerpt-hellip\"> [\u2026]<\/span><\/p>\n","protected":false},"featured_media":0,"template":"","meta":{"_monsterinsights_skip_tracking":false,"_monsterinsights_sitenote_active":false,"_monsterinsights_sitenote_note":"","_monsterinsights_sitenote_category":0},"product_brand":[],"product_cat":[12291,12711],"product_tag":[],"class_list":{"0":"post-726161","1":"product","2":"type-product","3":"status-publish","5":"product_cat-edebiyat","6":"product_cat-roman-oyku","7":"pa_cilt-ciltli","8":"pa_tur-kitap","9":"pa_yayinevi-can-yayinlari","10":"pa_yazar-jose-mauro-de-vasconcelos","12":"first","13":"instock","14":"sale","15":"shipping-taxable","16":"purchasable","17":"product-type-simple"},"_links":{"self":[{"href":"https:\/\/roveyayinevi.com.tr\/index.php\/wp-json\/wp\/v2\/product\/726161","targetHints":{"allow":["GET"]}}],"collection":[{"href":"https:\/\/roveyayinevi.com.tr\/index.php\/wp-json\/wp\/v2\/product"}],"about":[{"href":"https:\/\/roveyayinevi.com.tr\/index.php\/wp-json\/wp\/v2\/types\/product"}],"wp:attachment":[{"href":"https:\/\/roveyayinevi.com.tr\/index.php\/wp-json\/wp\/v2\/media?parent=726161"}],"wp:term":[{"taxonomy":"product_brand","embeddable":true,"href":"https:\/\/roveyayinevi.com.tr\/index.php\/wp-json\/wp\/v2\/product_brand?post=726161"},{"taxonomy":"product_cat","embeddable":true,"href":"https:\/\/roveyayinevi.com.tr\/index.php\/wp-json\/wp\/v2\/product_cat?post=726161"},{"taxonomy":"product_tag","embeddable":true,"href":"https:\/\/roveyayinevi.com.tr\/index.php\/wp-json\/wp\/v2\/product_tag?post=726161"}],"curies":[{"name":"wp","href":"https:\/\/api.w.org\/{rel}","templated":true}]}}