{"id":726121,"date":"2025-08-27T20:01:25","date_gmt":"2025-08-27T17:01:25","guid":{"rendered":"https:\/\/roveyayinevi.com.tr\/index.php\/urun\/selcuklular-macera-dolu-anadolu\/"},"modified":"2026-04-16T02:34:00","modified_gmt":"2026-04-15T23:34:00","slug":"selcuklular-macera-dolu-anadolu","status":"publish","type":"product","link":"https:\/\/roveyayinevi.com.tr\/index.php\/urun\/selcuklular-macera-dolu-anadolu\/","title":{"rendered":"Sel\u00e7uklular &#8211; Macera Dolu Anadolu"},"content":{"rendered":"<p>\u201cVatan\u201d olarak tan\u0131mlad\u0131\u011f\u0131m\u0131z bu g\u00fczel topraklarda e\u011fer bug\u00fcn ya\u015f\u0131yorsak bunu 250 y\u0131l boyunca bu co\u011frafyaya h\u00e2kim olan Sel\u00e7uklulara bor\u00e7luyuz. Sel\u00e7uklular ve onun Tu\u011frul ve \u00c7a\u011fr\u0131 Beyler, Alp Arslan, Melik\u015fah, S\u00fcleyman \u015eah, II. K\u0131l\u0131\u00e7 Arslanlar gibi \u00f6l\u00fcms\u00fcz kahramanlar\u0131; bu topraklara silinemez, unutulamaz, yads\u0131namaz bir damga vurmu\u015flar; T\u00fcrk tarihinde adeta bir k\u00f6pr\u00fc vazifesi g\u00f6r\u00fcp \u201calt\u0131n \u00e7a\u011f\u0131\u201dn\u0131 ya\u015fatm\u0131\u015flar; din, dil ve \u0131rk ayr\u0131m\u0131 yapmadan milletleri ho\u015fg\u00f6r\u00fcyle birle\u015ftirmi\u015flerdir. Nice fetihlerle, sava\u015flarla Anadolu\u2019daki T\u00fcrk varl\u0131\u011f\u0131n\u0131 g\u00fc\u00e7lendirmi\u015flerdir. Herkesi d\u00fc\u015f\u00fcnm\u00fc\u015fler; Anadolu\u2019yu u\u00e7tan uca insanlar\u0131n faydas\u0131na eserlerle donatm\u0131\u015flard\u0131r. Bug\u00fcn bile \u00f6\u011fretilerini t\u00fcm d\u00fcnyan\u0131n sayg\u0131 ile kar\u015f\u0131lad\u0131\u011f\u0131 Yunus Emre, Mevl\u00e2na, Nasreddin Hoca, Hac\u0131 Bekta\u015f-i Veli ve Gazali bu d\u00f6nemde ya\u015fam\u0131\u015ft\u0131r. \u015eimdi her y\u00f6n\u00fcyle Osmanl\u0131\u2019ya ilham veren bu muhte\u015fem uygarl\u0131\u011f\u0131 \u201cE\u011flenceli Tarih\u201d fark\u0131yla \u00f6\u011frenme, \u015fa\u015f\u0131rma, hayran olma zaman\u0131\u2026 <\/p>\n","protected":false},"excerpt":{"rendered":"<p>\u201cVatan\u201d olarak tan\u0131mlad\u0131\u011f\u0131m\u0131z bu g\u00fczel topraklarda e\u011fer bug\u00fcn ya\u015f\u0131yorsak bunu 250 y\u0131l boyunca bu co\u011frafyaya h\u00e2kim olan Sel\u00e7uklulara bor\u00e7luyuz. Sel\u00e7uklular ve onun Tu\u011frul ve \u00c7a\u011fr\u0131 Beyler,<span class=\"excerpt-hellip\"> [\u2026]<\/span><\/p>\n","protected":false},"featured_media":0,"template":"","meta":{"_monsterinsights_skip_tracking":false,"_monsterinsights_sitenote_active":false,"_monsterinsights_sitenote_note":"","_monsterinsights_sitenote_category":0},"product_brand":[],"product_cat":[12274,15842],"product_tag":[],"class_list":{"0":"post-726121","1":"product","2":"type-product","3":"status-publish","5":"product_cat-cocuk-ve-genclik-kitaplari","6":"product_cat-egitici-kitaplar","7":"pa_cilt-ciltsiz","8":"pa_tur-kitap","9":"pa_yayinevi-eglenceli-bilgi-yayinlari","10":"pa_yazar-metin-ozdamarlar","12":"first","13":"instock","14":"sale","15":"shipping-taxable","16":"purchasable","17":"product-type-simple"},"_links":{"self":[{"href":"https:\/\/roveyayinevi.com.tr\/index.php\/wp-json\/wp\/v2\/product\/726121","targetHints":{"allow":["GET"]}}],"collection":[{"href":"https:\/\/roveyayinevi.com.tr\/index.php\/wp-json\/wp\/v2\/product"}],"about":[{"href":"https:\/\/roveyayinevi.com.tr\/index.php\/wp-json\/wp\/v2\/types\/product"}],"wp:attachment":[{"href":"https:\/\/roveyayinevi.com.tr\/index.php\/wp-json\/wp\/v2\/media?parent=726121"}],"wp:term":[{"taxonomy":"product_brand","embeddable":true,"href":"https:\/\/roveyayinevi.com.tr\/index.php\/wp-json\/wp\/v2\/product_brand?post=726121"},{"taxonomy":"product_cat","embeddable":true,"href":"https:\/\/roveyayinevi.com.tr\/index.php\/wp-json\/wp\/v2\/product_cat?post=726121"},{"taxonomy":"product_tag","embeddable":true,"href":"https:\/\/roveyayinevi.com.tr\/index.php\/wp-json\/wp\/v2\/product_tag?post=726121"}],"curies":[{"name":"wp","href":"https:\/\/api.w.org\/{rel}","templated":true}]}}