{"id":726010,"date":"2025-08-27T19:59:14","date_gmt":"2025-08-27T16:59:14","guid":{"rendered":"https:\/\/roveyayinevi.com.tr\/index.php\/urun\/kuresel-dunya\/"},"modified":"2026-04-16T02:33:58","modified_gmt":"2026-04-15T23:33:58","slug":"kuresel-dunya","status":"publish","type":"product","link":"https:\/\/roveyayinevi.com.tr\/index.php\/urun\/kuresel-dunya\/","title":{"rendered":"K\u00fcresel D\u00fcnya"},"content":{"rendered":"<p>Ayr\u0131nt\u0131 Yay\u0131nlar\u0131\u2019n\u0131n 600. kitab\u0131 olan K\u00fcresel D\u00fcnya, bir\u00e7ok bak\u0131mdan ilkleri temsil ediyor: K\u00fcresel d\u00fcnyay\u0131 t\u00fcm boyutlar\u0131yla ele al\u0131yor olmas\u0131yla bir ilk. B\u00f6ylesine geni\u015f ve derin bir olguyu akademik disiplinden \u00f6d\u00fcn vermeden ama g\u00fcncel \u00f6rneklerle zenginle\u015ftirerek, bu denli anla\u015f\u0131l\u0131r ve ak\u0131c\u0131 bir dille anlatmas\u0131 bak\u0131m\u0131ndan bir ilk. Gezegenimiz \u00e7ap\u0131ndaki ak\u0131mlar\u0131, yap\u0131lar\u0131 ve hareketleri bir b\u00fct\u00fcnl\u00fck i\u00e7inde tan\u0131mlamas\u0131 ve kavramas\u0131yla da bir ilk. B\u00f6ylesi ilklere de ancak sosyal bilimlere Mcdonaldla\u015ft\u0131rma teorisi ba\u015fta olmak \u00fczere bir\u00e7ok katk\u0131 sa\u011flayan George Ritzer imza atabilirdi. Ya\u015fad\u0131\u011f\u0131m\u0131z d\u00fcnyan\u0131n anla\u015f\u0131lmas\u0131nda anahtar kavramlar olan emperyalizm, imparatorluk, Amerikal\u0131la\u015f(t\u0131r)ma, anti-Amerikanc\u0131l\u0131k, neo-liberalizm ve ayr\u0131ca neo-Marksist alternatifler \u00e7er\u00e7evesinde k\u00fcreselle\u015fme olgusu; k\u00fclt\u00fcr teorileri, k\u00fcreselle\u015fme tarihi, g\u00f6\u00e7, \u00e7evre, kirlilik, medya, e\u015fitsizlik, a\u00e7l\u0131k sorunlar\u0131 bu kitab\u0131n konular\u0131 aras\u0131nda. K\u00fcresel D\u00fcnya bu anlamda, \u00e7o\u011fu kez ekonomik boyutuyla ele al\u0131nan k\u00fcreselle\u015fmenin \u00e7okboyutlulu\u011funa vurgu yapan, kapsaml\u0131 ve cesaret isteyen bir \u00e7al\u0131\u015fma. Belli bir estetik kayg\u0131 da g\u00f6zetilerek eklenen haritalar, \u00f6zetler, notlar, sorular, al\u0131\u015ft\u0131rmalar ve s\u00f6zl\u00fckle bizi daha fazla ara\u015ft\u0131rmaya ve okuduklar\u0131m\u0131z\u0131 ele\u015ftirel bir bak\u0131\u015f a\u00e7\u0131s\u0131yla yorumlamaya y\u00f6nelten bu kapsaml\u0131 \u00e7al\u0131\u015fma, bize yery\u00fcz\u00fcn\u00fcn \u00e7\u00f6z\u00fcms\u00fcz gibi g\u00f6r\u00fcnen devasa sorunlar\u0131n\u0131n sand\u0131\u011f\u0131m\u0131z kadar anla\u015f\u0131lmaz olmad\u0131\u011f\u0131n\u0131, \u00fczerine d\u00fc\u015f\u00fcn\u00fcld\u00fc\u011f\u00fcnde ve ger\u00e7ekten samimiyetle istendi\u011finde birtak\u0131m pratik \u00e7\u00f6z\u00fcmler \u00fcretilebilece\u011fini g\u00f6steriyor. Ayr\u0131ca, kavram karga\u015fas\u0131nda bo\u011fulmam\u0131z\u0131 engelleyerek son derece rahat bir okuma sa\u011fl\u0131yor ve ezber kal\u0131plar\u0131ndan ziyade bol \u00f6rnekli, kolay anla\u015f\u0131l\u0131r bir metin sunuyor. Sosyal bilimler, ekonomi, politika, ileti\u015fim \u00f6\u011frencilerinin yan\u0131 s\u0131ra k\u00fcresel d\u00fcnyam\u0131z\u0131 anlamak isteyen herkesi, sayfalar\u0131n\u0131 a\u00e7ar a\u00e7maz, didaktik olmadan \u00f6\u011fretici, hafife almadan keyifli ve ilgi \u00e7ekici bir d\u00fcnya yolculu\u011funa \u00e7\u0131kar\u0131yor, K\u00fcresel D\u00fcnya. <\/p>\n","protected":false},"excerpt":{"rendered":"<p>Ayr\u0131nt\u0131 Yay\u0131nlar\u0131\u2019n\u0131n 600. kitab\u0131 olan K\u00fcresel D\u00fcnya, bir\u00e7ok bak\u0131mdan ilkleri temsil ediyor: K\u00fcresel d\u00fcnyay\u0131 t\u00fcm boyutlar\u0131yla ele al\u0131yor olmas\u0131yla bir ilk. B\u00f6ylesine geni\u015f ve derin bir<span class=\"excerpt-hellip\"> [\u2026]<\/span><\/p>\n","protected":false},"featured_media":0,"template":"","meta":{"_monsterinsights_skip_tracking":false,"_monsterinsights_sitenote_active":false,"_monsterinsights_sitenote_note":"","_monsterinsights_sitenote_category":0},"product_brand":[],"product_cat":[13596,12337],"product_tag":[],"class_list":{"0":"post-726010","1":"product","2":"type-product","3":"status-publish","5":"product_cat-avrupa-birligi","6":"product_cat-politika-siyaset","7":"pa_cilt-ciltsiz","8":"pa_tur-kitap","9":"pa_yayinevi-ayrinti-yayinlari","10":"pa_yazar-george-ritzer","12":"first","13":"instock","14":"sale","15":"shipping-taxable","16":"purchasable","17":"product-type-simple"},"_links":{"self":[{"href":"https:\/\/roveyayinevi.com.tr\/index.php\/wp-json\/wp\/v2\/product\/726010","targetHints":{"allow":["GET"]}}],"collection":[{"href":"https:\/\/roveyayinevi.com.tr\/index.php\/wp-json\/wp\/v2\/product"}],"about":[{"href":"https:\/\/roveyayinevi.com.tr\/index.php\/wp-json\/wp\/v2\/types\/product"}],"wp:attachment":[{"href":"https:\/\/roveyayinevi.com.tr\/index.php\/wp-json\/wp\/v2\/media?parent=726010"}],"wp:term":[{"taxonomy":"product_brand","embeddable":true,"href":"https:\/\/roveyayinevi.com.tr\/index.php\/wp-json\/wp\/v2\/product_brand?post=726010"},{"taxonomy":"product_cat","embeddable":true,"href":"https:\/\/roveyayinevi.com.tr\/index.php\/wp-json\/wp\/v2\/product_cat?post=726010"},{"taxonomy":"product_tag","embeddable":true,"href":"https:\/\/roveyayinevi.com.tr\/index.php\/wp-json\/wp\/v2\/product_tag?post=726010"}],"curies":[{"name":"wp","href":"https:\/\/api.w.org\/{rel}","templated":true}]}}