{"id":725993,"date":"2025-08-27T19:58:59","date_gmt":"2025-08-27T16:58:59","guid":{"rendered":"https:\/\/roveyayinevi.com.tr\/index.php\/urun\/selin-beni-terk-etti\/"},"modified":"2026-04-16T02:33:42","modified_gmt":"2026-04-15T23:33:42","slug":"selin-beni-terk-etti","status":"publish","type":"product","link":"https:\/\/roveyayinevi.com.tr\/index.php\/urun\/selin-beni-terk-etti\/","title":{"rendered":"Selin Beni Terk Etti"},"content":{"rendered":"<p>Sevginin kanatland\u0131rd\u0131\u011f\u0131 bir \u0130stanbul d\u00fc\u015f\u00fc&#8230;Fatih Debba\u011f&#8217;\u0131n 2018 Tudem Edebiyat \u00d6d\u00fclleri&#8217;nde birincili\u011fe de\u011fer g\u00f6r\u00fclen roman\u0131 Selin Beni Terk Etti, \u0130stanbul&#8217;un son on y\u0131l\u0131na ayna tutuyor; bir kentin k\u00fclt\u00fcrel ve do\u011fal miras\u0131na sahip \u00e7\u0131kman\u0131n \u00f6nemini, \u00e7ocuklar\u0131n g\u00f6z\u00fcnden payla\u015f\u0131yor. Film tad\u0131nda bir olay \u00f6rg\u00fcs\u00fc bulunan bu \u00e7ok katmanl\u0131 kitap, anne babas\u0131 ayr\u0131lma karar\u0131 alan Deniz&#8217;in sevdi\u011fi k\u0131z taraf\u0131ndan terk edili\u015fini; t\u00fcm T\u00fcrkiye&#8217;nin haf\u0131zas\u0131nda yer edinen ilham verici bir toplumsal dayan\u0131\u015fma hik\u00e2yesi \u00fczerinden anlat\u0131yor.Okurlar\u0131nda, kitapta ad\u0131 ge\u00e7en mek\u00e2nlar\u0131 ziyaret etme iste\u011fi uyand\u0131ran yazar; bir yap\u0131y\u0131, ya\u015fanm\u0131\u015fl\u0131klar\u0131 ve hat\u0131ralar\u0131 ile bir b\u00fct\u00fcn olarak ele almak gerekti\u011fini ifade ediyor ve eskiyi koruyup ya\u015fatman\u0131n g\u00fczelli\u011fine vurgu yap\u0131yor. On bir ya\u015f\u0131ndaki Deniz, hayat\u0131nda ilk defa terk edilir. Bu karar\u0131n ard\u0131nda yatan nedenlerin izini s\u00fcrerken kurdu\u011fu yeni dostluklar, ona kendisini daha yak\u0131ndan tan\u0131ma ve anlama f\u0131rsat\u0131 verir. Bencilce davran\u0131\u015flar\u0131n\u0131 bir kenara b\u0131rak\u0131p, Selin&#8217;i geri kazanman\u0131n yollar\u0131n\u0131 aramal\u0131d\u0131r. \u0130\u015fe, g\u00f6r\u00fcnmez bir s\u00fcper kahramana d\u00f6n\u00fc\u015f\u00fcp, etraf\u0131ndakileri mutlu etmeye \u00e7al\u0131\u015fmakla ba\u015flar. Ba\u015fkalar\u0131n\u0131n hayat\u0131na temas ettik\u00e7e, b\u00fcy\u00fcy\u00fcp olgunla\u015f\u0131r. Bu s\u0131rada, de\u011fi\u015fen sadece Deniz de\u011fildir; \u0130stanbul da b\u00fcy\u00fck bir de\u011fi\u015fimin arifesindedir. Y\u0131k\u0131lmas\u0131 i\u00e7in g\u00fcn say\u0131lan k\u00f6kl\u00fc bir stat, al\u0131\u015fveri\u015f merkezine d\u00f6n\u00fc\u015ft\u00fcr\u00fclme tehlikesi ile kar\u015f\u0131 kar\u015f\u0131ya kalan nostaljik bir sinema salonu ve \u015fehir merkezinin kalbinden kopar\u0131lmaya \u00e7al\u0131\u015f\u0131lan bir park i\u00e7in, \u0130stanbullular ola\u011fan\u00fcst\u00fc bir dayan\u0131\u015fma \u00f6rne\u011fi sergilemektedir&#8230;  \u00c7ocuklar\u0131n saf ve temiz d\u00fcnyalar\u0131 \u00fczerinden yeti\u015fkinlerin c\u00fcretk\u00e2r davran\u0131\u015flar\u0131na anlam y\u00fcklemeye \u00e7al\u0131\u015fan bu d\u00fc\u015f\u00fcnd\u00fcr\u00fcc\u00fc roman, toplumsal bilince ve k\u00fclt\u00fcre i\u015faret eden sorgulay\u0131c\u0131 bir anlat\u0131 sunuyor.Sevginin ve dayan\u0131\u015fman\u0131n iyile\u015ftirici ve birle\u015ftirici g\u00fcc\u00fcn\u00fc vurgulayan Selin Beni Terk Etti, ruhumuza umut tohumlar\u0131 ekiyor. <\/p>\n","protected":false},"excerpt":{"rendered":"<p>Sevginin kanatland\u0131rd\u0131\u011f\u0131 bir \u0130stanbul d\u00fc\u015f\u00fc&#8230;Fatih Debba\u011f&#8217;\u0131n 2018 Tudem Edebiyat \u00d6d\u00fclleri&#8217;nde birincili\u011fe de\u011fer g\u00f6r\u00fclen roman\u0131 Selin Beni Terk Etti, \u0130stanbul&#8217;un son on y\u0131l\u0131na ayna tutuyor; bir kentin<span class=\"excerpt-hellip\"> [\u2026]<\/span><\/p>\n","protected":false},"featured_media":0,"template":"","meta":{"_monsterinsights_skip_tracking":false,"_monsterinsights_sitenote_active":false,"_monsterinsights_sitenote_note":"","_monsterinsights_sitenote_category":0},"product_brand":[],"product_cat":[12831,12324],"product_tag":[],"class_list":{"0":"post-725993","1":"product","2":"type-product","3":"status-publish","5":"product_cat-aile-ve-cocuk","6":"product_cat-sosyoloji","7":"pa_cilt-ciltsiz","8":"pa_tur-kitap","9":"pa_yayinevi-tudem-yayinlari","10":"pa_yazar-fatih-debbag","12":"first","13":"instock","14":"sale","15":"shipping-taxable","16":"purchasable","17":"product-type-simple"},"_links":{"self":[{"href":"https:\/\/roveyayinevi.com.tr\/index.php\/wp-json\/wp\/v2\/product\/725993","targetHints":{"allow":["GET"]}}],"collection":[{"href":"https:\/\/roveyayinevi.com.tr\/index.php\/wp-json\/wp\/v2\/product"}],"about":[{"href":"https:\/\/roveyayinevi.com.tr\/index.php\/wp-json\/wp\/v2\/types\/product"}],"wp:attachment":[{"href":"https:\/\/roveyayinevi.com.tr\/index.php\/wp-json\/wp\/v2\/media?parent=725993"}],"wp:term":[{"taxonomy":"product_brand","embeddable":true,"href":"https:\/\/roveyayinevi.com.tr\/index.php\/wp-json\/wp\/v2\/product_brand?post=725993"},{"taxonomy":"product_cat","embeddable":true,"href":"https:\/\/roveyayinevi.com.tr\/index.php\/wp-json\/wp\/v2\/product_cat?post=725993"},{"taxonomy":"product_tag","embeddable":true,"href":"https:\/\/roveyayinevi.com.tr\/index.php\/wp-json\/wp\/v2\/product_tag?post=725993"}],"curies":[{"name":"wp","href":"https:\/\/api.w.org\/{rel}","templated":true}]}}