{"id":725899,"date":"2025-08-27T19:57:37","date_gmt":"2025-08-27T16:57:37","guid":{"rendered":"https:\/\/roveyayinevi.com.tr\/index.php\/urun\/edebiyatcilarin-kaleminden-ataturk\/"},"modified":"2026-04-16T02:33:39","modified_gmt":"2026-04-15T23:33:39","slug":"edebiyatcilarin-kaleminden-ataturk","status":"publish","type":"product","link":"https:\/\/roveyayinevi.com.tr\/index.php\/urun\/edebiyatcilarin-kaleminden-ataturk\/","title":{"rendered":"Edebiyat\u00e7\u0131lar\u0131n Kaleminden Atat\u00fcrk"},"content":{"rendered":"<p>Atat\u00fcrk\u2019ten evvel T\u00fcrkiye, b\u00fct\u00fcn d\u00fcnyada K\u0131z\u0131l Sultan\u2019\u0131yla, fesiyle, \u00e7ar\u015faf\u0131yla, \u0130stanbul\u2019un k\u00f6pekleri ve yang\u0131nlar\u0131yla, Ey\u00fcp\u2019\u00fcn mezarl\u0131klar\u0131yla me\u015fhurdu. Bug\u00fcn Atat\u00fcrk\u2019\u00fcn z\u0131ya\u0131ndan bahseden b\u00fct\u00fcn d\u00fcnya gazeteleri onun kurdu\u011fu yeni T\u00fcrkiye\u2019nin milli ve medeni harikalar\u0131n\u0131 say\u0131yorlar: Zaferler, ink\u0131laplar, bozk\u0131rlar ortas\u0131nda y\u00fckselen modern \u015fehirler, fabrikalar&#8230; Ve b\u00fct\u00fcn d\u00fcnyaya \u00f6rnek, yalans\u0131z bir sulh politikas\u0131. D\u00fcn Mustafa Kemal\u2019i bir \u201ce\u015fkiya reisi\u201d telakki etmi\u015f olan Avrupa, bug\u00fcn onu kendi be\u015feri davas\u0131na hizmet etmi\u015f b\u00fcy\u00fck evlatlar\u0131ndan biri gibi selaml\u0131yor ve kaybolmas\u0131na yan\u0131yor.Atat\u00fcrk\u2019ten evvel bu memleket yaln\u0131z \u201chasta adam\u201d de\u011fil, dostlar\u0131n\u0131n a\u011fz\u0131nda bile \u201ccan \u00e7eki\u015fen T\u00fcrkiye\u201d idi. Bu tabir Loti\u2019nindir. Ve kitaplar\u0131ndan birinin ad\u0131d\u0131r. Yalan de\u011fil, i\u00e7inde Mustafa Kemallerin, \u0130smetlerin ve arkada\u015flar\u0131n\u0131n bulundu\u011funu bilmeyenlerin g\u00f6z\u00fcnde, bu memleket, b\u00fct\u00fcn marazi i\u015faretleriyle, can \u00e7eki\u015fen bir hasta idi. Bu hasta kurtuldu ve en s\u0131hhatli Avrupa milletlerinin aras\u0131na sokuldu. B\u00fct\u00fcn d\u00fcnya, bu mucizeyi g\u00f6steren Millet \u015eefi\u2019nin kaybolmas\u0131ndan duydu\u011fu sars\u0131nt\u0131 i\u00e7inde, art\u0131k ona kar\u015f\u0131 ne hayretini, ne de hayranl\u0131\u011f\u0131n\u0131 gizliyor.B\u00fct\u00fcn d\u00fcnya! Bu \u015feref hi\u00e7bir millete nasip olmu\u015f de\u011fildir. Zafer ve ink\u0131lap senelerinden beri, cihan matbuat\u0131nda ayr\u0131 ayr\u0131, par\u00e7a par\u00e7a yaz\u0131lm\u0131\u015f yaz\u0131lar\u0131, \u015fimdi b\u00fct\u00fcn d\u00fcnya gazetelerinde, ayn\u0131 g\u00fcnler i\u00e7inde, hemen ayn\u0131 c\u00fcmlelerle bir araya toplanm\u0131\u015f g\u00f6r\u00fcyoruz. Sanki birbirlerinden fersahlarca uzak, y\u00fczlerce binlerce gazetenin yaz\u0131lar\u0131 bir tek elden \u00e7\u0131km\u0131\u015ft\u0131r. Aralar\u0131nda o kadar benzerlik ve uygunluk var.Sanki de\u011fil, evet bu yaz\u0131lar bir tek elden, hakikatin elinden \u00e7\u0131km\u0131\u015ft\u0131r. G\u00f6zya\u015flar\u0131yla \u0131slanm\u0131\u015f y\u00fczlerimizi ak eden bu T\u00fcrk hakikatini de ke\u015ffeden, ispat eden b\u00fct\u00fcn d\u00fcnyaya teslim ettiren en b\u00fcy\u00fck ka\u015fifimiz odur: Atat\u00fcrk.Peyami SafaCumhuriyet, 15.11.1938<\/p>\n","protected":false},"excerpt":{"rendered":"<p>Atat\u00fcrk\u2019ten evvel T\u00fcrkiye, b\u00fct\u00fcn d\u00fcnyada K\u0131z\u0131l Sultan\u2019\u0131yla, fesiyle, \u00e7ar\u015faf\u0131yla, \u0130stanbul\u2019un k\u00f6pekleri ve yang\u0131nlar\u0131yla, Ey\u00fcp\u2019\u00fcn mezarl\u0131klar\u0131yla me\u015fhurdu. Bug\u00fcn Atat\u00fcrk\u2019\u00fcn z\u0131ya\u0131ndan bahseden b\u00fct\u00fcn d\u00fcnya gazeteleri onun kurdu\u011fu yeni<span class=\"excerpt-hellip\"> [\u2026]<\/span><\/p>\n","protected":false},"featured_media":0,"template":"","meta":{"_monsterinsights_skip_tracking":false,"_monsterinsights_sitenote_active":false,"_monsterinsights_sitenote_note":"","_monsterinsights_sitenote_category":0},"product_brand":[],"product_cat":[12530,12304],"product_tag":[],"class_list":{"0":"post-725899","1":"product","2":"type-product","3":"status-publish","5":"product_cat-mustafa-kemal-ataturk","6":"product_cat-tarih","7":"pa_cilt-ciltsiz","8":"pa_tur-kitap","9":"pa_yayinevi-halk-kitabevi","10":"pa_yazar-eren-erdem","12":"first","13":"instock","14":"sale","15":"shipping-taxable","16":"purchasable","17":"product-type-simple"},"_links":{"self":[{"href":"https:\/\/roveyayinevi.com.tr\/index.php\/wp-json\/wp\/v2\/product\/725899","targetHints":{"allow":["GET"]}}],"collection":[{"href":"https:\/\/roveyayinevi.com.tr\/index.php\/wp-json\/wp\/v2\/product"}],"about":[{"href":"https:\/\/roveyayinevi.com.tr\/index.php\/wp-json\/wp\/v2\/types\/product"}],"wp:attachment":[{"href":"https:\/\/roveyayinevi.com.tr\/index.php\/wp-json\/wp\/v2\/media?parent=725899"}],"wp:term":[{"taxonomy":"product_brand","embeddable":true,"href":"https:\/\/roveyayinevi.com.tr\/index.php\/wp-json\/wp\/v2\/product_brand?post=725899"},{"taxonomy":"product_cat","embeddable":true,"href":"https:\/\/roveyayinevi.com.tr\/index.php\/wp-json\/wp\/v2\/product_cat?post=725899"},{"taxonomy":"product_tag","embeddable":true,"href":"https:\/\/roveyayinevi.com.tr\/index.php\/wp-json\/wp\/v2\/product_tag?post=725899"}],"curies":[{"name":"wp","href":"https:\/\/api.w.org\/{rel}","templated":true}]}}