{"id":725888,"date":"2025-08-27T19:57:27","date_gmt":"2025-08-27T16:57:27","guid":{"rendered":"https:\/\/roveyayinevi.com.tr\/index.php\/urun\/ankara-arastirmalari-dergisi-c8-s1\/"},"modified":"2026-04-16T02:33:39","modified_gmt":"2026-04-15T23:33:39","slug":"ankara-arastirmalari-dergisi-c8-s1","status":"publish","type":"product","link":"https:\/\/roveyayinevi.com.tr\/index.php\/urun\/ankara-arastirmalari-dergisi-c8-s1\/","title":{"rendered":"Ankara Ara\u015ft\u0131rmalar\u0131 Dergisi C8 S1"},"content":{"rendered":"<p>Dergide ilk olarak  1930\u2019lu y\u0131llarda ger\u00e7ekle\u015ftirilen \u00f6nc\u00fcl \u00e7al\u0131\u015fmalar\u0131n \u0131\u015f\u0131\u011f\u0131nda, 1950-2017 y\u0131llar\u0131 aras\u0131nda Ankara\u2019da ya\u015fayan 6-17 ya\u015f aras\u0131 \u00e7ocuklar \u00fczerindeki ayr\u0131nt\u0131l\u0131 \u00e7al\u0131\u015fmalar\u0131 de\u011ferlendiren ve ailelerin de\u011fi\u015fen  sosyoekonomik durumlar\u0131n\u0131n \u00e7ocuklar\u0131n boy uzunlu\u011funa etkisini ara\u015ft\u0131ran antropoloji makalesine yer verilmi\u015ftir. Herge\u00e7en g\u00fcn \u00e7o\u011falan n\u00fcfus, g\u00f6\u00e7 hareketleri ve olumsuz maddi ko\u015fullar sebebiyle artan evsiz ki\u015filer i\u00e7in Ankara\u2019da sunulan sosyal hizmetleri inceleyen ve ard\u0131ndan k\u00fc\u00e7\u00fck bir alanda ihtiya\u00e7lar\u0131n en y\u00fcksek d\u00fczeyde kar\u015f\u0131lanabilece\u011fi esnek bir mek\u00e2n tasar\u0131m\u0131 sunan di\u011fer bir makale de sadece Ankara i\u00e7in de\u011fil, sorunun ya\u015fand\u0131\u011f\u0131 her yerde uygulanabilir \u00f6neriler getirmektedir.G\u00f6lba\u015f\u0131 \u00d6zel \u00c7evre Koruma B\u00f6lgesi (\u00d6\u00c7KB) i\u00e7inde bulunan Mogan-Eymir g\u00f6llerinin kente sundu\u011fu ekosistem hizmetlerini; Cumhurba\u015fkanl\u0131\u011f\u0131 \u201cAtat\u00fcrk M\u00fcze K\u00f6\u015fk\u00fc\u201d giri\u015f hol\u00fcn\u00fcn mek\u00e2n ve mobilya analizini; Walter Benjamin\u2019in Pasajlar adl\u0131 \u00e7al\u0131\u015fmas\u0131ndan yap\u0131lan \u00e7\u0131kar\u0131mlarla, bir d\u00f6nem kentin en \u00f6nemli al\u0131\u015fveri\u015f mek\u00e2nlar\u0131ndan olan Kocabeyo\u011flu Pasaj\u0131\u2019n\u0131n tarihini, mimarisini ve g\u00fcn\u00fcm\u00fczde geldi\u011fi noktay\u0131; G\u00fcvenevler Mahallesi \u00f6zelinde Ankara\u2019n\u0131n 1950-1980 aras\u0131 sosyal ve g\u00fcndelik ya\u015fam\u0131n\u0131; K\u00fc\u00e7\u00fckesat\u2019taki Birtan kundura \u00f6zelinde 1960-1970-1980\u2019li y\u0131llarda ekonomik ve siyasal ba\u011flant\u0131l\u0131 kentsel g\u00f6\u00e7 hareketlerinin ve buna ba\u011fl\u0131 olarak \u00fcretim-t\u00fcketim pratiklerinin, g\u00fcndelik al\u0131\u015fkanl\u0131klar\u0131n de\u011fi\u015fimini, d\u00f6n\u00fc\u015f\u00fcm\u00fcn\u00fc ve yok olu\u015funu inceleyen di\u011fer makaleler  de kent ara\u015ft\u0131rmac\u0131lar\u0131 i\u00e7in  \u00e7ok de\u011ferli birer kaynak olacak niteliktedir.G\u00f6r\u00fc\u015f yaz\u0131lar\u0131 b\u00f6l\u00fcm\u00fcnde yer alan iki makaleden ilkinde 1950-1960 aras\u0131nda in\u015fa edilen kentin \u00f6nemli yap\u0131lar\u0131ndan Ulus ve Emek i\u015fhanlar\u0131n\u0131, kentsel ve mimari a\u00e7\u0131dan incelemekte ve bir d\u00f6nem okumas\u0131 yap\u0131lmakta; di\u011ferinde ise 1951 y\u0131l\u0131nda  kurulan T\u00fcrk-Amerikan Derne\u011fi\u2019nin Ankara\u2019da d\u00fczenledi\u011fi \u00e7e\u015fitli faaliyetlere de\u011finilmekte ve bunlar\u0131n kentin sosyal ve k\u00fclt\u00fcrel ya\u015fam\u0131na yapt\u0131\u011f\u0131 etki de\u011ferlendirilmektedir.<\/p>\n","protected":false},"excerpt":{"rendered":"<p>Dergide ilk olarak 1930\u2019lu y\u0131llarda ger\u00e7ekle\u015ftirilen \u00f6nc\u00fcl \u00e7al\u0131\u015fmalar\u0131n \u0131\u015f\u0131\u011f\u0131nda, 1950-2017 y\u0131llar\u0131 aras\u0131nda Ankara\u2019da ya\u015fayan 6-17 ya\u015f aras\u0131 \u00e7ocuklar \u00fczerindeki ayr\u0131nt\u0131l\u0131 \u00e7al\u0131\u015fmalar\u0131 de\u011ferlendiren ve ailelerin de\u011fi\u015fen sosyoekonomik<span class=\"excerpt-hellip\"> [\u2026]<\/span><\/p>\n","protected":false},"featured_media":0,"template":"","meta":{"_monsterinsights_skip_tracking":false,"_monsterinsights_sitenote_active":false,"_monsterinsights_sitenote_note":"","_monsterinsights_sitenote_category":0},"product_brand":[],"product_cat":[13528,13527],"product_tag":[],"class_list":{"0":"post-725888","1":"product","2":"type-product","3":"status-publish","5":"product_cat-gezi","6":"product_cat-sureli-yayinlar","7":"pa_cilt-ciltsiz","8":"pa_tur-dergi","9":"pa_yayinevi-vekam-koc-universitesi-vehbi-koc-ankara-arastirmalari-uygulama-ve-arastirma-merkezi","10":"pa_yazar-vekam-kolektif","12":"first","13":"instock","14":"sale","15":"shipping-taxable","16":"purchasable","17":"product-type-simple"},"_links":{"self":[{"href":"https:\/\/roveyayinevi.com.tr\/index.php\/wp-json\/wp\/v2\/product\/725888","targetHints":{"allow":["GET"]}}],"collection":[{"href":"https:\/\/roveyayinevi.com.tr\/index.php\/wp-json\/wp\/v2\/product"}],"about":[{"href":"https:\/\/roveyayinevi.com.tr\/index.php\/wp-json\/wp\/v2\/types\/product"}],"wp:attachment":[{"href":"https:\/\/roveyayinevi.com.tr\/index.php\/wp-json\/wp\/v2\/media?parent=725888"}],"wp:term":[{"taxonomy":"product_brand","embeddable":true,"href":"https:\/\/roveyayinevi.com.tr\/index.php\/wp-json\/wp\/v2\/product_brand?post=725888"},{"taxonomy":"product_cat","embeddable":true,"href":"https:\/\/roveyayinevi.com.tr\/index.php\/wp-json\/wp\/v2\/product_cat?post=725888"},{"taxonomy":"product_tag","embeddable":true,"href":"https:\/\/roveyayinevi.com.tr\/index.php\/wp-json\/wp\/v2\/product_tag?post=725888"}],"curies":[{"name":"wp","href":"https:\/\/api.w.org\/{rel}","templated":true}]}}