{"id":725802,"date":"2025-08-27T19:56:06","date_gmt":"2025-08-27T16:56:06","guid":{"rendered":"https:\/\/roveyayinevi.com.tr\/index.php\/urun\/germenler\/"},"modified":"2026-04-16T02:33:37","modified_gmt":"2026-04-15T23:33:37","slug":"germenler","status":"publish","type":"product","link":"https:\/\/roveyayinevi.com.tr\/index.php\/urun\/germenler\/","title":{"rendered":"Germenler"},"content":{"rendered":"<p>AVRUPA TAR\u0130H\u0130N\u0130N K\u00d6KLER\u0130NE Y\u00d6N VERENLER: GERMENLER\u2026Germen ad\u0131 nereden geliyor? Germenler tarih sahnesine ilk \u00e7\u0131kt\u0131klar\u0131nda Akdeniz d\u00fcnyas\u0131nda neler ya\u015fan\u0131yordu? Sezar\u2019\u0131n Germenlerle ili\u015fkileri nas\u0131ld\u0131? Germenlerin k\u00f6kenleri nereye dayan\u0131yordu? Germen kavimlerinin g\u00f6\u00e7\u00fcyle birlikte Roma d\u00fcnyas\u0131na ge\u00e7i\u015fleri nas\u0131l sa\u011fland\u0131? Gotlar, Vandallar, Burgonlar, Lombardlar, Franklar ve Anglosaksonlar hangi karakteristik \u00f6zelliklere sahipti? Germenlerin g\u00fcn\u00fcm\u00fcz d\u00fcnyas\u0131na etkileri olmu\u015f mudur? Avrupa d\u00fcnyas\u0131n\u0131n \u015fekillenmesindeki paylar\u0131 nedir?Erken d\u00f6nem halklar\u0131 ve Orta \u00c7a\u011f tarihi \u00fczerine \u00e7ok say\u0131da kitap ve makale yay\u0131mlam\u0131\u015f, Viyana \u00dcniversitesi\u2019nden emekli Orta \u00c7a\u011f Tarihi profes\u00f6r\u00fc Herwig Wolfram, Germenler hakk\u0131ndaki bu son derece keyifli \u00e7al\u0131\u015fmas\u0131nda ak\u0131lda kal\u0131c\u0131 bir \u00f6zet sunuyor. Okuyucuya Germenlerin k\u00f6ken ve mitlerini, ya\u015fant\u0131 ve miraslar\u0131n\u0131 tan\u0131t\u0131yor. Onlar\u0131n soylar\u0131n\u0131 resmediyor ve Kavimler G\u00f6\u00e7\u00fc\u2019n\u00fc anlat\u0131yor. En \u00f6nemli kaynaklardan ve ara\u015ft\u0131rma sonu\u00e7lar\u0131ndan elde etti\u011fi verilerle, g\u00fcn\u00fcm\u00fcze de\u011fin Germen d\u00fcnyas\u0131n\u0131n tarihsel olarak hakk\u0131yla anla\u015f\u0131lmas\u0131n\u0131 olumsuz y\u00f6nde etkilemi\u015f t\u00fcm kli\u015feleri ortadan kald\u0131rmay\u0131 ama\u00e7l\u0131yor. Roma d\u00fcnyas\u0131yla nas\u0131l etkile\u015fime girdiklerini ve ili\u015fkilerini de g\u00f6zler \u00f6n\u00fcne seriyor.Tu\u011fba \u0130smailo\u011flu Kac\u0131r\u2019\u0131n titiz \u00e7evirisiyle haz\u0131rlanan \u201cGermenler: K\u00f6kenleri ve Roma D\u00fcnyas\u0131yla \u0130li\u015fkileri\u201d, Avrupa tarihinin k\u00f6kenlerine dair zihin a\u00e7\u0131c\u0131 bir \u00e7al\u0131\u015fma.<\/p>\n","protected":false},"excerpt":{"rendered":"<p>AVRUPA TAR\u0130H\u0130N\u0130N K\u00d6KLER\u0130NE Y\u00d6N VERENLER: GERMENLER\u2026Germen ad\u0131 nereden geliyor? Germenler tarih sahnesine ilk \u00e7\u0131kt\u0131klar\u0131nda Akdeniz d\u00fcnyas\u0131nda neler ya\u015fan\u0131yordu? Sezar\u2019\u0131n Germenlerle ili\u015fkileri nas\u0131ld\u0131? Germenlerin k\u00f6kenleri nereye dayan\u0131yordu?<span class=\"excerpt-hellip\"> [\u2026]<\/span><\/p>\n","protected":false},"featured_media":0,"template":"","meta":{"_monsterinsights_skip_tracking":false,"_monsterinsights_sitenote_active":false,"_monsterinsights_sitenote_note":"","_monsterinsights_sitenote_category":0},"product_brand":[],"product_cat":[12305,12304],"product_tag":[],"class_list":{"0":"post-725802","1":"product","2":"type-product","3":"status-publish","5":"product_cat-dunya-tarihi","6":"product_cat-tarih","7":"pa_cilt-ciltsiz","8":"pa_tur-kitap","9":"pa_yayinevi-kronik-kitap","10":"pa_yazar-herwig-wolfram","12":"first","13":"instock","14":"sale","15":"shipping-taxable","16":"purchasable","17":"product-type-simple"},"_links":{"self":[{"href":"https:\/\/roveyayinevi.com.tr\/index.php\/wp-json\/wp\/v2\/product\/725802","targetHints":{"allow":["GET"]}}],"collection":[{"href":"https:\/\/roveyayinevi.com.tr\/index.php\/wp-json\/wp\/v2\/product"}],"about":[{"href":"https:\/\/roveyayinevi.com.tr\/index.php\/wp-json\/wp\/v2\/types\/product"}],"wp:attachment":[{"href":"https:\/\/roveyayinevi.com.tr\/index.php\/wp-json\/wp\/v2\/media?parent=725802"}],"wp:term":[{"taxonomy":"product_brand","embeddable":true,"href":"https:\/\/roveyayinevi.com.tr\/index.php\/wp-json\/wp\/v2\/product_brand?post=725802"},{"taxonomy":"product_cat","embeddable":true,"href":"https:\/\/roveyayinevi.com.tr\/index.php\/wp-json\/wp\/v2\/product_cat?post=725802"},{"taxonomy":"product_tag","embeddable":true,"href":"https:\/\/roveyayinevi.com.tr\/index.php\/wp-json\/wp\/v2\/product_tag?post=725802"}],"curies":[{"name":"wp","href":"https:\/\/api.w.org\/{rel}","templated":true}]}}