{"id":725721,"date":"2025-08-27T19:55:04","date_gmt":"2025-08-27T16:55:04","guid":{"rendered":"https:\/\/roveyayinevi.com.tr\/index.php\/urun\/askeri-hava-seyahatleri-osmanlidan-cumhuriyete\/"},"modified":"2026-04-16T02:33:35","modified_gmt":"2026-04-15T23:33:35","slug":"askeri-hava-seyahatleri-osmanlidan-cumhuriyete","status":"publish","type":"product","link":"https:\/\/roveyayinevi.com.tr\/index.php\/urun\/askeri-hava-seyahatleri-osmanlidan-cumhuriyete\/","title":{"rendered":"Askeri Hava Seyahatleri Osmanl\u0131\u2019dan Cumhuriyet\u2019e"},"content":{"rendered":"<p>Milletleraras\u0131 ili\u015fkilerde d\u0131\u015f politikan\u0131n, diplomatik ad\u0131m atmak i\u00e7in \u00e7e\u015fitli enstr\u00fcmanlar\u0131 vard\u0131r. Bu diplomatik ad\u0131mlardan biri; kitab\u0131n \u00e7al\u0131\u015fma konusu olan 1909-1939 y\u0131llar\u0131 aras\u0131ndaki, T\u00fcrk Hava Kuvvetleri taraf\u0131ndan aktif olarak d\u00fczenlenen asker\u00ee hava seyahatleridir. Diplomaside \u00f6nemli bir yeri olan bu asker\u00ee hava seyahatlerinin bir ba\u015fka \u00f6nemi; taraflar aras\u0131nda asker\u00ee alandaki mevcut ili\u015fkilerin geli\u015ftirilerek, b\u00f6lgesel bar\u0131\u015fa sa\u011flayaca\u011f\u0131 katk\u0131n\u0131n yan\u0131 s\u0131ra \u00fclkeler aras\u0131ndaki dostluk ili\u015fkilerini geli\u015ftirme ama\u00e7l\u0131 yap\u0131lmas\u0131d\u0131r.   Kom\u015fu \u00fclkelerle iyi ili\u015fkiler geli\u015ftirme niyetiyle yap\u0131lan asker\u00ee hava seyahatleri kapsam\u0131nda, T\u00fcrkiye\u2019nin kom\u015fu \u00fclkelere kar\u015f\u0131 yakla\u015f\u0131m\u0131; denge politikas\u0131 merkezli, s\u00fcrd\u00fcr\u00fclebilir bar\u0131\u015f odakl\u0131 bir politika olmu\u015ftur. D\u00f6nemin \u015fartlar\u0131 dikkate al\u0131narak ger\u00e7ek\u00e7i bir tutum izlenmi\u015ftir. T\u00fcrkiye bu d\u00f6nemdeki d\u0131\u015f politikas\u0131nda, s\u0131n\u0131rl\u0131 olanaklara sahipken, sava\u015farak mevcut durumu tehlikeye atmak yerine uzla\u015fma ile pay alma se\u00e7ene\u011fini de\u011ferlendirmi\u015ftir. \u0130cra edilen asker\u00ee hava seyahatleri de bu co\u011frafyada kal\u0131c\u0131 bar\u0131\u015f iste\u011finin bir g\u00f6stergesi olmu\u015ftur. Bu kapsamda; \u0130ran, Sovyetler Birli\u011fi, Yunanistan ve Balkan Antant\u0131\u2019n\u0131n imzaland\u0131\u011f\u0131 \u00fclkelerle, asker\u00ee hava seyahatleri vas\u0131tas\u0131yla diplomatik yak\u0131nla\u015fma sa\u011flanm\u0131\u015ft\u0131r.  Tahran Asker\u00ee Hava Seyahati hakk\u0131nda;  \u201c \u2026 U\u00e7aklar\u0131m\u0131z\u0131n ba\u015far\u0131l\u0131 u\u00e7u\u015flar\u0131, pilotlar\u0131m\u0131z\u0131n burada bulunduklar\u0131 esnada g\u00fczel hareket etmeleri, k\u0131yafet ve tav\u0131rlar\u0131, \u00fcmit etti\u011fimizden fazla h\u00fcsn\u00fc etki b\u0131rakm\u0131\u015ft\u0131r. Bu seyahati devletimizin buradaki mevkii hesab\u0131na bir ba\u015far\u0131 olarak kaydederim. Bu seyahat Junkers \u015firketinin ad\u0131 ge\u00e7en u\u00e7a\u011f\u0131n\u0131n b\u0131rakt\u0131\u011f\u0131 k\u00f6t\u00fc etkileri silmi\u015f ve bizim Tahran\u2019a bir u\u00e7u\u015f yapmak i\u00e7in Alman pilotlar\u0131na muhta\u00e7 olmad\u0131\u011f\u0131m\u0131z\u0131 g\u00f6stermi\u015ftir.\u201d Tahran B\u00fcy\u00fckel\u00e7isi M. \u015eevket Esendal<\/p>\n","protected":false},"excerpt":{"rendered":"<p>Milletleraras\u0131 ili\u015fkilerde d\u0131\u015f politikan\u0131n, diplomatik ad\u0131m atmak i\u00e7in \u00e7e\u015fitli enstr\u00fcmanlar\u0131 vard\u0131r. Bu diplomatik ad\u0131mlardan biri; kitab\u0131n \u00e7al\u0131\u015fma konusu olan 1909-1939 y\u0131llar\u0131 aras\u0131ndaki, T\u00fcrk Hava Kuvvetleri taraf\u0131ndan<span class=\"excerpt-hellip\"> [\u2026]<\/span><\/p>\n","protected":false},"featured_media":0,"template":"","meta":{"_monsterinsights_skip_tracking":false,"_monsterinsights_sitenote_active":false,"_monsterinsights_sitenote_note":"","_monsterinsights_sitenote_category":0},"product_brand":[],"product_cat":[12370,12304],"product_tag":[],"class_list":{"0":"post-725721","1":"product","2":"type-product","3":"status-publish","5":"product_cat-arastirma-inceleme","6":"product_cat-tarih","7":"pa_cilt-ciltsiz","8":"pa_tur-kitap","9":"pa_yayinevi-karakum-yayinevi","10":"pa_yazar-davud-kapucu-erdal-korkmaz","12":"first","13":"instock","14":"sale","15":"shipping-taxable","16":"purchasable","17":"product-type-simple"},"_links":{"self":[{"href":"https:\/\/roveyayinevi.com.tr\/index.php\/wp-json\/wp\/v2\/product\/725721","targetHints":{"allow":["GET"]}}],"collection":[{"href":"https:\/\/roveyayinevi.com.tr\/index.php\/wp-json\/wp\/v2\/product"}],"about":[{"href":"https:\/\/roveyayinevi.com.tr\/index.php\/wp-json\/wp\/v2\/types\/product"}],"wp:attachment":[{"href":"https:\/\/roveyayinevi.com.tr\/index.php\/wp-json\/wp\/v2\/media?parent=725721"}],"wp:term":[{"taxonomy":"product_brand","embeddable":true,"href":"https:\/\/roveyayinevi.com.tr\/index.php\/wp-json\/wp\/v2\/product_brand?post=725721"},{"taxonomy":"product_cat","embeddable":true,"href":"https:\/\/roveyayinevi.com.tr\/index.php\/wp-json\/wp\/v2\/product_cat?post=725721"},{"taxonomy":"product_tag","embeddable":true,"href":"https:\/\/roveyayinevi.com.tr\/index.php\/wp-json\/wp\/v2\/product_tag?post=725721"}],"curies":[{"name":"wp","href":"https:\/\/api.w.org\/{rel}","templated":true}]}}