{"id":725566,"date":"2025-08-27T19:52:23","date_gmt":"2025-08-27T16:52:23","guid":{"rendered":"https:\/\/roveyayinevi.com.tr\/index.php\/urun\/kelime-koken\/"},"modified":"2026-04-16T02:33:32","modified_gmt":"2026-04-15T23:33:32","slug":"kelime-koken","status":"publish","type":"product","link":"https:\/\/roveyayinevi.com.tr\/index.php\/urun\/kelime-koken\/","title":{"rendered":"Kelime K\u00f6ken"},"content":{"rendered":"<p>Arndt genelde tarih\u00e7i, yay\u0131nc\u0131 ve \u015fair olarak bilinir. Almanlar\u0131n Napoleon\u2019a kar\u015f\u0131 verdi\u011fi m\u00fccadelenin ve Alman mill\u00ee devletinin kurulu\u015fu i\u00e7in g\u00f6sterdi\u011fi gayretin \u00f6nde gelen fikr\u00ee ve siyas\u00ee neferlerinden biriydi. Belki de \u0131rk bilincine sahip ilk b\u00fcy\u00fck Alman\u2019d\u0131. B\u00fct\u00fcn Almanlar\u0131 kapsayan bir halk devleti fikrini savunmu\u015ftu.Ona g\u00f6re k\u00f6yl\u00fc, bir milletin en b\u00fcy\u00fck ve \u00f6nemli par\u00e7as\u0131yd\u0131. O, saban\u0131 kullan\u0131r, gerekti\u011finde de sava\u015fta k\u0131l\u0131c\u0131 eline al\u0131rd\u0131.Onun d\u00f6neminde d\u00fcnya vatanda\u015fl\u0131\u011f\u0131 fikrinden modern milliyet\u00e7ili\u011fe, h\u00fcmanizm fikrinden \u0131rk d\u00fc\u015f\u00fcncesine ge\u00e7ilmi\u015ftir. S\u0131k s\u0131k h\u00fcmanizmi ve kozmopolitizmi yermi\u015f, Frans\u0131zlara kar\u015f\u0131 duyulan ebed\u00ee nefreti Almanlar\u0131n dini h\u00e2line getirmeye \u00e7al\u0131\u015fm\u0131\u015ft\u0131r.Arndt\u2019\u0131n b\u00f6l\u00fcnm\u00fc\u015fl\u00fc\u011fe ve b\u00f6lgecili\u011fe (partikularizm) kar\u015f\u0131 tak\u0131nd\u0131\u011f\u0131 radikal tav\u0131r Romantiklerin muhafazak\u00e2r anlay\u0131\u015f\u0131na hi\u00e7 uymuyordu. Devlet ve halk b\u00fct\u00fcnle\u015fmesi temelinde mill\u00ee birli\u011fi ve g\u00fc\u00e7l\u00fc bir devleti savunuyordu. B\u00fct\u00fcn bunlar, ba\u015flang\u0131c\u0131nda \u00f6zg\u00fcrl\u00fck motifinin bask\u0131n oldu\u011fu 19\u2019uncu y\u00fczy\u0131l\u0131n ana fikirleriydi.\u201cT\u00fcrkler Karadeniz k\u0131y\u0131lar\u0131n\u0131 ya\u011fmalarken Balt\u0131k Denizi\u2019nde ya\u015fayan Rus \u2018Bana ne\u2019 dememeli&#8230;\u201d ifadesi ne yaz\u0131k ki Arndt\u2019\u0131n T\u00fcrklere fazla sempati duymad\u0131\u011f\u0131n\u0131n g\u00f6stergesidir. Yine \u015fu ifadeleri de ilgin\u00e7tir: \u201cT\u00fcrkler hakk\u0131nda bir yerde, san\u0131ld\u0131\u011f\u0131 gibi o kadar kolay bir av olmayacaklar\u0131n\u0131 s\u00f6yledim. \u00d6zellikle de devletlerinin gelece\u011fi tehlikeye d\u00fc\u015ft\u00fc\u011f\u00fcnde ve k\u00e2firlerin k\u0131l\u0131c\u0131 inan\u00e7lar\u0131n\u0131 hedef ald\u0131\u011f\u0131nda\u2026\u201dArndt i\u00e7in demokrasi ula\u015f\u0131lamayacak bir idealdi.O, \u00f6zg\u00fcrl\u00fck\u00e7\u00fc d\u00fc\u015f\u00fcncede s\u0131n\u0131rs\u0131z bir bireycilik tehlikesinin yatt\u0131\u011f\u0131n\u0131 g\u00f6rm\u00fc\u015ft\u00fc.Bir halk\u0131n, \u00f6z\u00fcn\u00fc koruyabilmesi i\u00e7in, dilinin bozulmas\u0131na ve yok edilmesine asla m\u00fcsaade etmemesi gerekti\u011fini s\u00f6yl\u00fcyordu.Ezc\u00fcmle kar\u015f\u0131m\u0131zda mill\u00ee d\u00fc\u015f\u00fcncenin pop\u00fcler h\u00e2le getirilmesinde 19\u2019uncu y\u00fczy\u0131l\u0131n ilk yar\u0131s\u0131ndaki milliyet\u00e7ilik teorisyenlerinin \u00e7o\u011fundan daha fazla hizmeti olan bir filozof durmaktad\u0131r.Prof. Dr. Hatice \u015eirin<\/p>\n","protected":false},"excerpt":{"rendered":"<p>Arndt genelde tarih\u00e7i, yay\u0131nc\u0131 ve \u015fair olarak bilinir. Almanlar\u0131n Napoleon\u2019a kar\u015f\u0131 verdi\u011fi m\u00fccadelenin ve Alman mill\u00ee devletinin kurulu\u015fu i\u00e7in g\u00f6sterdi\u011fi gayretin \u00f6nde gelen fikr\u00ee ve siyas\u00ee<span class=\"excerpt-hellip\"> [\u2026]<\/span><\/p>\n","protected":false},"featured_media":0,"template":"","meta":{"_monsterinsights_skip_tracking":false,"_monsterinsights_sitenote_active":false,"_monsterinsights_sitenote_note":"","_monsterinsights_sitenote_category":0},"product_brand":[],"product_cat":[20225,12291],"product_tag":[],"class_list":{"0":"post-725566","1":"product","2":"type-product","3":"status-publish","5":"product_cat-dil-bilim","6":"product_cat-edebiyat","7":"pa_cilt-ciltsiz","8":"pa_tur-kitap","9":"pa_yayinevi-bilge-kultur-sanat","10":"pa_yazar-mehmet-emin-katirci","12":"first","13":"instock","14":"sale","15":"shipping-taxable","16":"purchasable","17":"product-type-simple"},"_links":{"self":[{"href":"https:\/\/roveyayinevi.com.tr\/index.php\/wp-json\/wp\/v2\/product\/725566","targetHints":{"allow":["GET"]}}],"collection":[{"href":"https:\/\/roveyayinevi.com.tr\/index.php\/wp-json\/wp\/v2\/product"}],"about":[{"href":"https:\/\/roveyayinevi.com.tr\/index.php\/wp-json\/wp\/v2\/types\/product"}],"wp:attachment":[{"href":"https:\/\/roveyayinevi.com.tr\/index.php\/wp-json\/wp\/v2\/media?parent=725566"}],"wp:term":[{"taxonomy":"product_brand","embeddable":true,"href":"https:\/\/roveyayinevi.com.tr\/index.php\/wp-json\/wp\/v2\/product_brand?post=725566"},{"taxonomy":"product_cat","embeddable":true,"href":"https:\/\/roveyayinevi.com.tr\/index.php\/wp-json\/wp\/v2\/product_cat?post=725566"},{"taxonomy":"product_tag","embeddable":true,"href":"https:\/\/roveyayinevi.com.tr\/index.php\/wp-json\/wp\/v2\/product_tag?post=725566"}],"curies":[{"name":"wp","href":"https:\/\/api.w.org\/{rel}","templated":true}]}}