{"id":725522,"date":"2025-08-27T19:51:45","date_gmt":"2025-08-27T16:51:45","guid":{"rendered":"https:\/\/roveyayinevi.com.tr\/index.php\/urun\/islam-dusunce-gelenekleri\/"},"modified":"2026-04-16T02:33:31","modified_gmt":"2026-04-15T23:33:31","slug":"islam-dusunce-gelenekleri","status":"publish","type":"product","link":"https:\/\/roveyayinevi.com.tr\/index.php\/urun\/islam-dusunce-gelenekleri\/","title":{"rendered":"\u0130slam D\u00fc\u015f\u00fcnce Gelenekleri"},"content":{"rendered":"<p>Kadim d\u00fc\u015f\u00fcnce miras\u0131n\u0131n bug\u00fcnle irtibat\u0131n\u0131 kuracak \u015fekilde yeniden yorumlanmas\u0131, hi\u00e7 \u015f\u00fcphesiz \u00f6ncelikle onun anla\u015f\u0131lmas\u0131 ile m\u00fcmk\u00fcn. O anlam birlikteli\u011finin sa\u011flanamad\u0131\u011f\u0131 her \u00e7aba, ka\u00e7\u0131n\u0131lmaz olarak tarihe ve bug\u00fcne ge\u00e7 kalmakla sonu\u00e7lan\u0131yor. Ketebe Yay\u0131nlar\u0131 olarak insanl\u0131\u011f\u0131n \u00fcretti\u011fi var olan b\u00fcy\u00fck anlam\u0131n, var olmas\u0131 muhtemel b\u00fcy\u00fck anlam\u0131n do\u011fumu i\u00e7in b\u00fct\u00fcn \u00e7ehreleriyle anla\u015f\u0131lmas\u0131 gerekti\u011fine inan\u0131yoruz. Prof. Dr. \u00d6mer T\u00fcrker, her eseriyle o b\u00fcy\u00fck anlam\u0131n do\u011fumuna katk\u0131 sa\u011fl\u0131yor.Kelam \u2013 Felsefe \u2013 Tasavvuf alt ba\u015fl\u0131\u011f\u0131n\u0131 ta\u015f\u0131yan elinizde tuttu\u011funuz \u0130slam D\u00fc\u015f\u00fcnce Gelenekleri adl\u0131 bu eser, kelam, felsefe ve tasavvuf geleneklerinde insan anlay\u0131\u015f\u0131n\u0131, varl\u0131k d\u00fc\u015f\u00fcncesini ve \u00e2lem tasavvurunu, temel kurulu\u015f kodlar\u0131yla birlikte ba\u015ftan sona ortaya koyuyor. Tanr\u0131-\u00e2lem ve Tanr\u0131 ve insan ili\u015fkilerinin, \u0130slam d\u00fc\u015f\u00fcnce tarihi boyunca farkl\u0131 geleneklerde nas\u0131l ele al\u0131nd\u0131\u011f\u0131n\u0131, hangi temel prensiplerden hareketle d\u00fc\u015f\u00fcnce \u00e7at\u0131s\u0131n\u0131n in\u015fa edildi\u011fini tart\u0131\u015f\u0131yor.<\/p>\n","protected":false},"excerpt":{"rendered":"<p>Kadim d\u00fc\u015f\u00fcnce miras\u0131n\u0131n bug\u00fcnle irtibat\u0131n\u0131 kuracak \u015fekilde yeniden yorumlanmas\u0131, hi\u00e7 \u015f\u00fcphesiz \u00f6ncelikle onun anla\u015f\u0131lmas\u0131 ile m\u00fcmk\u00fcn. O anlam birlikteli\u011finin sa\u011flanamad\u0131\u011f\u0131 her \u00e7aba, ka\u00e7\u0131n\u0131lmaz olarak tarihe ve<span class=\"excerpt-hellip\"> [\u2026]<\/span><\/p>\n","protected":false},"featured_media":0,"template":"","meta":{"_monsterinsights_skip_tracking":false,"_monsterinsights_sitenote_active":false,"_monsterinsights_sitenote_note":"","_monsterinsights_sitenote_category":0},"product_brand":[],"product_cat":[19998,12388],"product_tag":[],"class_list":{"0":"post-725522","1":"product","2":"type-product","3":"status-publish","5":"product_cat-din-felsefesi","6":"product_cat-felsefe","7":"pa_cilt-ciltsiz","8":"pa_tur-kitap","9":"pa_yayinevi-ketebe-yayinlari","10":"pa_yazar-omer-turker","12":"first","13":"instock","14":"sale","15":"shipping-taxable","16":"purchasable","17":"product-type-simple"},"_links":{"self":[{"href":"https:\/\/roveyayinevi.com.tr\/index.php\/wp-json\/wp\/v2\/product\/725522","targetHints":{"allow":["GET"]}}],"collection":[{"href":"https:\/\/roveyayinevi.com.tr\/index.php\/wp-json\/wp\/v2\/product"}],"about":[{"href":"https:\/\/roveyayinevi.com.tr\/index.php\/wp-json\/wp\/v2\/types\/product"}],"wp:attachment":[{"href":"https:\/\/roveyayinevi.com.tr\/index.php\/wp-json\/wp\/v2\/media?parent=725522"}],"wp:term":[{"taxonomy":"product_brand","embeddable":true,"href":"https:\/\/roveyayinevi.com.tr\/index.php\/wp-json\/wp\/v2\/product_brand?post=725522"},{"taxonomy":"product_cat","embeddable":true,"href":"https:\/\/roveyayinevi.com.tr\/index.php\/wp-json\/wp\/v2\/product_cat?post=725522"},{"taxonomy":"product_tag","embeddable":true,"href":"https:\/\/roveyayinevi.com.tr\/index.php\/wp-json\/wp\/v2\/product_tag?post=725522"}],"curies":[{"name":"wp","href":"https:\/\/api.w.org\/{rel}","templated":true}]}}