{"id":725520,"date":"2025-08-27T19:51:44","date_gmt":"2025-08-27T16:51:44","guid":{"rendered":"https:\/\/roveyayinevi.com.tr\/index.php\/urun\/gen-otesi-insan-sonrasi\/"},"modified":"2026-04-16T02:33:31","modified_gmt":"2026-04-15T23:33:31","slug":"gen-otesi-insan-sonrasi","status":"publish","type":"product","link":"https:\/\/roveyayinevi.com.tr\/index.php\/urun\/gen-otesi-insan-sonrasi\/","title":{"rendered":"Gen \u00d6tesi &#8211; \u0130nsan Sonras\u0131"},"content":{"rendered":"<p>20. y\u00fczy\u0131l\u0131n ikinci yar\u0131s\u0131nda ortaya \u00e7\u0131kan, somut meyvelerini ise 21. y\u00fczy\u0131ldan itibaren vermeye ba\u015flayan \u201cepigenetic paradigma\u201d, 20. y\u00fczy\u0131la neredeyse ba\u015ftan sona h\u00e2kim olan \u201cgenetik paradigma\u201dy\u0131 sorgulamakta, onun s\u0131n\u0131rlar\u0131n\u0131, eksiklerini, i\u00e7erdi\u011fi sorunlar\u0131 ve \u00e7eli\u015fkileri g\u00f6sterirken onu da kapsayan daha b\u00fct\u00fcnleyici bir \u00e7er\u00e7eve sunmaktad\u0131r.Epigenetik, geneti\u011fin bir k\u0131sm\u0131n\u0131 ayn\u0131yla devralma, bir k\u0131sm\u0131na itiraz etme, bir k\u0131sm\u0131n\u0131 ise tashih edip tamamlama iddias\u0131ndad\u0131r. Giderek ivme kazanan bu d\u00f6n\u00fc\u015f\u00fcm, felsefe-bilimde farkl\u0131 bir \u201cdo\u011fa\u201d ve daha \u00f6zelde \u201cinsan do\u011fas\u0131\u201d tasar\u0131m\u0131 da teklif etmektedir. Modern fizikte ya\u015fanan devrime nispetle \u00e7ok daha s\u0131k\u0131\u015ft\u0131r\u0131lm\u0131\u015f bir zamanda ger\u00e7ekle\u015fti\u011fi anla\u015f\u0131lan bu d\u00f6n\u00fc\u015f\u00fcm\u00fcn, bir disiplin olarak biyolojinin yap\u0131sal farklar\u0131n\u0131 vurgulaman\u0131n \u00f6tesinde ne gibi felsefi anlamlar bar\u0131nd\u0131rmakta oldu\u011fu bu \u00e7al\u0131\u015fman\u0131n ele ald\u0131\u011f\u0131 konular aras\u0131ndad\u0131r. \u00d6zellikle \u00e7evreyle etkile\u015fimin kritik rol\u00fcne yapt\u0131\u011f\u0131 vurguyla epigenetik, gen ve genetik merkezli biyolojiyi, paradigma i\u00e7i revizyonlardan \u00f6te k\u00f6kl\u00fc bir d\u00f6n\u00fc\u015f\u00fcme zorlamakta; k\u00fclt\u00fcr\/\u00e7evre etkisini hesaba katan; \u201cgeli\u015fim\u201d olgusunu ve \u201cetkile\u015fim a\u011flar\u0131\u201dn\u0131 merkeze alan; indirgemecili\u011fi \u201ckarma\u015f\u0131kl\u0131k\u201d, \u201cbeliriverme\u201d ve \u201c\u00e7oklu-ger\u00e7eklenebilirlik\u201d benzeri fenomenlerden hareketle a\u00e7\u0131klamaya \u00e7al\u0131\u015fan daha b\u00fct\u00fcnlemeci bir biyoloji tasar\u0131m\u0131 \u00f6nermektedir.***Ketebe Yay\u0131nlar\u0131, epigenetik konusunda T\u00fcrk\u00e7edeki bu ilk telif eseri yay\u0131mlamakla hususen biyoloji felsefesine yapt\u0131\u011f\u0131 katk\u0131 dolay\u0131s\u0131yla k\u0131van\u00e7 duymaktad\u0131r.<\/p>\n","protected":false},"excerpt":{"rendered":"<p>20. y\u00fczy\u0131l\u0131n ikinci yar\u0131s\u0131nda ortaya \u00e7\u0131kan, somut meyvelerini ise 21. y\u00fczy\u0131ldan itibaren vermeye ba\u015flayan \u201cepigenetic paradigma\u201d, 20. y\u00fczy\u0131la neredeyse ba\u015ftan sona h\u00e2kim olan \u201cgenetik paradigma\u201dy\u0131 sorgulamakta,<span class=\"excerpt-hellip\"> [\u2026]<\/span><\/p>\n","protected":false},"featured_media":0,"template":"","meta":{"_monsterinsights_skip_tracking":false,"_monsterinsights_sitenote_active":false,"_monsterinsights_sitenote_note":"","_monsterinsights_sitenote_category":0},"product_brand":[],"product_cat":[12388,15309],"product_tag":[],"class_list":{"0":"post-725520","1":"product","2":"type-product","3":"status-publish","5":"product_cat-felsefe","6":"product_cat-felsefi-akimlar","7":"pa_cilt-ciltsiz","8":"pa_tur-kitap","9":"pa_yayinevi-ketebe-yayinlari","10":"pa_yazar-esra-kartal-soysal","12":"first","13":"instock","14":"sale","15":"shipping-taxable","16":"purchasable","17":"product-type-simple"},"_links":{"self":[{"href":"https:\/\/roveyayinevi.com.tr\/index.php\/wp-json\/wp\/v2\/product\/725520","targetHints":{"allow":["GET"]}}],"collection":[{"href":"https:\/\/roveyayinevi.com.tr\/index.php\/wp-json\/wp\/v2\/product"}],"about":[{"href":"https:\/\/roveyayinevi.com.tr\/index.php\/wp-json\/wp\/v2\/types\/product"}],"wp:attachment":[{"href":"https:\/\/roveyayinevi.com.tr\/index.php\/wp-json\/wp\/v2\/media?parent=725520"}],"wp:term":[{"taxonomy":"product_brand","embeddable":true,"href":"https:\/\/roveyayinevi.com.tr\/index.php\/wp-json\/wp\/v2\/product_brand?post=725520"},{"taxonomy":"product_cat","embeddable":true,"href":"https:\/\/roveyayinevi.com.tr\/index.php\/wp-json\/wp\/v2\/product_cat?post=725520"},{"taxonomy":"product_tag","embeddable":true,"href":"https:\/\/roveyayinevi.com.tr\/index.php\/wp-json\/wp\/v2\/product_tag?post=725520"}],"curies":[{"name":"wp","href":"https:\/\/api.w.org\/{rel}","templated":true}]}}