{"id":725287,"date":"2025-08-27T19:48:00","date_gmt":"2025-08-27T16:48:00","guid":{"rendered":"https:\/\/roveyayinevi.com.tr\/index.php\/urun\/elestiri-nedir\/"},"modified":"2026-04-13T02:40:41","modified_gmt":"2026-04-12T23:40:41","slug":"elestiri-nedir","status":"publish","type":"product","link":"https:\/\/roveyayinevi.com.tr\/index.php\/urun\/elestiri-nedir\/","title":{"rendered":"Ele\u015ftiri Nedir?"},"content":{"rendered":"<p>Elinizdeki edisyon Michel Foucault\u2019nun iki konferans\u0131n\u0131 bir araya getirmektedir. Foucault ilk konferans\u0131 27 May\u0131s 1978\u2019de Sorbonne\u2019da Frans\u0131z Felsefe Cemiyeti huzurunda vermi\u015f, konu\u015fma onun g\u00f6zetiminde 1990 y\u0131l\u0131nda \u201cEle\u015ftiri Nedir?\u201d ba\u015fl\u0131\u011f\u0131yla yay\u0131mlanm\u0131\u015ft\u0131r. Di\u011fer konferans\u0131ysa, 12 Nisan 1983\u2019te Berkeley, California \u00dcniversitesi\u2019nde \u201cKendilik K\u00fclt\u00fcr\u00fc\u201d ba\u015fl\u0131\u011f\u0131yla sunulmu\u015ftur. \u0130ki konferans\u0131 ay\u0131ran 1978 ile 1984 aras\u0131nda Foucault\u2019nun d\u00fc\u015f\u00fcncesi \u00f6nemli bir evrim ge\u00e7irse de, Kant\u2019\u0131n Was ist Aufkl\u00e4rung? (\u201cAyd\u0131nlanma Nedir?\u201d) metnine yapt\u0131\u011f\u0131 referans bu d\u00f6nemde yazd\u0131\u011f\u0131 t\u00fcm metinlerde ve yapt\u0131\u011f\u0131 t\u00fcm konu\u015fmalarda merkezi bir yer i\u015fgal eder; \u00e7\u00fcnk\u00fc Ayd\u0131nlanma \u00fczerine bu metni tekrar tekrar ele almas\u0131n\u0131n amac\u0131, felsefi ve tarihsel soru olarak \u201ckendilik k\u00fclt\u00fcr\u00fc\u201d temas\u0131yla neden ilgilendi\u011fini a\u00e7\u0131klamakt\u0131r. B\u00f6ylece kitapta yer alan \u201cEle\u015ftiri Nedir?\u201d ve \u201cKendilik K\u00fclt\u00fcr\u00fc\u201d ba\u015fl\u0131kl\u0131 konferanslarla bunlara e\u015flik eden tart\u0131\u015fmalar, hem Foucault\u2019nun d\u00fc\u015f\u00fcnsel evrimini takip etmeyi sa\u011flar hem de onun Was ist Aufkl\u00e4rung?\u2019u nas\u0131l farkl\u0131 bi\u00e7imlerde okudu\u011funu g\u00f6rme imk\u00e2n\u0131 tan\u0131r.<\/p>\n","protected":false},"excerpt":{"rendered":"<p>Elinizdeki edisyon Michel Foucault\u2019nun iki konferans\u0131n\u0131 bir araya getirmektedir. Foucault ilk konferans\u0131 27 May\u0131s 1978\u2019de Sorbonne\u2019da Frans\u0131z Felsefe Cemiyeti huzurunda vermi\u015f, konu\u015fma onun g\u00f6zetiminde 1990 y\u0131l\u0131nda<span class=\"excerpt-hellip\"> [\u2026]<\/span><\/p>\n","protected":false},"featured_media":0,"template":"","meta":{"_monsterinsights_skip_tracking":false,"_monsterinsights_sitenote_active":false,"_monsterinsights_sitenote_note":"","_monsterinsights_sitenote_category":0},"product_brand":[],"product_cat":[12389,12388],"product_tag":[],"class_list":{"0":"post-725287","1":"product","2":"type-product","3":"status-publish","5":"product_cat-diger-felsefe","6":"product_cat-felsefe","7":"pa_cilt-ciltsiz","8":"pa_tur-kitap","9":"pa_yayinevi-ayrinti-yayinlari","10":"pa_yazar-michel-foucault","12":"first","13":"instock","14":"sale","15":"shipping-taxable","16":"purchasable","17":"product-type-simple"},"_links":{"self":[{"href":"https:\/\/roveyayinevi.com.tr\/index.php\/wp-json\/wp\/v2\/product\/725287","targetHints":{"allow":["GET"]}}],"collection":[{"href":"https:\/\/roveyayinevi.com.tr\/index.php\/wp-json\/wp\/v2\/product"}],"about":[{"href":"https:\/\/roveyayinevi.com.tr\/index.php\/wp-json\/wp\/v2\/types\/product"}],"wp:attachment":[{"href":"https:\/\/roveyayinevi.com.tr\/index.php\/wp-json\/wp\/v2\/media?parent=725287"}],"wp:term":[{"taxonomy":"product_brand","embeddable":true,"href":"https:\/\/roveyayinevi.com.tr\/index.php\/wp-json\/wp\/v2\/product_brand?post=725287"},{"taxonomy":"product_cat","embeddable":true,"href":"https:\/\/roveyayinevi.com.tr\/index.php\/wp-json\/wp\/v2\/product_cat?post=725287"},{"taxonomy":"product_tag","embeddable":true,"href":"https:\/\/roveyayinevi.com.tr\/index.php\/wp-json\/wp\/v2\/product_tag?post=725287"}],"curies":[{"name":"wp","href":"https:\/\/api.w.org\/{rel}","templated":true}]}}