{"id":725245,"date":"2025-08-27T19:47:26","date_gmt":"2025-08-27T16:47:26","guid":{"rendered":"https:\/\/roveyayinevi.com.tr\/index.php\/urun\/karanliktan-korkan-mum\/"},"modified":"2026-04-16T02:32:55","modified_gmt":"2026-04-15T23:32:55","slug":"karanliktan-korkan-mum","status":"publish","type":"product","link":"https:\/\/roveyayinevi.com.tr\/index.php\/urun\/karanliktan-korkan-mum\/","title":{"rendered":"Karanl\u0131ktan Korkan Mum"},"content":{"rendered":"<p>\u00c7\u00fcnk\u00fc arkada\u015flar ayd\u0131nlat\u0131r karanl\u0131\u011f\u0131! Selen Ayd\u0131n, uzun y\u0131llar zihninde demlendirdi\u011fi \u00e7ocuk \u00f6yk\u00fclerinin ilki olan resimli kitapla k\u00fc\u00e7\u00fckleri sevgi ve empati dolu bir yolculu\u011fa \u00e7\u0131kar\u0131yor. An\u0131lar\u0131n haf\u0131zas\u0131 haline gelen e\u015fyan\u0131n da di\u011fer canl\u0131lar gibi bir i\u015flevi ve de\u011feri oldu\u011funu, karanl\u0131ktan korkan bir mumun hik\u00e2yesiyle hat\u0131rlat\u0131yor. \u00c7al\u0131\u015fmalar\u0131yla bir\u00e7ok \u00f6d\u00fcle de\u011fer g\u00f6r\u00fclen, d\u00fcnyan\u0131n en sayg\u0131n \u00e7ocuk kitab\u0131 \u00f6d\u00fcllerinden ALMA&#8217;n\u0131n 2021 adaylar\u0131ndan usta sanat\u00e7\u0131 Huban Korman&#8217;\u0131n desenleriyse bu yolculu\u011fu g\u00f6rsel bir \u015f\u00f6lene d\u00f6n\u00fc\u015ft\u00fcr\u00fcyor. Ne\u015feli ve s\u0131cak bir dille korkular\u0131n \u00fcstesinden gelen \u00f6yk\u00fc, arkada\u015fl\u0131\u011f\u0131n duygu dolu evreninde ya\u015famay\u0131 ve k\u00fc\u00e7\u00fcklerle birlikte okumay\u0131 sevenler i\u00e7in birebir.Mum Selami, uzun zamand\u0131r kullan\u0131lmayan irili ufakl\u0131 bir\u00e7ok e\u015fyayla birlikte \u00e7ekmecede unutulmu\u015ftur. Bir g\u00fcn elektrik kesilince, kapal\u0131 kald\u0131\u011f\u0131 \u00e7ekmeceden \u00e7\u0131kar\u0131l\u0131p yak\u0131l\u0131r. Mum Selami \u00e7ok mutludur art\u0131k. Elektrik yeniden geldi\u011findeyse i\u015fler kar\u0131\u015f\u0131r. Ev sakinleri, Mum Selami&#8217;yi bir t\u00fcrl\u00fc s\u00f6nd\u00fcremez. Sonunda, bu inat\u00e7\u0131 k\u0131rm\u0131z\u0131 mumu, \u00fcnl\u00fc mum doktoruna g\u00f6t\u00fcrmeye karar verirler\u2026Selen Ayd\u0131n: 1975&#8217;te I\u0307stanbul&#8217;da dog\u0306du. Marmara U\u0308niversitesi I\u0307letis\u0327im Faku\u0308ltesi Reklam ve Halkla I\u0307lis\u0327kiler Bo\u0308lu\u0308mu\u0308&#8217;nden mezun oldu. Reklam ajanslar\u0131nda metin yazar\u0131 olarak c\u0327al\u0131s\u0327t\u0131. Kurumsal iletis\u0327im alan\u0131nda projeler gelis\u0327tirdi. Son y\u0131llarda edebiyat ato\u0308lyelerine kat\u0131ld\u0131 ve c\u0327ocuklar ic\u0327in o\u0308yku\u0308ler yazmaya bas\u0327lad\u0131. I\u0307lk c\u0327ocuk kitab\u0131 Karanl\u0131ktan Korkan Mum&#8217;da (2020) sanatc\u0327\u0131 Huban Korman&#8217;la bulu\u015fan Selen Ayd\u0131n, I\u0307stanbul&#8217;da yas\u0327\u0131yor.Huban Korman: 1959&#8217;da I\u0307stanbul&#8217;da dog\u0306du. 1983&#8217;te I\u0307stanbul Devlet Gu\u0308zel Sanatlar Akademisi&#8217;nin (bugu\u0308n Mimar Sinan Gu\u0308zel Sanatlar U\u0308niversitesi) Grafik Bo\u0308lu\u0308mu\u0308&#8217;nden mezun oldu. Reklam ajanslar\u0131ndaki c\u0327al\u0131s\u0327malar\u0131n\u0131 su\u0308rdu\u0308ru\u0308rken, c\u0327ok say\u0131da c\u0327ocuk kitab\u0131 resimledi ve c\u0327ocuk dergileri ic\u0327in desenler yapt\u0131. 2008&#8217;de illu\u0308strasyon dal\u0131nda Uluslararas\u0131 C\u0327ocuk Kitaplar\u0131 Kurulu (IBBY) Onur Listesi&#8217;ne al\u0131nd\u0131. Birc\u0327ok o\u0308du\u0308l kazanan ve 2021 Astrid Lindgren Anma O\u0308du\u0308lu\u0308 (ALMA) aday\u0131 olan Korman, son y\u0131llarda o\u0308zellikle resimli c\u0327ocuk kitaplar\u0131na yo\u0308neldi. Sanatc\u0327\u0131, I\u0307stanbul&#8217;da yas\u0327\u0131yor, bir og\u0306lu var.<\/p>\n","protected":false},"excerpt":{"rendered":"<p>\u00c7\u00fcnk\u00fc arkada\u015flar ayd\u0131nlat\u0131r karanl\u0131\u011f\u0131! Selen Ayd\u0131n, uzun y\u0131llar zihninde demlendirdi\u011fi \u00e7ocuk \u00f6yk\u00fclerinin ilki olan resimli kitapla k\u00fc\u00e7\u00fckleri sevgi ve empati dolu bir yolculu\u011fa \u00e7\u0131kar\u0131yor. An\u0131lar\u0131n haf\u0131zas\u0131<span class=\"excerpt-hellip\"> [\u2026]<\/span><\/p>\n","protected":false},"featured_media":0,"template":"","meta":{"_monsterinsights_skip_tracking":false,"_monsterinsights_sitenote_active":false,"_monsterinsights_sitenote_note":"","_monsterinsights_sitenote_category":0},"product_brand":[],"product_cat":[12913,12274],"product_tag":[],"class_list":{"0":"post-725245","1":"product","2":"type-product","3":"status-publish","5":"product_cat-3-6-yas-kitaplari","6":"product_cat-cocuk-ve-genclik-kitaplari","7":"pa_cilt-ciltsiz","8":"pa_tur-kitap","9":"pa_yayinevi-gunisigi-kitapligi","10":"pa_yazar-selen-aydin","12":"first","13":"instock","14":"sale","15":"shipping-taxable","16":"purchasable","17":"product-type-simple"},"_links":{"self":[{"href":"https:\/\/roveyayinevi.com.tr\/index.php\/wp-json\/wp\/v2\/product\/725245","targetHints":{"allow":["GET"]}}],"collection":[{"href":"https:\/\/roveyayinevi.com.tr\/index.php\/wp-json\/wp\/v2\/product"}],"about":[{"href":"https:\/\/roveyayinevi.com.tr\/index.php\/wp-json\/wp\/v2\/types\/product"}],"wp:attachment":[{"href":"https:\/\/roveyayinevi.com.tr\/index.php\/wp-json\/wp\/v2\/media?parent=725245"}],"wp:term":[{"taxonomy":"product_brand","embeddable":true,"href":"https:\/\/roveyayinevi.com.tr\/index.php\/wp-json\/wp\/v2\/product_brand?post=725245"},{"taxonomy":"product_cat","embeddable":true,"href":"https:\/\/roveyayinevi.com.tr\/index.php\/wp-json\/wp\/v2\/product_cat?post=725245"},{"taxonomy":"product_tag","embeddable":true,"href":"https:\/\/roveyayinevi.com.tr\/index.php\/wp-json\/wp\/v2\/product_tag?post=725245"}],"curies":[{"name":"wp","href":"https:\/\/api.w.org\/{rel}","templated":true}]}}