{"id":725183,"date":"2025-08-27T19:45:57","date_gmt":"2025-08-27T16:45:57","guid":{"rendered":"https:\/\/roveyayinevi.com.tr\/index.php\/urun\/20-yuzyilin-biyografisi\/"},"modified":"2026-04-16T02:32:53","modified_gmt":"2026-04-15T23:32:53","slug":"20-yuzyilin-biyografisi","status":"publish","type":"product","link":"https:\/\/roveyayinevi.com.tr\/index.php\/urun\/20-yuzyilin-biyografisi\/","title":{"rendered":"20. Y\u00fczy\u0131l\u0131n Biyografisi"},"content":{"rendered":"<p>\u00c7a\u011f\u0131m\u0131z\u0131n en g\u00fc\u00e7l\u00fc d\u00fc\u015f\u00fcn\u00fcrlerinden Roger Garaudy, \u201cinsan i\u00e7in insanca bir d\u00fczen\u201d idealine kendini adam\u0131\u015f ger\u00e7ek bir dava adam\u0131yd\u0131. Fikir adaml\u0131\u011f\u0131n\u0131n yan\u0131 s\u0131ra ayn\u0131 zamanda g\u00f6z\u00fc kara bir eylemciydi. Felsefeden sanata uzanan engin birikim ve yetene\u011fini bu u\u011furda seferber etti. \u0130nand\u0131\u011f\u0131 dava u\u011fruna can\u0131n\u0131 seve seve vermeye haz\u0131r bir idealist olarak ya\u015fad\u0131.Roger Garaudy bu eserinde, 20. y\u00fczy\u0131l\u0131n felsefe ve fikir hayat\u0131n\u0131n geni\u015f ve ele\u015ftirel bir panoramas\u0131n\u0131 \u00e7iziyor. B\u00fct\u00fcn felsefe ak\u0131mlar\u0131n\u0131, felsefecilerini ve ayd\u0131nlar\u0131n\u0131 enine boyuna sorguluyor.20. y\u00fczy\u0131ldaki felsefe ak\u0131mlar\u0131, insanl\u0131\u011fa ne kazand\u0131rd\u0131, ne kaybettirdi?\u0130sl\u00e2m\u2019\u0131n g\u00fcn\u00fcm\u00fcz kel\u00e2mc\u0131, hukuk\u00e7u, bilgin ve d\u00fc\u015f\u00fcn\u00fcrlerinin bu felsefe ak\u0131mlar\u0131na cevab\u0131 ne olmal\u0131?B\u00fct\u00fcn d\u00fcnya insanl\u0131\u011f\u0131n\u0131 toplu bir intihara s\u00fcr\u00fckleyen \u015fu gidi\u015fe nas\u0131l dur denmeli?Garaudy\u2019nin felsef\u00ee vasiyeti niteli\u011findeki bu kitap, insanl\u0131\u011f\u0131n kurtulu\u015fu i\u00e7in yerk\u00fcrenin b\u00fct\u00fcn g\u00fc\u00e7l\u00fc beyinlerini, \u00f6zellikle de M\u00fcsl\u00fcmanlar\u0131 fikir \u00fcretmeye davet ediyor.<\/p>\n","protected":false},"excerpt":{"rendered":"<p>\u00c7a\u011f\u0131m\u0131z\u0131n en g\u00fc\u00e7l\u00fc d\u00fc\u015f\u00fcn\u00fcrlerinden Roger Garaudy, \u201cinsan i\u00e7in insanca bir d\u00fczen\u201d idealine kendini adam\u0131\u015f ger\u00e7ek bir dava adam\u0131yd\u0131. Fikir adaml\u0131\u011f\u0131n\u0131n yan\u0131 s\u0131ra ayn\u0131 zamanda g\u00f6z\u00fc kara<span class=\"excerpt-hellip\"> [\u2026]<\/span><\/p>\n","protected":false},"featured_media":0,"template":"","meta":{"_monsterinsights_skip_tracking":false,"_monsterinsights_sitenote_active":false,"_monsterinsights_sitenote_note":"","_monsterinsights_sitenote_category":0},"product_brand":[],"product_cat":[16038,12388],"product_tag":[],"class_list":{"0":"post-725183","1":"product","2":"type-product","3":"status-publish","5":"product_cat-arastirma-inceleme-referans-felsefe","6":"product_cat-felsefe","7":"pa_cilt-ciltsiz","8":"pa_tur-kitap","9":"pa_yayinevi-timas-yayinlari","10":"pa_yazar-roger-garaudy","12":"first","13":"instock","14":"sale","15":"shipping-taxable","16":"purchasable","17":"product-type-simple"},"_links":{"self":[{"href":"https:\/\/roveyayinevi.com.tr\/index.php\/wp-json\/wp\/v2\/product\/725183","targetHints":{"allow":["GET"]}}],"collection":[{"href":"https:\/\/roveyayinevi.com.tr\/index.php\/wp-json\/wp\/v2\/product"}],"about":[{"href":"https:\/\/roveyayinevi.com.tr\/index.php\/wp-json\/wp\/v2\/types\/product"}],"wp:attachment":[{"href":"https:\/\/roveyayinevi.com.tr\/index.php\/wp-json\/wp\/v2\/media?parent=725183"}],"wp:term":[{"taxonomy":"product_brand","embeddable":true,"href":"https:\/\/roveyayinevi.com.tr\/index.php\/wp-json\/wp\/v2\/product_brand?post=725183"},{"taxonomy":"product_cat","embeddable":true,"href":"https:\/\/roveyayinevi.com.tr\/index.php\/wp-json\/wp\/v2\/product_cat?post=725183"},{"taxonomy":"product_tag","embeddable":true,"href":"https:\/\/roveyayinevi.com.tr\/index.php\/wp-json\/wp\/v2\/product_tag?post=725183"}],"curies":[{"name":"wp","href":"https:\/\/api.w.org\/{rel}","templated":true}]}}