{"id":725121,"date":"2025-08-27T19:45:08","date_gmt":"2025-08-27T16:45:08","guid":{"rendered":"https:\/\/roveyayinevi.com.tr\/index.php\/urun\/alcalmadan-yukselenler\/"},"modified":"2025-10-13T05:55:32","modified_gmt":"2025-10-13T02:55:32","slug":"alcalmadan-yukselenler","status":"publish","type":"product","link":"https:\/\/roveyayinevi.com.tr\/index.php\/urun\/alcalmadan-yukselenler\/","title":{"rendered":"Al\u00e7almadan Y\u00fckselenler"},"content":{"rendered":"<p>25\u2019inci T\u00fcrk Hava Kuvvetleri Komutan\u0131 Halil \u0130brahim F\u0131rt\u0131na, T\u00fcrk havac\u0131l\u0131k tarihine damga vuran komutanlarla konu\u015ftu, tarihi bir belgesele imza att\u0131.\u00d6nceki komutanlar Tahsin \u015eahinkaya, Halil S\u00f6zer, Cemil \u00c7uha, Safter Necio\u011flu, \u0130lhan K\u0131l\u0131\u00e7 ve Nahit \u00d6zg\u00fcr, Halil \u0130brahim F\u0131rt\u0131na\u2019ya anlatt\u0131: Hava Kuvvetlerinin nas\u0131l kuruldu\u011fundan \u0130kinci D\u00fcnya Sava\u015f\u0131\u2019nda ya\u015fananlara, K\u0131br\u0131s Bar\u0131\u015f Harek\u00e2t\u0131n\u0131n bilinmeyenlerinden ABD\u2019yle ya\u015fanan sorunlara, silah envanterini geni\u015fletme \u00e7abalar\u0131ndan \u201cKendi u\u00e7a\u011f\u0131n\u0131 kendin yap\u201d kampanyas\u0131na, 27 May\u0131s\u2019tan Aydemir olay\u0131na, 12 Mart\u2019tan 12 Eyl\u00fcl\u2019e tarihi olaylar&#8230; Komutanlar anlatt\u0131&#8230;<\/p>\n","protected":false},"excerpt":{"rendered":"<p>25\u2019inci T\u00fcrk Hava Kuvvetleri Komutan\u0131 Halil \u0130brahim F\u0131rt\u0131na, T\u00fcrk havac\u0131l\u0131k tarihine damga vuran komutanlarla konu\u015ftu, tarihi bir belgesele imza att\u0131.\u00d6nceki komutanlar Tahsin \u015eahinkaya, Halil S\u00f6zer, Cemil<span class=\"excerpt-hellip\"> [\u2026]<\/span><\/p>\n","protected":false},"featured_media":0,"template":"","meta":{"_monsterinsights_skip_tracking":false,"_monsterinsights_sitenote_active":false,"_monsterinsights_sitenote_note":"","_monsterinsights_sitenote_category":0},"product_brand":[],"product_cat":[12370,12304],"product_tag":[],"class_list":{"0":"post-725121","1":"product","2":"type-product","3":"status-publish","5":"product_cat-arastirma-inceleme","6":"product_cat-tarih","7":"pa_cilt-ciltsiz","8":"pa_tur-kitap","9":"pa_yayinevi-kirmizi-kedi-yayinevi","10":"pa_yazar-h-ibrahim-firtina","12":"first","13":"instock","14":"sale","15":"shipping-taxable","16":"purchasable","17":"product-type-simple"},"_links":{"self":[{"href":"https:\/\/roveyayinevi.com.tr\/index.php\/wp-json\/wp\/v2\/product\/725121","targetHints":{"allow":["GET"]}}],"collection":[{"href":"https:\/\/roveyayinevi.com.tr\/index.php\/wp-json\/wp\/v2\/product"}],"about":[{"href":"https:\/\/roveyayinevi.com.tr\/index.php\/wp-json\/wp\/v2\/types\/product"}],"wp:attachment":[{"href":"https:\/\/roveyayinevi.com.tr\/index.php\/wp-json\/wp\/v2\/media?parent=725121"}],"wp:term":[{"taxonomy":"product_brand","embeddable":true,"href":"https:\/\/roveyayinevi.com.tr\/index.php\/wp-json\/wp\/v2\/product_brand?post=725121"},{"taxonomy":"product_cat","embeddable":true,"href":"https:\/\/roveyayinevi.com.tr\/index.php\/wp-json\/wp\/v2\/product_cat?post=725121"},{"taxonomy":"product_tag","embeddable":true,"href":"https:\/\/roveyayinevi.com.tr\/index.php\/wp-json\/wp\/v2\/product_tag?post=725121"}],"curies":[{"name":"wp","href":"https:\/\/api.w.org\/{rel}","templated":true}]}}