{"id":725116,"date":"2025-08-27T19:45:03","date_gmt":"2025-08-27T16:45:03","guid":{"rendered":"https:\/\/roveyayinevi.com.tr\/index.php\/urun\/sivil-yerel-yonetimler\/"},"modified":"2026-04-16T02:32:52","modified_gmt":"2026-04-15T23:32:52","slug":"sivil-yerel-yonetimler","status":"publish","type":"product","link":"https:\/\/roveyayinevi.com.tr\/index.php\/urun\/sivil-yerel-yonetimler\/","title":{"rendered":"Sivil Yerel Y\u00f6netimler"},"content":{"rendered":"<p>Sivil ToplumKavramlar Tart\u0131\u015fmlar  \u00d6nerilerSivil Toplum : Kavramsal Ve Tarihsel Yakla\u015f\u0131mSivil Toplum Kavram\u0131Toplumun Siville\u015febilmesi \u0130\u00e7in Sahip Olmas\u0131 Gereken \u00d6zellikleriSiville\u015fen Siyasal Bir Toplumun Varl\u0131k Tart\u0131\u015fmas\u0131Sivil Topluma Tarihsel Bir Yakla\u015f\u0131m D\u00fc\u015f\u00fcn\u00fcrlerin I\u015f\u0131\u011f\u0131 Alt\u0131nda Kavramla\u015fan Sivil ToplumOsmanl\u0131 Devleti\u2019nde Sivil Topluma Osmanl\u0131 Devleti\u2019nde Sivil Topluma Katk\u0131s\u0131 Olan \u00d6znelerDemokratikle\u015fme S\u00fcrecinin Sivil Toplum KurgusuSivil Toplumun Demokrasiye Katk\u0131lar\u0131 Ve Sivil Demokrasi \u0130dealiSivil Toplum Ve Liberalizm Birlikteli\u011fiSivil Toplum Ve Devlet (Siyasal Toplum)Sivil Din Ve Sivil \u0130slam KurgusuDinin Y\u00f6rele\u015fmesi: Merkezi Din Y\u00f6netiminden Yerel Din Y\u00f6netimine Ge\u00e7i\u015fSivil Toplumun Kentle\u015fmesiSivil D\u00fc\u015f\u00fcncenin Toprak \u0130le B\u00fct\u00fcnle\u015fmesi: FeodalizmMekanik Ve Ticari Sivillik : BurjuvaziTicaretin Siville\u015fmeye Katk\u0131lar\u0131Sivil Toplumun Mahallesi: Mahalle Muhtarl\u0131\u011f\u0131Sivil Topluma Hareket Kazand\u0131ran \u00d6znelerT\u00fcrkiye\u2019de Yerel Y\u00f6netimlerKamu Y\u00f6netimi  Ve HedefiT\u00fcrk Kamu Y\u00f6netiminde Merkezi Y\u00f6netim Ve Yerinden Y\u00f6netimYerel Y\u00f6netimlere Duyulan \u0130htiyac\u0131n SebepleriYerel Y\u00f6netimlerde Denetim\u0130darenin B\u00fct\u00fcnl\u00fc\u011f\u00fc \u0130lkesi, \u0130dari Vesayet Ve Hiyerar\u015fi Kavramlar\u0131\u0130dari Vesayet Makam\u0131n\u0131n Yerel Y\u00f6netimlerin \u0130\u015flemleri \u00dczerindeki YetkileriYerel Y\u00f6netimlerin Kutsal K\u0131l\u0131c\u0131: Yerellik \u0130lkesi(Subsidiarite)Y\u00f6netimin Yerelle\u015fmesi Ve Halka Yak\u0131nla\u015fmas\u0131: Yak\u0131ndan Y\u00f6netimY\u00f6rele\u015fmeY\u00f6rele\u015fme Ve K\u00fclt\u00fcr \u0130li\u015fkisiYerel \u00d6zerklik(Y\u00f6rele\u015fen \u00d6zerklik)Demokrasinin Yerelle\u015fmesi: Yerel DemokrasiKat\u0131l\u0131ml\u0131 Y\u00f6netim: Y\u00f6neti\u015fimSivil Toplum Ve Yerel Y\u00f6netimlerYerel Y\u00f6netimler Sivil Toplum Kurulu\u015flar\u0131 M\u0131d\u0131r?Sivil Yerel Y\u00f6netimler \u00dczerine De\u011ferlendirmeSivil YasamaK\u0131rsal Alan Y\u00f6netimiB\u00f6lge Belediyesi\u015eehirle\u015fme Ve Yeni Mekan \u00dcretme \u00dczerine Bir Model DenemesiKavramsal Giri\u015f Kent Ve B\u00fcy\u00fck KentB\u00fcy\u00fck Kentlerin Ortaya \u00c7\u0131k\u0131\u015f SebepleriB\u00fcy\u00fck Kentlere Ger\u00e7ekten \u0130htiya\u00e7 Duyulmakta M\u0131d\u0131r?Kentsel Sunum \u00dcretiminde B\u00fcy\u00fck Kentlerin Yararlar\u0131 Ve Olumsuzluklar\u0131Yeni Bir Kent D\u00fczeni Modeli: Oba ModeliBir Kent Hangi Birimlere(Alanlara) \u0130htiya\u00e7 Duymaktad\u0131r?Toplu Kent<\/p>\n","protected":false},"excerpt":{"rendered":"<p>Sivil ToplumKavramlar Tart\u0131\u015fmlar \u00d6nerilerSivil Toplum : Kavramsal Ve Tarihsel Yakla\u015f\u0131mSivil Toplum Kavram\u0131Toplumun Siville\u015febilmesi \u0130\u00e7in Sahip Olmas\u0131 Gereken \u00d6zellikleriSiville\u015fen Siyasal Bir Toplumun Varl\u0131k Tart\u0131\u015fmas\u0131Sivil Topluma Tarihsel Bir<span class=\"excerpt-hellip\"> [\u2026]<\/span><\/p>\n","protected":false},"featured_media":0,"template":"","meta":{"_monsterinsights_skip_tracking":false,"_monsterinsights_sitenote_active":false,"_monsterinsights_sitenote_note":"","_monsterinsights_sitenote_category":0},"product_brand":[],"product_cat":[20333,13043],"product_tag":[],"class_list":{"0":"post-725116","1":"product","2":"type-product","3":"status-publish","5":"product_cat-diger-ekonomi","6":"product_cat-ekonomi","7":"pa_cilt-ciltsiz","8":"pa_tur-kitap","9":"pa_yayinevi-gazi-kitabevi","10":"pa_yazar-konur-alp-demir","12":"first","13":"instock","14":"sale","15":"shipping-taxable","16":"purchasable","17":"product-type-simple"},"_links":{"self":[{"href":"https:\/\/roveyayinevi.com.tr\/index.php\/wp-json\/wp\/v2\/product\/725116","targetHints":{"allow":["GET"]}}],"collection":[{"href":"https:\/\/roveyayinevi.com.tr\/index.php\/wp-json\/wp\/v2\/product"}],"about":[{"href":"https:\/\/roveyayinevi.com.tr\/index.php\/wp-json\/wp\/v2\/types\/product"}],"wp:attachment":[{"href":"https:\/\/roveyayinevi.com.tr\/index.php\/wp-json\/wp\/v2\/media?parent=725116"}],"wp:term":[{"taxonomy":"product_brand","embeddable":true,"href":"https:\/\/roveyayinevi.com.tr\/index.php\/wp-json\/wp\/v2\/product_brand?post=725116"},{"taxonomy":"product_cat","embeddable":true,"href":"https:\/\/roveyayinevi.com.tr\/index.php\/wp-json\/wp\/v2\/product_cat?post=725116"},{"taxonomy":"product_tag","embeddable":true,"href":"https:\/\/roveyayinevi.com.tr\/index.php\/wp-json\/wp\/v2\/product_tag?post=725116"}],"curies":[{"name":"wp","href":"https:\/\/api.w.org\/{rel}","templated":true}]}}