{"id":725112,"date":"2025-08-27T19:45:01","date_gmt":"2025-08-27T16:45:01","guid":{"rendered":"https:\/\/roveyayinevi.com.tr\/index.php\/urun\/tanzimat-ve-metatarih-namik-kemalin-tarih-anlatilarinin-poetikasi\/"},"modified":"2026-04-16T02:32:51","modified_gmt":"2026-04-15T23:32:51","slug":"tanzimat-ve-metatarih-namik-kemalin-tarih-anlatilarinin-poetikasi","status":"publish","type":"product","link":"https:\/\/roveyayinevi.com.tr\/index.php\/urun\/tanzimat-ve-metatarih-namik-kemalin-tarih-anlatilarinin-poetikasi\/","title":{"rendered":"Tanzimat ve Metatarih-Nam\u0131k Kemal&#8217;in Tarih Anlat\u0131lar\u0131n\u0131n Poetikas\u0131"},"content":{"rendered":"<p>Emrah Pelvano\u011flu, bu kitapta, on dokuzuncu yu\u0308zy\u0131l\u0131n Osmanl\u0131- Tu\u0308rk du\u0308\u015fu\u0308ncesinin tarihsel seyrini de\u011fi\u015ftiren ve modern Tu\u0308rkiye\u2019nin entelektu\u0308el anlamda kurucu babas\u0131 olarak kabul edilen Nam\u0131k Kemal\u2019in tarihi kavray\u0131\u015f bi\u00e7imine yak\u0131ndan bak\u0131yor ve yeni bir perspektif geli\u015ftirerek, okuru, Tanzimat Osmanl\u0131\u2019s\u0131n\u0131n zihin du\u0308nyas\u0131nda, poetik bir tarih gezintisine \u00e7\u0131kar\u0131yor. Giambattista Vico ve Hayden White\u2019\u0131n tarih felsefelerine ve bunun do\u011fal bir yans\u0131mas\u0131 olarak \u201cmetatarih\u201d kavram\u0131na mu\u0308racaat eden Pelvano\u011flu, akademik bir su\u0308k\u00fbnet ve sab\u0131rla, Nam\u0131k Kemal\u2019in hem du\u0308\u015fu\u0308nsel arka plan\u0131na hem de \u00e7a\u011f\u0131n\u0131n ko\u015fullar\u0131 i\u00e7inde var etmeye \u00e7al\u0131\u015ft\u0131\u011f\u0131 romantik milliyet\u00e7i tarih yaz\u0131m\u0131na odaklan\u0131yor. Tanzimat ve Metatarih: Nam\u0131k Kemal\u2019in Poetikas\u0131, \u201ckahramanlar\u0131n\u0131 arayan bir \u00e7a\u011f\u201d\u0131n hu\u0308rriyet ve vatan sevdal\u0131s\u0131 yazar\u0131yla okuru yu\u0308z yu\u0308ze getiren, hatta okuru bu aray\u0131\u015flar\u0131n i\u00e7ine \u00e7eken bir kitap.\ufffcTan\u0131t\u0131m Metni<\/p>\n","protected":false},"excerpt":{"rendered":"<p>Emrah Pelvano\u011flu, bu kitapta, on dokuzuncu yu\u0308zy\u0131l\u0131n Osmanl\u0131- Tu\u0308rk du\u0308\u015fu\u0308ncesinin tarihsel seyrini de\u011fi\u015ftiren ve modern Tu\u0308rkiye\u2019nin entelektu\u0308el anlamda kurucu babas\u0131 olarak kabul edilen Nam\u0131k Kemal\u2019in tarihi<span class=\"excerpt-hellip\"> [\u2026]<\/span><\/p>\n","protected":false},"featured_media":0,"template":"","meta":{"_monsterinsights_skip_tracking":false,"_monsterinsights_sitenote_active":false,"_monsterinsights_sitenote_note":"","_monsterinsights_sitenote_category":0},"product_brand":[],"product_cat":[13517,12304],"product_tag":[],"class_list":{"0":"post-725112","1":"product","2":"type-product","3":"status-publish","5":"product_cat-osmanli-tarihi","6":"product_cat-tarih","7":"pa_cilt-ciltsiz","8":"pa_tur-kitap","9":"pa_yayinevi-vakifbank-kultur-yayinlari","10":"pa_yazar-emrah-pelvanoglu","12":"first","13":"instock","14":"sale","15":"shipping-taxable","16":"purchasable","17":"product-type-simple"},"_links":{"self":[{"href":"https:\/\/roveyayinevi.com.tr\/index.php\/wp-json\/wp\/v2\/product\/725112","targetHints":{"allow":["GET"]}}],"collection":[{"href":"https:\/\/roveyayinevi.com.tr\/index.php\/wp-json\/wp\/v2\/product"}],"about":[{"href":"https:\/\/roveyayinevi.com.tr\/index.php\/wp-json\/wp\/v2\/types\/product"}],"wp:attachment":[{"href":"https:\/\/roveyayinevi.com.tr\/index.php\/wp-json\/wp\/v2\/media?parent=725112"}],"wp:term":[{"taxonomy":"product_brand","embeddable":true,"href":"https:\/\/roveyayinevi.com.tr\/index.php\/wp-json\/wp\/v2\/product_brand?post=725112"},{"taxonomy":"product_cat","embeddable":true,"href":"https:\/\/roveyayinevi.com.tr\/index.php\/wp-json\/wp\/v2\/product_cat?post=725112"},{"taxonomy":"product_tag","embeddable":true,"href":"https:\/\/roveyayinevi.com.tr\/index.php\/wp-json\/wp\/v2\/product_tag?post=725112"}],"curies":[{"name":"wp","href":"https:\/\/api.w.org\/{rel}","templated":true}]}}