{"id":724918,"date":"2025-08-27T19:41:38","date_gmt":"2025-08-27T16:41:38","guid":{"rendered":"https:\/\/roveyayinevi.com.tr\/index.php\/urun\/avci-prenses-zeyneb-halim-ile-sohbetler\/"},"modified":"2025-10-23T06:07:59","modified_gmt":"2025-10-23T03:07:59","slug":"avci-prenses-zeyneb-halim-ile-sohbetler","status":"publish","type":"product","link":"https:\/\/roveyayinevi.com.tr\/index.php\/urun\/avci-prenses-zeyneb-halim-ile-sohbetler\/","title":{"rendered":"Avc\u0131 Prenses Zeyneb Halim ile Sohbetler"},"content":{"rendered":"<p>&#8220;\u0130lk defa elime t\u00fcfek ald\u0131\u011f\u0131m tarihi tam bilemiyorum, san\u0131r\u0131m on sekiz ya\u015f\u0131ndayd\u0131m. Arada bir 22 \u00e7apla ni\u015fana att\u0131\u011f\u0131m\u0131 hat\u0131rlad\u0131m. Eni\u015ftem Abbas Bey&#8217;in avc\u0131l\u0131\u011fa ve silahlara olan merak\u0131n\u0131 biliyordum. Kendisinin \u00d6merli yak\u0131n\u0131nda Ko\u00e7ullu&#8217;da bir av k\u00f6\u015fk\u00fc vard\u0131. Semih Bey ad\u0131nda bir mimar arkada\u015f\u0131 yapm\u0131\u015ft\u0131 buras\u0131n\u0131. Mimarl\u0131k tahsil etti\u011fi Macaristan&#8217;\u0131n k\u00f6y evlerinden ilham alm\u0131\u015ft\u0131 bu k\u00f6\u015fk i\u00e7in. Oraya aliece gider ve kal\u0131rd\u0131k. Bir sonbahar g\u00fcn\u00fc Abbas Bey bana, &#8220;Evde oturaca\u011f\u0131n\u0131za al\u0131n t\u00fcfeklerden birini, birka\u00e7 da fi\u015fek, civar a\u011fa\u00e7l\u0131klarda \u015f\u00f6yle bir dola\u015f\u0131p \u00fcveyik vurun&#8221; dedi. Ben de onun o\u011fullar\u0131ndan ya\u015f\u00e7a en uygun olan\u0131n\u0131 yan\u0131ma kat\u0131p \u00e7\u0131kt\u0131m. \u00dcveyik nas\u0131l ku\u015ftur, nas\u0131l u\u00e7ar, nas\u0131l avlan\u0131r en ufak fikrim yok. Neyse bir tane u\u00e7urduk ve att\u0131m. D\u00fc\u015fmedi ama bir sa\u00e7ma alm\u0131\u015f olmal\u0131 ki yak\u0131ndaki a\u011faca kondu. Ku\u015fu tekrar kald\u0131rd\u0131m ve nas\u0131lsa vurdum. \u0130lk d\u00fc\u015f\u00fcrd\u00fc\u011f\u00fcm av bu oldu.<\/p>\n","protected":false},"excerpt":{"rendered":"<p>&#8220;\u0130lk defa elime t\u00fcfek ald\u0131\u011f\u0131m tarihi tam bilemiyorum, san\u0131r\u0131m on sekiz ya\u015f\u0131ndayd\u0131m. Arada bir 22 \u00e7apla ni\u015fana att\u0131\u011f\u0131m\u0131 hat\u0131rlad\u0131m. Eni\u015ftem Abbas Bey&#8217;in avc\u0131l\u0131\u011fa ve silahlara olan<span class=\"excerpt-hellip\"> [\u2026]<\/span><\/p>\n","protected":false},"featured_media":0,"template":"","meta":{"_monsterinsights_skip_tracking":false,"_monsterinsights_sitenote_active":false,"_monsterinsights_sitenote_note":"","_monsterinsights_sitenote_category":0},"product_brand":[],"product_cat":[12312,12304],"product_tag":[],"class_list":{"0":"post-724918","1":"product","2":"type-product","3":"status-publish","5":"product_cat-diger","6":"product_cat-tarih","7":"pa_cilt-ciltsiz","8":"pa_tur-kitap","9":"pa_yayinevi-yapi-kredi-yayinlari","10":"pa_yazar-derin-turkomer","12":"first","13":"instock","14":"sale","15":"shipping-taxable","16":"purchasable","17":"product-type-simple"},"_links":{"self":[{"href":"https:\/\/roveyayinevi.com.tr\/index.php\/wp-json\/wp\/v2\/product\/724918","targetHints":{"allow":["GET"]}}],"collection":[{"href":"https:\/\/roveyayinevi.com.tr\/index.php\/wp-json\/wp\/v2\/product"}],"about":[{"href":"https:\/\/roveyayinevi.com.tr\/index.php\/wp-json\/wp\/v2\/types\/product"}],"wp:attachment":[{"href":"https:\/\/roveyayinevi.com.tr\/index.php\/wp-json\/wp\/v2\/media?parent=724918"}],"wp:term":[{"taxonomy":"product_brand","embeddable":true,"href":"https:\/\/roveyayinevi.com.tr\/index.php\/wp-json\/wp\/v2\/product_brand?post=724918"},{"taxonomy":"product_cat","embeddable":true,"href":"https:\/\/roveyayinevi.com.tr\/index.php\/wp-json\/wp\/v2\/product_cat?post=724918"},{"taxonomy":"product_tag","embeddable":true,"href":"https:\/\/roveyayinevi.com.tr\/index.php\/wp-json\/wp\/v2\/product_tag?post=724918"}],"curies":[{"name":"wp","href":"https:\/\/api.w.org\/{rel}","templated":true}]}}