{"id":724883,"date":"2025-08-27T19:41:10","date_gmt":"2025-08-27T16:41:10","guid":{"rendered":"https:\/\/roveyayinevi.com.tr\/index.php\/urun\/talat-pasanin-son-gunleri\/"},"modified":"2026-04-16T02:32:46","modified_gmt":"2026-04-15T23:32:46","slug":"talat-pasanin-son-gunleri","status":"publish","type":"product","link":"https:\/\/roveyayinevi.com.tr\/index.php\/urun\/talat-pasanin-son-gunleri\/","title":{"rendered":"Talat Pa\u015fa\u2019n\u0131n Son G\u00fcnleri"},"content":{"rendered":"<p>TAL\u00c2T PA\u015eA\u2019NIN SON G\u00dcNLER\u0130NEEN YAKINDAN \u015eAH\u0130T OLMAK\u2026\u201cSiyas\u00ee hayat\u0131mda hi\u00e7bir vakit hissiyat\u0131ma kap\u0131lmad\u0131m, hi\u00e7bir vakit \u015fahs\u0131m\u0131 ve akrabam\u0131 d\u00fc\u015f\u00fcnmedim. Bir\u00e7ok kimseler beni eski arkada\u015flar\u0131ma kar\u015f\u0131 nank\u00f6rl\u00fckle itham ederler. Bu, kat\u2019iyen do\u011fru de\u011fildir. Yapt\u0131\u011f\u0131m b\u00fct\u00fcn fedak\u00e2rl\u0131klar vatan endi\u015fesi ve umumun sel\u00e2meti neticesidir. Beni yak\u0131ndan tan\u0131yanlar bunu tasdik ederler. Tan\u0131mayanlar da bir g\u00fcn hakikat kar\u015f\u0131s\u0131nda bunu tasdik ve itiraf edeceklerdir.\u201d- Tal\u00e2t Pa\u015faOsmanl\u0131 Devleti\u2019nin son y\u0131llar\u0131, bir\u00e7ok T\u00fcrk gencinin ba\u011f\u0131ms\u0131zl\u0131k a\u015fk\u0131na ve bu a\u015fkla birlikte verdikleri uzun soluklu m\u00fccadelelere sahne olmu\u015ftur. Bug\u00fcn tarih\u00e7ilerin ve merakl\u0131lar\u0131n yak\u0131n tarihimizle ilgili s\u0131k s\u0131k ad\u0131n\u0131 and\u0131\u011f\u0131 pa\u015falar, sadrazamlar, \u00e2limler, \u015fairler ve devlet g\u00f6revlileri bilhassa bu d\u00f6nemde ortaya \u00e7\u0131km\u0131\u015ft\u0131r. 1908 \u0130htil\u00e2li\u2019ni d\u00fczenleyen ve bu tarihten itibaren 1918\u2019e kadar devletin y\u00f6netiminde birinci derecede rol oynayan siyas\u00ee cemiyet \u0130ttihat ve Terakk\u00ee Cemiyeti, Osmanl\u0131\u2019n\u0131n son y\u0131llar\u0131na damgas\u0131n\u0131 vurmu\u015ftur. Cemiyetin kurucular\u0131ndan olan Tal\u00e2t Pa\u015fa, \u00f6zellikle 1908-1918 y\u0131llar\u0131 aras\u0131nda Osmanl\u0131 Devleti\u2019nin hem i\u00e7 hem de d\u0131\u015f siyasetine y\u00f6n vermi\u015f bir devlet adam\u0131d\u0131r. Ermeni Devrimci Federasyonu Da\u015fnaksutyun\u2019un ald\u0131\u011f\u0131 \u0130ttihat ve Terakk\u00ee erk\u00e2n\u0131n\u0131n \u00f6ld\u00fcr\u00fclmesi karar\u0131 neticesinde 15 Mart 1921 g\u00fcn\u00fc Berlin\u2019de Soghomon Tehliryan ad\u0131ndaki bir Ermeni taraf\u0131ndan tabanca ile vurularak \u015fehit edilmi\u015ftir.Arif Cemil Denker\u2019in elinizdeki eseri Tal\u00e2t Pa\u015fa\u2019n\u0131n Son G\u00fcnleri, \u0130ttihat ve Terakk\u00ee Cemiyeti\u2019nin en \u00f6nemli icraat\u00e7\u0131lar\u0131ndan biri olan pa\u015fan\u0131n son g\u00fcnlerini anlatarak, alan\u0131ndaki \u00e7ok \u00f6nemli bir a\u00e7\u0131\u011f\u0131 kapat\u0131yor. Okuyucular\u0131, kitab\u0131n sayfalar\u0131n\u0131 \u00e7evirdik\u00e7e son anlar\u0131na kadar pa\u015fan\u0131n g\u00f6lgesi yap\u0131yor, mektuplar ve foto\u011fraflar e\u015fli\u011finde bir belgesel lezzeti sunuyor.<\/p>\n","protected":false},"excerpt":{"rendered":"<p>TAL\u00c2T PA\u015eA\u2019NIN SON G\u00dcNLER\u0130NEEN YAKINDAN \u015eAH\u0130T OLMAK\u2026\u201cSiyas\u00ee hayat\u0131mda hi\u00e7bir vakit hissiyat\u0131ma kap\u0131lmad\u0131m, hi\u00e7bir vakit \u015fahs\u0131m\u0131 ve akrabam\u0131 d\u00fc\u015f\u00fcnmedim. Bir\u00e7ok kimseler beni eski arkada\u015flar\u0131ma kar\u015f\u0131 nank\u00f6rl\u00fckle itham<span class=\"excerpt-hellip\"> [\u2026]<\/span><\/p>\n","protected":false},"featured_media":0,"template":"","meta":{"_monsterinsights_skip_tracking":false,"_monsterinsights_sitenote_active":false,"_monsterinsights_sitenote_note":"","_monsterinsights_sitenote_category":0},"product_brand":[],"product_cat":[12304,13650],"product_tag":[],"class_list":{"0":"post-724883","1":"product","2":"type-product","3":"status-publish","5":"product_cat-tarih","6":"product_cat-turk-tarihi-arastirmalari","7":"pa_cilt-ciltsiz","8":"pa_tur-kitap","9":"pa_yayinevi-kronik-kitap","10":"pa_yazar-arif-cemil","12":"first","13":"instock","14":"sale","15":"shipping-taxable","16":"purchasable","17":"product-type-simple"},"_links":{"self":[{"href":"https:\/\/roveyayinevi.com.tr\/index.php\/wp-json\/wp\/v2\/product\/724883","targetHints":{"allow":["GET"]}}],"collection":[{"href":"https:\/\/roveyayinevi.com.tr\/index.php\/wp-json\/wp\/v2\/product"}],"about":[{"href":"https:\/\/roveyayinevi.com.tr\/index.php\/wp-json\/wp\/v2\/types\/product"}],"wp:attachment":[{"href":"https:\/\/roveyayinevi.com.tr\/index.php\/wp-json\/wp\/v2\/media?parent=724883"}],"wp:term":[{"taxonomy":"product_brand","embeddable":true,"href":"https:\/\/roveyayinevi.com.tr\/index.php\/wp-json\/wp\/v2\/product_brand?post=724883"},{"taxonomy":"product_cat","embeddable":true,"href":"https:\/\/roveyayinevi.com.tr\/index.php\/wp-json\/wp\/v2\/product_cat?post=724883"},{"taxonomy":"product_tag","embeddable":true,"href":"https:\/\/roveyayinevi.com.tr\/index.php\/wp-json\/wp\/v2\/product_tag?post=724883"}],"curies":[{"name":"wp","href":"https:\/\/api.w.org\/{rel}","templated":true}]}}