{"id":724882,"date":"2025-08-27T19:41:10","date_gmt":"2025-08-27T16:41:10","guid":{"rendered":"https:\/\/roveyayinevi.com.tr\/index.php\/urun\/barbarlarin-avrupayi-istilasi\/"},"modified":"2026-04-16T02:32:46","modified_gmt":"2026-04-15T23:32:46","slug":"barbarlarin-avrupayi-istilasi","status":"publish","type":"product","link":"https:\/\/roveyayinevi.com.tr\/index.php\/urun\/barbarlarin-avrupayi-istilasi\/","title":{"rendered":"Barbarlar\u0131n Avrupa\u2019y\u0131 \u0130stilas\u0131"},"content":{"rendered":"<p>AVRUPA\u2019NIN EN HAREKETL\u0130 D\u00d6NEM\u0130:BARBAR KAV\u0130MLER KAPIYA DAYANIYOR\u2026\u015eanl\u0131 Roma \u0130mparatorlu\u011fu\u2019nun g\u00fcc\u00fc ne olmu\u015ftur da sars\u0131lmaya ba\u015flam\u0131\u015ft\u0131r? \u0130mparatorluk nas\u0131l yava\u015f yava\u015f yenilgiye terk edilmi\u015ftir? Barbar kavimlerin bu \u00e7\u00f6k\u00fc\u015fteki etkisi nedir? Roma \u0130mparatorlu\u011fu ile ne t\u00fcr ili\u015fkiler kurmu\u015flard\u0131r? \u0130mparatorluk g\u00fcnden g\u00fcne nas\u0131l Cermenle\u015fmi\u015ftir ve s\u00f6z konusu Cermen tesiri ne boyuttad\u0131r? Hunlar\u0131n Avrupa tarihi \u00fczerindeki hayati rol\u00fc nedir? Vizigotlar, \u0130talya\u2019ya ve Galya\u2019ya nas\u0131l yerle\u015fmi\u015flerdir? Anglo-Saksonlar Britanya\u2019y\u0131 nas\u0131l fethetmi\u015flerdir? Attila\u2019n\u0131n Galya ve \u0130talya sald\u0131r\u0131lar\u0131 nas\u0131l ger\u00e7ekle\u015fmi\u015ftir? Bat\u0131\u2019daki Roma egemenli\u011fi nas\u0131l \u00e7\u00f6km\u00fc\u015ft\u00fcr? Franklar\u0131n erken tarihinde ne gibi geli\u015fmeler ya\u015fanm\u0131\u015ft\u0131r? Lombardlar\u0131n \u0130talya\u2019y\u0131 istilas\u0131ndan sonra neler ya\u015fanm\u0131\u015ft\u0131r? Britanya\u2019n\u0131n en b\u00fcy\u00fck tarih\u00e7ilerinden biri olan John B. Bury, t\u00fcm bu sorulara ak\u0131c\u0131 ve sade bir \u00fcslupla cevap verirken erken Avrupa tarihine derinlemesine bir \u0131\u015f\u0131k tutmaktad\u0131r. Milattan sonra u\u0308\u00e7u\u0308ncu\u0308 ve d\u00f6rdu\u0308ncu\u0308 yu\u0308zy\u0131llarda ba\u015flay\u0131p dokuzuncu yu\u0308zy\u0131la kadar devam eden kuzey barbarlar\u0131n\u0131n uzun su\u0308ren g\u00f6\u00e7 hareketlerinin genel ve geni\u015f bir manzaras\u0131n\u0131 sunan bu \u00e7al\u0131\u015fma, Avrupa\u2019ya \u015fimdiki \u015feklini veren s\u00fcreci g\u00f6zler \u00f6n\u00fcne sermektedir. K\u0131s\u0131tl\u0131 kaynaklara ra\u011fmen Bury, Roma \u0130mparatorlu\u011fu\u2019nu par\u00e7alayan de\u011fi\u015fimler silsilesi ile bu \u00e7\u00f6k\u00fc\u015fte ba\u015fat role sahip barbarlar\u0131n etkili sald\u0131r\u0131lar\u0131ndan \u00c7a\u011fda\u015f Avrupa\u2019n\u0131n yap\u0131s\u0131na kadar uzanan bu su\u0308recin ana hatlar\u0131n\u0131 titizlikle sunmaktad\u0131r. Roma\u2019n\u0131n son d\u00f6nemlerini ve imparatorlu\u011fun y\u0131k\u0131lmas\u0131ndan sonraki d\u00f6nemini g\u00f6\u00e7ebelerin taraf\u0131ndan yazan ilk tarih\u00e7i say\u0131labilecek Bury, toplam on be\u015f seminerden olu\u015fan eserde Roma \u0130mparatorlu\u011fu\u2019nun son d\u00f6nemlerinden ba\u015flamakta ve Cermen krall\u0131klar\u0131n\u0131 ve bu krall\u0131klar\u0131n hukuki, idari sistemleri ve yap\u0131lar\u0131n\u0131 tek tek ele almaktad\u0131r. Hunlar, Vandallar, Vizigotlar, Franklar, Lombardlar, Alamanlar gibi \u00e7ok say\u0131da krall\u0131\u011fa ayr\u0131 ba\u015fl\u0131klar h\u00e2linde de\u011finilmektedir. M\u00d6 \u00fc\u00e7\u00fcnc\u00fc il\u00e2 dokuzuncu y\u00fczy\u0131la ait barbar g\u00f6\u00e7leri ve sald\u0131r\u0131lar\u0131 ile modern Avrupa\u2019n\u0131n \u00e7er\u00e7evesi aras\u0131ndaki ba\u011flant\u0131n\u0131n kurulmas\u0131n\u0131 sa\u011flayacak Barbarlar\u0131n Avrupa\u2019y\u0131 \u0130stilas\u0131, erken Avrupa tarihi \u00e7al\u0131\u015fmak isteyenler i\u00e7in bir ba\u015fvuru kayna\u011f\u0131\u2026 <\/p>\n","protected":false},"excerpt":{"rendered":"<p>AVRUPA\u2019NIN EN HAREKETL\u0130 D\u00d6NEM\u0130:BARBAR KAV\u0130MLER KAPIYA DAYANIYOR\u2026\u015eanl\u0131 Roma \u0130mparatorlu\u011fu\u2019nun g\u00fcc\u00fc ne olmu\u015ftur da sars\u0131lmaya ba\u015flam\u0131\u015ft\u0131r? \u0130mparatorluk nas\u0131l yava\u015f yava\u015f yenilgiye terk edilmi\u015ftir? Barbar kavimlerin bu \u00e7\u00f6k\u00fc\u015fteki<span class=\"excerpt-hellip\"> [\u2026]<\/span><\/p>\n","protected":false},"featured_media":0,"template":"","meta":{"_monsterinsights_skip_tracking":false,"_monsterinsights_sitenote_active":false,"_monsterinsights_sitenote_note":"","_monsterinsights_sitenote_category":0},"product_brand":[],"product_cat":[12312,12304],"product_tag":[],"class_list":{"0":"post-724882","1":"product","2":"type-product","3":"status-publish","5":"product_cat-diger","6":"product_cat-tarih","7":"pa_cilt-ciltsiz","8":"pa_tur-kitap","9":"pa_yayinevi-kronik-kitap","10":"pa_yazar-john-b-bury","12":"first","13":"instock","14":"sale","15":"shipping-taxable","16":"purchasable","17":"product-type-simple"},"_links":{"self":[{"href":"https:\/\/roveyayinevi.com.tr\/index.php\/wp-json\/wp\/v2\/product\/724882","targetHints":{"allow":["GET"]}}],"collection":[{"href":"https:\/\/roveyayinevi.com.tr\/index.php\/wp-json\/wp\/v2\/product"}],"about":[{"href":"https:\/\/roveyayinevi.com.tr\/index.php\/wp-json\/wp\/v2\/types\/product"}],"wp:attachment":[{"href":"https:\/\/roveyayinevi.com.tr\/index.php\/wp-json\/wp\/v2\/media?parent=724882"}],"wp:term":[{"taxonomy":"product_brand","embeddable":true,"href":"https:\/\/roveyayinevi.com.tr\/index.php\/wp-json\/wp\/v2\/product_brand?post=724882"},{"taxonomy":"product_cat","embeddable":true,"href":"https:\/\/roveyayinevi.com.tr\/index.php\/wp-json\/wp\/v2\/product_cat?post=724882"},{"taxonomy":"product_tag","embeddable":true,"href":"https:\/\/roveyayinevi.com.tr\/index.php\/wp-json\/wp\/v2\/product_tag?post=724882"}],"curies":[{"name":"wp","href":"https:\/\/api.w.org\/{rel}","templated":true}]}}