{"id":724753,"date":"2025-08-27T19:39:23","date_gmt":"2025-08-27T16:39:23","guid":{"rendered":"https:\/\/roveyayinevi.com.tr\/index.php\/urun\/insan-ve-savas\/"},"modified":"2026-04-16T02:32:28","modified_gmt":"2026-04-15T23:32:28","slug":"insan-ve-savas","status":"publish","type":"product","link":"https:\/\/roveyayinevi.com.tr\/index.php\/urun\/insan-ve-savas\/","title":{"rendered":"\u0130nsan Ve Sava\u015f"},"content":{"rendered":"<p>Asker sava\u015fa her an haz\u0131r olmal\u0131d\u0131r, varl\u0131k sebebi budur; ancak o kazan\u0131lamayacak hi\u00e7bir sava\u015fa sokulmamal\u0131d\u0131r. Yani asker sava\u015fmak i\u00e7in de\u011fil, do\u011fru zaman ve yerde sava\u015f\u0131 kazanmak i\u00e7in vard\u0131r.Siyasi karar alma s\u00fcrecine d\u00e2hil edilen girdilerin \u00f6nemli bir k\u0131sm\u0131 sivil uzmanl\u0131k alanlar\u0131ndaki bilgi, beceri, ehliyet, liyakat ve tecr\u00fcbenin yan\u0131 s\u0131ra askeri uzmanl\u0131k ile de ilgilidir. Askerlerin savunma ve g\u00fcvenlik alan\u0131yla s\u0131n\u0131rl\u0131 kalmak \u00fczere siyasi karar alma s\u00fcrecine yapaca\u011f\u0131 teklifler siyasete m\u00fcdahale olarak de\u011fil, ihtisasa ili\u015fkin olumlu bir askeri-politik \u00f6neri ve devlet akl\u0131na de\u011ferli bir katk\u0131 olarak de\u011ferlendirilmelidir.<\/p>\n","protected":false},"excerpt":{"rendered":"<p>Asker sava\u015fa her an haz\u0131r olmal\u0131d\u0131r, varl\u0131k sebebi budur; ancak o kazan\u0131lamayacak hi\u00e7bir sava\u015fa sokulmamal\u0131d\u0131r. Yani asker sava\u015fmak i\u00e7in de\u011fil, do\u011fru zaman ve yerde sava\u015f\u0131 kazanmak<span class=\"excerpt-hellip\"> [\u2026]<\/span><\/p>\n","protected":false},"featured_media":0,"template":"","meta":{"_monsterinsights_skip_tracking":false,"_monsterinsights_sitenote_active":false,"_monsterinsights_sitenote_note":"","_monsterinsights_sitenote_category":0},"product_brand":[],"product_cat":[13059,12337],"product_tag":[],"class_list":{"0":"post-724753","1":"product","2":"type-product","3":"status-publish","5":"product_cat-diger-politika-siyaset","6":"product_cat-politika-siyaset","7":"pa_cilt-ciltsiz","8":"pa_tur-kitap","9":"pa_yayinevi-kirmizi-kedi-yayinevi","10":"pa_yazar-ethem-buyukisik","12":"first","13":"instock","14":"sale","15":"shipping-taxable","16":"purchasable","17":"product-type-simple"},"_links":{"self":[{"href":"https:\/\/roveyayinevi.com.tr\/index.php\/wp-json\/wp\/v2\/product\/724753","targetHints":{"allow":["GET"]}}],"collection":[{"href":"https:\/\/roveyayinevi.com.tr\/index.php\/wp-json\/wp\/v2\/product"}],"about":[{"href":"https:\/\/roveyayinevi.com.tr\/index.php\/wp-json\/wp\/v2\/types\/product"}],"wp:attachment":[{"href":"https:\/\/roveyayinevi.com.tr\/index.php\/wp-json\/wp\/v2\/media?parent=724753"}],"wp:term":[{"taxonomy":"product_brand","embeddable":true,"href":"https:\/\/roveyayinevi.com.tr\/index.php\/wp-json\/wp\/v2\/product_brand?post=724753"},{"taxonomy":"product_cat","embeddable":true,"href":"https:\/\/roveyayinevi.com.tr\/index.php\/wp-json\/wp\/v2\/product_cat?post=724753"},{"taxonomy":"product_tag","embeddable":true,"href":"https:\/\/roveyayinevi.com.tr\/index.php\/wp-json\/wp\/v2\/product_tag?post=724753"}],"curies":[{"name":"wp","href":"https:\/\/api.w.org\/{rel}","templated":true}]}}