{"id":724715,"date":"2025-08-27T19:38:52","date_gmt":"2025-08-27T16:38:52","guid":{"rendered":"https:\/\/roveyayinevi.com.tr\/index.php\/urun\/zamanin-duzeni\/"},"modified":"2026-01-20T02:57:57","modified_gmt":"2026-01-19T23:57:57","slug":"zamanin-duzeni","status":"publish","type":"product","link":"https:\/\/roveyayinevi.com.tr\/index.php\/urun\/zamanin-duzeni\/","title":{"rendered":"Zaman\u0131n D\u00fczeni"},"content":{"rendered":"<p>Zaman anlay\u0131\u015f\u0131m\u0131z Boltzmann\u2019dan Einstein\u2019a, kuantum mekani\u011finden g\u00f6relilik temelli k\u00fctle \u00e7ekimine kadar b\u00fcy\u00fck d\u00f6n\u00fc\u015f\u00fcmler ge\u00e7irdi. Carlo Rovelli\u2019ye g\u00f6re de zaman farkl\u0131 yerlerde farkl\u0131 h\u0131zda akar; ge\u00e7mi\u015f ve gelecek aras\u0131nda san\u0131lan\u0131n aksine asl\u0131nda \u00e7ok az fark vard\u0131r ve \u015fimdiki zaman u\u00e7suz bucaks\u0131z evrende u\u00e7ar gider. Yine de yazar i\u00e7in zaman\u0131n as\u0131l gizemi ba\u015fka bir yerdedir.Zaman\u0131n D\u00fczeni\u2019nde bilim ve felsefeyi bulu\u015fturan Rovelli zaman\u0131 anlayabilmek i\u00e7in kendimiz \u00fczerine, kendimizi anlayabilmek i\u00e7in de zaman \u00fczerine d\u00fc\u015f\u00fcnmemiz gerekti\u011fini g\u00f6steriyor. Bunu yaparken de hem ayd\u0131nlat\u0131yor hem de teselli ediyor&#8230;\u201cBizim zaman\u0131n kendisi oldu\u011fumuzu g\u00f6rmeye ba\u015flad\u0131k. Bu alan biziz, n\u00f6ronlar\u0131m\u0131z\u0131n ba\u011flant\u0131lar\u0131 i\u00e7indeki bellekte bulunan izler taraf\u0131ndan a\u00e7\u0131lan a\u00e7\u0131kl\u0131\u011f\u0131z. Biz belle\u011fiz. Biz \u00f6zlemiz. Gelmeyecek bir gelece\u011fe kar\u015f\u0131 arzu duyuyoruz. Belle\u011fin ve \u00f6ng\u00f6r\u00fcn\u00fcn a\u00e7t\u0131\u011f\u0131 bu alan, bizi belki bazen kayg\u0131land\u0131ran ama \u00f6z\u00fcnde bir l\u00fctuf olan zamand\u0131r.\u201d<\/p>\n","protected":false},"excerpt":{"rendered":"<p>Zaman anlay\u0131\u015f\u0131m\u0131z Boltzmann\u2019dan Einstein\u2019a, kuantum mekani\u011finden g\u00f6relilik temelli k\u00fctle \u00e7ekimine kadar b\u00fcy\u00fck d\u00f6n\u00fc\u015f\u00fcmler ge\u00e7irdi. Carlo Rovelli\u2019ye g\u00f6re de zaman farkl\u0131 yerlerde farkl\u0131 h\u0131zda akar; ge\u00e7mi\u015f ve<span class=\"excerpt-hellip\"> [\u2026]<\/span><\/p>\n","protected":false},"featured_media":0,"template":"","meta":{"_monsterinsights_skip_tracking":false,"_monsterinsights_sitenote_active":false,"_monsterinsights_sitenote_note":"","_monsterinsights_sitenote_category":0},"product_brand":[],"product_cat":[13005,13006],"product_tag":[],"class_list":{"0":"post-724715","1":"product","2":"type-product","3":"status-publish","5":"product_cat-bilim-muhendislik","6":"product_cat-populer-bilim","7":"pa_cilt-ciltsiz","8":"pa_tur-kitap","9":"pa_yayinevi-tellekt","10":"pa_yazar-carlo-rovelli","12":"first","13":"instock","14":"sale","15":"shipping-taxable","16":"purchasable","17":"product-type-simple"},"_links":{"self":[{"href":"https:\/\/roveyayinevi.com.tr\/index.php\/wp-json\/wp\/v2\/product\/724715","targetHints":{"allow":["GET"]}}],"collection":[{"href":"https:\/\/roveyayinevi.com.tr\/index.php\/wp-json\/wp\/v2\/product"}],"about":[{"href":"https:\/\/roveyayinevi.com.tr\/index.php\/wp-json\/wp\/v2\/types\/product"}],"wp:attachment":[{"href":"https:\/\/roveyayinevi.com.tr\/index.php\/wp-json\/wp\/v2\/media?parent=724715"}],"wp:term":[{"taxonomy":"product_brand","embeddable":true,"href":"https:\/\/roveyayinevi.com.tr\/index.php\/wp-json\/wp\/v2\/product_brand?post=724715"},{"taxonomy":"product_cat","embeddable":true,"href":"https:\/\/roveyayinevi.com.tr\/index.php\/wp-json\/wp\/v2\/product_cat?post=724715"},{"taxonomy":"product_tag","embeddable":true,"href":"https:\/\/roveyayinevi.com.tr\/index.php\/wp-json\/wp\/v2\/product_tag?post=724715"}],"curies":[{"name":"wp","href":"https:\/\/api.w.org\/{rel}","templated":true}]}}