{"id":724634,"date":"2025-08-27T19:37:46","date_gmt":"2025-08-27T16:37:46","guid":{"rendered":"https:\/\/roveyayinevi.com.tr\/index.php\/urun\/ucret-ve-istihdam-boyutuyla-calisma-hayatinda-dezavantajli-gruplar\/"},"modified":"2026-04-16T02:32:26","modified_gmt":"2026-04-15T23:32:26","slug":"ucret-ve-istihdam-boyutuyla-calisma-hayatinda-dezavantajli-gruplar","status":"publish","type":"product","link":"https:\/\/roveyayinevi.com.tr\/index.php\/urun\/ucret-ve-istihdam-boyutuyla-calisma-hayatinda-dezavantajli-gruplar\/","title":{"rendered":"\u00dccret Ve \u0130stihdam Boyutuyla \u00c7al\u0131\u015fma Hayat\u0131nda Dezavantajl\u0131 Gruplar"},"content":{"rendered":"<p>Birle\u015fmi\u015f Milletler taraf\u0131ndan &#8220;Belirli \u00f6zelliklerinden dolay\u0131 toplumsal ve ekonomik olarak entegre olma \u015fans\u0131 s\u0131n\u0131rl\u0131 ya da hi\u00e7 olmayan kimseler&#8221; olarak tan\u0131mlanan dezavantajl\u0131 bireylerin ya\u015fad\u0131klar\u0131 toplumla entegre olabilmeleri ad\u0131na bir\u00e7ok politika geli\u015ftirilmektedir. Bu politikalar\u0131n en \u00f6nemli b\u00f6l\u00fcmlerinden birisi de ku\u015fkusuz kendilerine uygun \u015fartlarda istihdam edilmeleridir. \u00c7al\u0131\u015fma Hayat\u0131nda Dezavantajl\u0131 Gruplar adl\u0131 bu eserde, dezavantajl\u0131 gruplar\u0131n istihdam ve \u00fccretleri \u00fczerine yap\u0131lm\u0131\u015f \u00e7al\u0131\u015fmalara yer verilmi\u015ftir. Her bir dezavantajl\u0131 grubun i\u015fg\u00fcc\u00fc \u00fccreti hususunda ya\u015fam\u0131\u015f oldu\u011fu istihdam tecr\u00fcbesi, m\u00fcnferiden ele al\u0131nm\u0131\u015f ve sorunlara y\u00f6nelik \u00e7\u00f6z\u00fcm \u00f6nerileri sunulmaya \u00e7al\u0131\u015f\u0131lm\u0131\u015ft\u0131r. Bu anlamda hali haz\u0131rda kimi yoksunluklar ve yetersizlikler ya\u015famakta olan bu grup mensuplar\u0131n\u0131n istihdamda ya\u015fad\u0131klar\u0131 olumsuzluklar, \u00fccretler hususunda ya\u015fad\u0131klar\u0131 ayr\u0131mc\u0131l\u0131klar dezavantajl\u0131l\u0131\u011f\u0131n s\u00fcrmesine ve kal\u0131c\u0131la\u015fmas\u0131na neden olmaktad\u0131r. Alandaki ihtiyaca binaen bu konuda T\u00fcrkiye&#8217;de yap\u0131lm\u0131\u015f ilk \u00e7al\u0131\u015fma olmas\u0131 da esere ayr\u0131 bir de\u011fer katmaktad\u0131r.<\/p>\n","protected":false},"excerpt":{"rendered":"<p>Birle\u015fmi\u015f Milletler taraf\u0131ndan &#8220;Belirli \u00f6zelliklerinden dolay\u0131 toplumsal ve ekonomik olarak entegre olma \u015fans\u0131 s\u0131n\u0131rl\u0131 ya da hi\u00e7 olmayan kimseler&#8221; olarak tan\u0131mlanan dezavantajl\u0131 bireylerin ya\u015fad\u0131klar\u0131 toplumla entegre<span class=\"excerpt-hellip\"> [\u2026]<\/span><\/p>\n","protected":false},"featured_media":0,"template":"","meta":{"_monsterinsights_skip_tracking":false,"_monsterinsights_sitenote_active":false,"_monsterinsights_sitenote_note":"","_monsterinsights_sitenote_category":0},"product_brand":[],"product_cat":[20333,13043],"product_tag":[],"class_list":{"0":"post-724634","1":"product","2":"type-product","3":"status-publish","5":"product_cat-diger-ekonomi","6":"product_cat-ekonomi","7":"pa_cilt-ciltsiz","8":"pa_tur-kitap","9":"pa_yayinevi-ideal-kultur-yayincilik","10":"pa_yazar-kolektif","12":"first","13":"instock","14":"sale","15":"shipping-taxable","16":"purchasable","17":"product-type-simple"},"_links":{"self":[{"href":"https:\/\/roveyayinevi.com.tr\/index.php\/wp-json\/wp\/v2\/product\/724634","targetHints":{"allow":["GET"]}}],"collection":[{"href":"https:\/\/roveyayinevi.com.tr\/index.php\/wp-json\/wp\/v2\/product"}],"about":[{"href":"https:\/\/roveyayinevi.com.tr\/index.php\/wp-json\/wp\/v2\/types\/product"}],"wp:attachment":[{"href":"https:\/\/roveyayinevi.com.tr\/index.php\/wp-json\/wp\/v2\/media?parent=724634"}],"wp:term":[{"taxonomy":"product_brand","embeddable":true,"href":"https:\/\/roveyayinevi.com.tr\/index.php\/wp-json\/wp\/v2\/product_brand?post=724634"},{"taxonomy":"product_cat","embeddable":true,"href":"https:\/\/roveyayinevi.com.tr\/index.php\/wp-json\/wp\/v2\/product_cat?post=724634"},{"taxonomy":"product_tag","embeddable":true,"href":"https:\/\/roveyayinevi.com.tr\/index.php\/wp-json\/wp\/v2\/product_tag?post=724634"}],"curies":[{"name":"wp","href":"https:\/\/api.w.org\/{rel}","templated":true}]}}