{"id":724546,"date":"2025-08-27T19:36:07","date_gmt":"2025-08-27T16:36:07","guid":{"rendered":"https:\/\/roveyayinevi.com.tr\/index.php\/urun\/bilimsel-arastirma-teknikleri-ve-etik\/"},"modified":"2026-04-16T02:32:24","modified_gmt":"2026-04-15T23:32:24","slug":"bilimsel-arastirma-teknikleri-ve-etik","status":"publish","type":"product","link":"https:\/\/roveyayinevi.com.tr\/index.php\/urun\/bilimsel-arastirma-teknikleri-ve-etik\/","title":{"rendered":"Bilimsel Ara\u015ft\u0131rma Teknikleri ve Etik"},"content":{"rendered":"<p>Bilim, merak ile ba\u015flar. \u0130lk insan\u0131n s\u00fcrekli \u00e7akan \u015fim\u015fe\u011fi, \u015fim\u015fe\u011fin ard\u0131ndan gelen g\u00f6k g\u00fcr\u00fclt\u00fcs\u00fcn\u00fc, hemen akabinde ba\u015flayan sa\u011fanak ya\u011fmuru nas\u0131l anlad\u0131\u011f\u0131 ya da nas\u0131l tan\u0131mlad\u0131\u011f\u0131, hangi anlamlar\u0131 \u00e7\u0131kard\u0131\u011f\u0131, hangi korkulara kap\u0131ld\u0131\u011f\u0131n\u0131 bilmiyoruz. Ancak, daha sonra b\u00fct\u00fcn bunlar\u0131n sebebini ara\u015ft\u0131rmaya ba\u015flamas\u0131 ile bilimsel d\u00fc\u015f\u00fcncenin ortaya \u00e7\u0131kt\u0131\u011f\u0131n\u0131 biliyoruz.G\u00fcne\u015f yery\u00fcz\u00fcn\u00fc \u0131s\u0131tmaya ba\u015flar. Is\u0131nan sular belirli bir s\u0131cakl\u0131ktan sonra buharla\u015f\u0131r ve g\u00f6ky\u00fcz\u00fcne \u00e7\u0131kar. Bulutlar olu\u015fur. Bulutlar so\u011fuk hava tabakas\u0131na u\u011frad\u0131klar\u0131nda ya\u011fmur, daha so\u011fuk hava tabakas\u0131na u\u011frad\u0131klar\u0131nda kar, ani so\u011fuk hava tabakas\u0131na u\u011frad\u0131klar\u0131nda ise olarak ya\u011fmaya ba\u015flar. Karadeniz\u2019in k\u0131y\u0131ya paralel olan da\u011flar\u0131na do\u011fru t\u0131rmanmaya ba\u015flayan bulutlar so\u011fur ve da\u011f\u0131n yama\u00e7lar\u0131na do\u011fru ya\u011fmaya ba\u015flar. Bu y\u00fczden de topra\u011f\u0131 y\u0131kar. Toprakta kire\u00e7 oran\u0131 azal\u0131r. Bu a\u015famada nem oran\u0131 da \u00e7ok y\u00fcksektir. B\u00f6ylece \u00e7ay ve f\u0131nd\u0131k i\u00e7in iyi bir iklim ortaya \u00e7\u0131kar. \u0130nsano\u011flu \u00e7evresinde meydana gelen bu de\u011fi\u015fiklikleri anlamaya ve sebeplerini sorgulamaya ba\u015flad\u0131k\u00e7a, bilimsel d\u00fc\u015f\u00fcncenin de zamanla geli\u015fmesini sa\u011flam\u0131\u015ft\u0131r.2020 y\u0131l\u0131 Ocak ay\u0131nda \u00c7in\u2019de Covid-19 vir\u00fcs\u00fc ortaya \u00e7\u0131kt\u0131, k\u0131sa s\u00fcrede yay\u0131ld\u0131 ve k\u00fcresel bir sorun haline d\u00f6n\u00fc\u015ft\u00fc. Bu sorunun \u00e7\u00f6z\u00fcm\u00fc ile ilgili olarak, bilimsel d\u00fc\u015f\u00fcnce \u00f6nce sorunu belirler, sonra sorunu tan\u0131mlar, nedenlerini ortaya koyar, nedenleri ortadan kald\u0131racak fakt\u00f6rleri bulup sorunu \u00e7\u00f6zmeye \u00e7al\u0131\u015f\u0131r. Bu a\u015famada deney, g\u00f6zlem ve g\u00f6r\u00fc\u015fme yap\u0131l\u0131r, literat\u00fcr taran\u0131r. Nesnel olmas\u0131, genellenebilir olmas\u0131 ve tekrar edilebilir olmas\u0131 \u00f6nemlidir. Sizin Halep\u2019te be\u015f ar\u015f\u0131n atlaman\u0131z \u00f6nemli de\u011fildir. Halep uzakta ise ar\u015f\u0131n buradad\u0131r. Burada da be\u015f ar\u015f\u0131n atlaman\u0131z gerekir. Bilimsel ara\u015ft\u0131rma sonu\u00e7lar\u0131 ayn\u0131 y\u00f6ntem kullan\u0131larak test edilebilmeli ve ayn\u0131 sonuca ula\u015f\u0131labilmelidir. Bilimsel ara\u015ft\u0131rma i\u00e7in olmazsa olmaz ko\u015fullar\u0131n ba\u015f\u0131nda; ele\u015ftirel d\u00fc\u015f\u00fcnme, yarat\u0131c\u0131 d\u00fc\u015f\u00fcnme ve problem \u00e7\u00f6zme vard\u0131r. Ara\u015ft\u0131rmac\u0131, ara\u015ft\u0131rma yapt\u0131\u011f\u0131 konuda entelekt\u00fcel rezerve sahip olmal\u0131 ve ara\u015ft\u0131rma yapaca\u011f\u0131 alan\u0131n literat\u00fcr\u00fcne h\u00e2kim olmal\u0131d\u0131r. Ara\u015ft\u0131rma her \u015feyi sorgulamay\u0131 gerektirir. Kal\u0131p yarg\u0131lar\u0131n\u0131zdan, saplant\u0131lar\u0131n\u0131zdan, do\u011fmalar\u0131n\u0131zdan kurtulmu\u015f olman\u0131z gerekir.<\/p>\n","protected":false},"excerpt":{"rendered":"<p>Bilim, merak ile ba\u015flar. \u0130lk insan\u0131n s\u00fcrekli \u00e7akan \u015fim\u015fe\u011fi, \u015fim\u015fe\u011fin ard\u0131ndan gelen g\u00f6k g\u00fcr\u00fclt\u00fcs\u00fcn\u00fc, hemen akabinde ba\u015flayan sa\u011fanak ya\u011fmuru nas\u0131l anlad\u0131\u011f\u0131 ya da nas\u0131l tan\u0131mlad\u0131\u011f\u0131, hangi<span class=\"excerpt-hellip\"> [\u2026]<\/span><\/p>\n","protected":false},"featured_media":0,"template":"","meta":{"_monsterinsights_skip_tracking":false,"_monsterinsights_sitenote_active":false,"_monsterinsights_sitenote_note":"","_monsterinsights_sitenote_category":0},"product_brand":[],"product_cat":[12573,12566],"product_tag":[],"class_list":{"0":"post-724546","1":"product","2":"type-product","3":"status-publish","5":"product_cat-akademik-kitaplar","6":"product_cat-egitim","7":"pa_cilt-ciltsiz","8":"pa_tur-kitap","9":"pa_yayinevi-pegem-akademik-kitaplar","10":"pa_yazar-kolektif","12":"first","13":"instock","14":"sale","15":"shipping-taxable","16":"purchasable","17":"product-type-simple"},"_links":{"self":[{"href":"https:\/\/roveyayinevi.com.tr\/index.php\/wp-json\/wp\/v2\/product\/724546","targetHints":{"allow":["GET"]}}],"collection":[{"href":"https:\/\/roveyayinevi.com.tr\/index.php\/wp-json\/wp\/v2\/product"}],"about":[{"href":"https:\/\/roveyayinevi.com.tr\/index.php\/wp-json\/wp\/v2\/types\/product"}],"wp:attachment":[{"href":"https:\/\/roveyayinevi.com.tr\/index.php\/wp-json\/wp\/v2\/media?parent=724546"}],"wp:term":[{"taxonomy":"product_brand","embeddable":true,"href":"https:\/\/roveyayinevi.com.tr\/index.php\/wp-json\/wp\/v2\/product_brand?post=724546"},{"taxonomy":"product_cat","embeddable":true,"href":"https:\/\/roveyayinevi.com.tr\/index.php\/wp-json\/wp\/v2\/product_cat?post=724546"},{"taxonomy":"product_tag","embeddable":true,"href":"https:\/\/roveyayinevi.com.tr\/index.php\/wp-json\/wp\/v2\/product_tag?post=724546"}],"curies":[{"name":"wp","href":"https:\/\/api.w.org\/{rel}","templated":true}]}}