{"id":724542,"date":"2025-08-27T19:36:04","date_gmt":"2025-08-27T16:36:04","guid":{"rendered":"https:\/\/roveyayinevi.com.tr\/index.php\/urun\/gencler-icin-fatih-sultan-mehmed\/"},"modified":"2026-04-16T02:32:24","modified_gmt":"2026-04-15T23:32:24","slug":"gencler-icin-fatih-sultan-mehmed","status":"publish","type":"product","link":"https:\/\/roveyayinevi.com.tr\/index.php\/urun\/gencler-icin-fatih-sultan-mehmed\/","title":{"rendered":"Gen\u00e7ler i\u00e7in Fatih Sultan Mehmed"},"content":{"rendered":"<p>\u00dcstad Necip Faz\u0131l \u201cFatih\u2019ten yola \u00e7\u0131k\u0131larak nereye var\u0131lmaz ki\u201d derken ne kadar da hakl\u0131yd\u0131. Fatih Sultan Mehmed Han a\u00e7t\u0131k\u00e7a bize kim oldu\u011fumuzu hat\u0131rlatan s\u0131rl\u0131 bir d\u00fc\u011f\u00fcm \u00e7\u00fcnk\u00fc. Fatih\u2019i \u0130stanbul\u2019un ve Bosna\u2019n\u0131n fethi gibi ba\u015fard\u0131\u011f\u0131 b\u00fcy\u00fck i\u015flerle oldu\u011fu gibi bilim, sanat ve e\u011fitim alanlar\u0131nda ba\u015flad\u0131\u011f\u0131 ama bitiremedi\u011fi i\u015flerle de \u00f6rnek almam\u0131z gerekir. Nitekim Fatih Medreselerini kurarken \u0130stanbul\u2019un fethinin \u201ck\u00fc\u00e7\u00fck cihad\u201d, e\u011fitim hamlesinin \u201cb\u00fcy\u00fck cihad\u201d oldu\u011funu f\u0131s\u0131ldam\u0131\u015ft\u0131 h\u00e2l\u00e2 duymakta zorland\u0131\u011f\u0131m\u0131z kula\u011f\u0131m\u0131za. Daha \u00f6nce Fatih Sultan Mehmed hakk\u0131nda \u00fc\u00e7 kitaba imza atm\u0131\u015f olan Mustafa Arma\u011fan bu defa gen\u00e7lere onun do\u011fudan bat\u0131ya \u015fim\u015fekleri k\u0131skand\u0131ran soluksuz fetih ser\u00fcveninin yan\u0131nda genellikle g\u00f6zden ka\u00e7an \u201cb\u00fcy\u00fck fetih\u201d idealini de anlatmaya soyunuyor. Yazara g\u00f6re \u0130stanbul\u2019un fethi 29 May\u0131s 1453 g\u00fcn\u00fc bitmedi, as\u0131l o g\u00fcn ba\u015flad\u0131 ve g\u00fcn\u00fcm\u00fcze kadar uzatt\u0131 kollar\u0131n\u0131. Nas\u0131l m\u0131? Sayfalar\u0131 \u00e7evirmeye ba\u015flasak iyi olacak galiba. <\/p>\n","protected":false},"excerpt":{"rendered":"<p>\u00dcstad Necip Faz\u0131l \u201cFatih\u2019ten yola \u00e7\u0131k\u0131larak nereye var\u0131lmaz ki\u201d derken ne kadar da hakl\u0131yd\u0131. Fatih Sultan Mehmed Han a\u00e7t\u0131k\u00e7a bize kim oldu\u011fumuzu hat\u0131rlatan s\u0131rl\u0131 bir d\u00fc\u011f\u00fcm<span class=\"excerpt-hellip\"> [\u2026]<\/span><\/p>\n","protected":false},"featured_media":0,"template":"","meta":{"_monsterinsights_skip_tracking":false,"_monsterinsights_sitenote_active":false,"_monsterinsights_sitenote_note":"","_monsterinsights_sitenote_category":0},"product_brand":[],"product_cat":[13946,12304],"product_tag":[],"class_list":{"0":"post-724542","1":"product","2":"type-product","3":"status-publish","5":"product_cat-biyografi-otobiyografi","6":"product_cat-tarih","7":"pa_cilt-ciltsiz","8":"pa_tur-kitap","9":"pa_yayinevi-ketebe-yayinlari","10":"pa_yazar-mustafa-armagan","12":"first","13":"instock","14":"sale","15":"shipping-taxable","16":"purchasable","17":"product-type-simple"},"_links":{"self":[{"href":"https:\/\/roveyayinevi.com.tr\/index.php\/wp-json\/wp\/v2\/product\/724542","targetHints":{"allow":["GET"]}}],"collection":[{"href":"https:\/\/roveyayinevi.com.tr\/index.php\/wp-json\/wp\/v2\/product"}],"about":[{"href":"https:\/\/roveyayinevi.com.tr\/index.php\/wp-json\/wp\/v2\/types\/product"}],"wp:attachment":[{"href":"https:\/\/roveyayinevi.com.tr\/index.php\/wp-json\/wp\/v2\/media?parent=724542"}],"wp:term":[{"taxonomy":"product_brand","embeddable":true,"href":"https:\/\/roveyayinevi.com.tr\/index.php\/wp-json\/wp\/v2\/product_brand?post=724542"},{"taxonomy":"product_cat","embeddable":true,"href":"https:\/\/roveyayinevi.com.tr\/index.php\/wp-json\/wp\/v2\/product_cat?post=724542"},{"taxonomy":"product_tag","embeddable":true,"href":"https:\/\/roveyayinevi.com.tr\/index.php\/wp-json\/wp\/v2\/product_tag?post=724542"}],"curies":[{"name":"wp","href":"https:\/\/api.w.org\/{rel}","templated":true}]}}